{"id":5239,"date":"2026-03-03T10:14:06","date_gmt":"2026-03-03T09:14:06","guid":{"rendered":"https:\/\/www.whw.hr\/novosti\/\/"},"modified":"2026-03-19T12:27:31","modified_gmt":"2026-03-19T11:27:31","slug":"odabrane-su-novakinje-za-2026","status":"publish","type":"novosti","link":"https:\/\/www.whw.hr\/%novosti-slug%\/odabrane-su-novakinje-za-2026\/","title":{"rendered":"Odabrane su NOVAkinje za 2026.!"},"content":{"rendered":"<p><strong>Sudionice \u0161estog izdanja projekta NOVAci su Marta Agi\u010di\u0107 i Tina Petkovi\u0107!<\/strong><\/p>\n<p>Udruga \u0160to, kako i za koga \/ WHW i POGON \u2013 Zagreba\u010dki centar za nezavisnu kulturu i mlade ve\u0107 \u0161estu godinu zaredom provode edukativno-izlo\u017ebeni projekt NOVAci. Program je usmjeren na pru\u017eanje prvih prakti\u010dnih iskustava u podru\u010dju suvremenih kustoskih praksi, uz mentorsku podr\u0161ku kustosica Ane Kova\u010di\u0107 i Lee Vene.<\/p>\n<p>Nakon razmatranja brojnih prijava, \u017eiri u sastavu Lea Vene, Ana Kova\u010di\u0107 \/ WHW i Martina Konto\u0161i\u0107 \/ Pogon odabrao je Martu Agi\u010di\u0107 i Tinu Petrovi\u0107 za ovogodi\u0161nje NOVAkinje.<\/p>\n<figure id=\"attachment_5240\" aria-describedby=\"caption-attachment-5240\" style=\"width: 5309px\" class=\"wp-caption alignnone\"><img loading=\"lazy\" decoding=\"async\" class=\"size-full wp-image-5240\" src=\"https:\/\/www.whw.hr\/wp-content\/uploads\/2026\/03\/Marta-credit-Luka-Pesun.jpg\" alt=\"\" width=\"5309\" height=\"7960\" srcset=\"https:\/\/www.whw.hr\/wp-content\/uploads\/2026\/03\/Marta-credit-Luka-Pesun.jpg 5309w, https:\/\/www.whw.hr\/wp-content\/uploads\/2026\/03\/Marta-credit-Luka-Pesun-1600x2399.jpg 1600w, https:\/\/www.whw.hr\/wp-content\/uploads\/2026\/03\/Marta-credit-Luka-Pesun-735x1102.jpg 735w, https:\/\/www.whw.hr\/wp-content\/uploads\/2026\/03\/Marta-credit-Luka-Pesun-450x675.jpg 450w\" sizes=\"auto, (max-width: 5309px) 100vw, 5309px\" \/><figcaption id=\"caption-attachment-5240\" class=\"wp-caption-text\">Marta Agi\u010di\u0107, Foto: Luka Pe\u0161un<\/figcaption><\/figure>\n<p><strong>Marta Agi\u010di\u0107<\/strong> (Zagreb, 1998) povjesni\u010darka je umjetnosti i prevoditeljica. Zavr\u0161ila je diplomski studij povijesti umjetnosti na modulu Moderna i suvremena umjetnost te prevoditeljski smjer na Katedri za \u0161panjolski jezik i knji\u017eevnost Filozofskog fakulteta Sveu\u010dili\u0161ta u Zagrebu.<\/p>\n<p>Sudjelovala je u realizaciji izlo\u017ebi i projekata kao asistentica, autorica predgovora, producentica i koordinatorica. Bila je asistentica na izlo\u017ebi \u201cNam June Paik \u2013 In the Groove\u201d (2022), a u Muzeju suvremene umjetnosti nekoliko godina radila je i kao muzejska vodi\u010dica, edukatorica i suradnica na programima za publiku. Od sije\u010dnja do lipnja 2023. boravila je na Erasmus+ stru\u010dnoj praksi u Jorge L\u00f3pez Galeriji u Valenciji. Od 2023. sura\u0111uje sa Sanjom Ivekovi\u0107 te je anga\u017eirana u radu udruge Institut Sanja Ivekovi\u0107, gdje sudjeluje u razvoju i provedbi izdava\u010dkih, izlo\u017ebenih i istra\u017eiva\u010dkih projekata te vodi administraciju udruge. Autorica je uvodnih tekstova u engleskoj (2024) i hrvatskoj (2025) verziji umjetni\u010dke knjige Sanje Ivekovi\u0107 \u201cOn Witches\/O vje\u0161ticama\u201d.<\/p>\n<p>Autorica je kustoskih koncepata i predgovora za nekoliko izlo\u017ebi mladih umjetnika te urednica knjiga iz podru\u010dja umjetnosti i kulture. Pi\u0161e i prevodi tekstove za kulturne \u010dasopise i portale kao \u0161to su Kulturpunkt, Vox Feminae i Vijenac. Osim toga na hrvatski prevodi literaturu za djecu i mlade.<\/p>\n<p><img loading=\"lazy\" decoding=\"async\" class=\"alignnone size-full wp-image-5241\" src=\"https:\/\/www.whw.hr\/wp-content\/uploads\/2026\/03\/Tina.jpeg\" alt=\"\" width=\"1935\" height=\"2849\" srcset=\"https:\/\/www.whw.hr\/wp-content\/uploads\/2026\/03\/Tina.jpeg 1935w, https:\/\/www.whw.hr\/wp-content\/uploads\/2026\/03\/Tina-1600x2356.jpeg 1600w, https:\/\/www.whw.hr\/wp-content\/uploads\/2026\/03\/Tina-735x1082.jpeg 735w, https:\/\/www.whw.hr\/wp-content\/uploads\/2026\/03\/Tina-450x663.jpeg 450w\" sizes=\"auto, (max-width: 1935px) 100vw, 1935px\" \/><\/p>\n<p><strong>Tina Petkovi\u0107<\/strong> (1993.) nezavisna je kulturna radnica, autorica i kustosica s\u00a0 iskustvom u nezavisnoj kulturi, istra\u017eivanju i novinarstvu. Prvostupnica je arheologije i povijesti umjetnosti (Filozofski fakultet u Zagrebu) i dobitnica Rektorove nagrade za interdisciplinarni umjetni\u010dko istra\u017eiva\u010dki rad \u201eERROR 404\u201c (Kratki spoj, KONTEJNER &#8211; biro suvremene umjetni\u010dke prakse).<\/p>\n<p>Autorica je vi\u0161e predgovora za izlo\u017ebe pojedinih umjetnika te kriti\u010dkih i istra\u017eiva\u010dkih tekstova za kulturpunkt.hr, K\u00e0ko magazin i druge, a od 2024. djeluje kao novinarka portala Vizkultura. U pisanju prati suvremenu umjetnost, kulturne politike i prostorne prakse te je autorica istra\u017eivanja o Institutu za procesnu tehniku, odnosno biv\u0161oj tvornici Jedinstvo za POGON \u2013 Zagreba\u010dki centar za nezavisnu kulturu i mlade.<\/p>\n<p>Sudjelovala je u edukacijama i programima usmjerenima na radni\u010dka prava u kulturi (BLOK, SPID), zagovaranje prostora za nezavisnu kulturu (Operacija grad) te kriti\u010dke i anga\u017eirane muzejske prakse (BLOK), poha\u0111ala Kulturpunktovu novinarsku \u0161kolicu te radionice planiranja, tehni\u010dke i video produkcije kulturnih doga\u0111anja (Operacija grad, POGON).<\/p>\n<p>Radno iskustvo uklju\u010duje istra\u017eiva\u010dke poslove u Centru za dru\u0161tveno-kulturni razvoj Novi prostori kulture, kustoske i produkcijske projekte (Oris Ku\u0107a arhitekture, KONTEJNER), a trenutno je organizatorica i voditeljica izlo\u017ebeno-diskurzivnog programa u Bunt art &amp; bar-u.\u00a0U radu je zanimaju interdisciplinarne, suvremene umjetni\u010dke prakse, odnos umjetnosti, prostora i rada, te kolektivne prakse i modeli samoorganizacije u kulturi.<\/p>\n<p>Do sada, u okviru programa\u00a0NOVAci, na natje\u010daju su odabrane\u00a0Tena Star\u010devi\u0107\u00a0koja je 2021. godine u Galeriji Nova realizirala izlo\u017ebu\u00a0<a href=\"https:\/\/www.whw.hr\/program\/rad-nered-i-samodisciplina-nevidljivo-djelovanje-radnica-i-radnika-u-kulturi\/\" target=\"_blank\" rel=\"noopener\" data-saferedirecturl=\"https:\/\/www.google.com\/url?q=https:\/\/www.whw.hr\/program\/rad-nered-i-samodisciplina-nevidljivo-djelovanje-radnica-i-radnika-u-kulturi\/&amp;source=gmail&amp;ust=1772614088584000&amp;usg=AOvVaw0TwsYuvgCqC2J5M3dXEPPL\"><em>Rad, (ne)red i (samo)disciplina<\/em><\/a>,\u00a0Antonela Soleni\u010dki\u00a0koja je 2022. otvorila izlo\u017ebu\u00a0<a href=\"https:\/\/www.whw.hr\/program\/novaci-na-vrhu-jezika\/\" target=\"_blank\" rel=\"noopener\" data-saferedirecturl=\"https:\/\/www.google.com\/url?q=https:\/\/www.whw.hr\/program\/novaci-na-vrhu-jezika\/&amp;source=gmail&amp;ust=1772614088584000&amp;usg=AOvVaw0sCJ66PjPdH6l3N4c-ld4P\"><em>Na vrhu jezika<\/em><\/a>,\u00a0Teuta Gatolin\u00a0s izlo\u017ebom\u00a0<a href=\"https:\/\/www.whw.hr\/program\/luana-lojic-i-nina-kurtela-obrnute-vjestine\/\" target=\"_blank\" rel=\"noopener\" data-saferedirecturl=\"https:\/\/www.google.com\/url?q=https:\/\/www.whw.hr\/program\/luana-lojic-i-nina-kurtela-obrnute-vjestine\/&amp;source=gmail&amp;ust=1772614088584000&amp;usg=AOvVaw2cExc-hQRlBvAvcYi2Epyn\"><em>Obrnute vje\u0161tine<\/em><\/a>\u00a02023.,\u00a0Rose kolektiv\u00a0s izlo\u017ebom\u00a0<em><a href=\"https:\/\/www.whw.hr\/program\/novaci-pre-formacije\/\" target=\"_blank\" rel=\"noopener\" data-saferedirecturl=\"https:\/\/www.google.com\/url?q=https:\/\/www.whw.hr\/program\/novaci-pre-formacije\/&amp;source=gmail&amp;ust=1772614088584000&amp;usg=AOvVaw1S4rrq11Z7iecgYr-gqJ3E\">(Pre\/formacije)<\/a><\/em>\u00a02024. te\u00a0Lucija Fura\u010d, Iva Juri\u0107\u00a0i\u00a0Toni Zadravec\u00a0s izlo\u017ebom\u00a0<a href=\"https:\/\/www.whw.hr\/program\/novaci-stimanje-pogleda\/\" target=\"_blank\" rel=\"noopener\" data-saferedirecturl=\"https:\/\/www.google.com\/url?q=https:\/\/www.whw.hr\/program\/novaci-stimanje-pogleda\/&amp;source=gmail&amp;ust=1772614088584000&amp;usg=AOvVaw2uGI47QNkXcAHwZs4EHGkG\"><em>\u0160timanje pogleda<\/em><\/a>\u00a0u 2025. godini.<\/p>\n","protected":false},"excerpt":{"rendered":"<p>Sudionice \u0161estog izdanja projekta NOVAci su Marta Agi\u010di\u0107 i Tina Petkovi\u0107! Udruga \u0160to, kako i za koga \/ WHW i POGON \u2013 Zagreba\u010dki centar za nezavisnu kulturu i mlade ve\u0107 \u0161estu godinu zaredom provode edukativno-izlo\u017ebeni projekt NOVAci. Program je usmjeren na pru\u017eanje prvih prakti\u010dnih iskustava u podru\u010dju suvremenih kustoskih praksi, uz mentorsku podr\u0161ku kustosica Ane [&hellip;]<\/p>\n","protected":false},"author":2,"featured_media":5250,"menu_order":0,"template":"","meta":{"footnotes":""},"tags":[568,865],"class_list":["post-5239","novosti","type-novosti","status-publish","has-post-thumbnail","hentry","tag-novaci","tag-pogon-zagrebacki-centar-za-nezavisnu-kulturu-i-mlade"],"acf":[],"yoast_head":"<!-- This site is optimized with the Yoast SEO plugin v19.14 - https:\/\/yoast.com\/wordpress\/plugins\/seo\/ -->\n<title>Odabrane su NOVAkinje za 2026.!<\/title>\n<meta name=\"description\" content=\"Sudionice \u0161estog izdanja projekta NOVAci su Marta Agi\u010di\u0107 i Tina Petkovi\u0107! Udruga \u0160to, kako i za koga \/ WHW i POGON \u2013 Zagreba\u010dki centar za nezavisnu kulturu i mlade ve\u0107 \u0161estu godinu zaredom provode edukativno-izlo\u017ebeni projekt NOVAci. Program je usmjeren na pru\u017eanje prvih prakti\u010dnih iskustava u podru\u010dju suvremenih kustoskih praksi, uz mentorsku podr\u0161ku kustosica Ane&hellip;\" \/>\n<meta name=\"robots\" content=\"index, follow, max-snippet:-1, max-image-preview:large, max-video-preview:-1\" \/>\n<link rel=\"canonical\" href=\"https:\/\/www.whw.hr\/%novosti-slug%\/odabrane-su-novakinje-za-2026\/\" \/>\n<meta property=\"og:locale\" content=\"en_US\" \/>\n<meta property=\"og:type\" content=\"article\" \/>\n<meta property=\"og:title\" content=\"Odabrane su NOVAkinje za 2026.!\" \/>\n<meta property=\"og:description\" content=\"Sudionice \u0161estog izdanja projekta NOVAci su Marta Agi\u010di\u0107 i Tina Petkovi\u0107! Udruga \u0160to, kako i za koga \/ WHW i POGON \u2013 Zagreba\u010dki centar za nezavisnu kulturu i mlade ve\u0107 \u0161estu godinu zaredom provode edukativno-izlo\u017ebeni projekt NOVAci. Program je usmjeren na pru\u017eanje prvih prakti\u010dnih iskustava u podru\u010dju suvremenih kustoskih praksi, uz mentorsku podr\u0161ku kustosica Ane&hellip;\" \/>\n<meta property=\"og:url\" content=\"https:\/\/www.whw.hr\/%novosti-slug%\/odabrane-su-novakinje-za-2026\/\" \/>\n<meta property=\"og:site_name\" content=\"whw\" \/>\n<meta property=\"article:publisher\" content=\"https:\/\/www.facebook.com\/galerijanova\" \/>\n<meta property=\"article:modified_time\" content=\"2026-03-19T11:27:31+00:00\" \/>\n<meta property=\"og:image\" content=\"https:\/\/www.whw.hr\/wp-content\/uploads\/2026\/03\/NOVACI26-MARTA-TINA.jpg\" \/>\n\t<meta property=\"og:image:width\" content=\"1920\" \/>\n\t<meta property=\"og:image:height\" content=\"1005\" \/>\n\t<meta property=\"og:image:type\" content=\"image\/jpeg\" \/>\n<meta name=\"twitter:card\" content=\"summary_large_image\" \/>\n<meta name=\"twitter:label1\" content=\"Est. reading time\" \/>\n\t<meta name=\"twitter:data1\" content=\"4 minutes\" \/>\n<script type=\"application\/ld+json\" class=\"yoast-schema-graph\">{\"@context\":\"https:\/\/schema.org\",\"@graph\":[{\"@type\":\"WebPage\",\"@id\":\"https:\/\/www.whw.hr\/%novosti-slug%\/odabrane-su-novakinje-za-2026\/\",\"url\":\"https:\/\/www.whw.hr\/%novosti-slug%\/odabrane-su-novakinje-za-2026\/\",\"name\":\"Odabrane su NOVAkinje za 2026.! &ndash; whw\",\"isPartOf\":{\"@id\":\"https:\/\/www.whw.hr\/#website\"},\"datePublished\":\"2026-03-03T09:14:06+00:00\",\"dateModified\":\"2026-03-19T11:27:31+00:00\",\"description\":\"Sudionice \u0161estog izdanja projekta NOVAci su Marta Agi\u010di\u0107 i Tina Petkovi\u0107! Udruga \u0160to, kako i za koga \/ WHW i POGON \u2013 Zagreba\u010dki centar za nezavisnu\",\"breadcrumb\":{\"@id\":\"https:\/\/www.whw.hr\/%novosti-slug%\/odabrane-su-novakinje-za-2026\/#breadcrumb\"},\"inLanguage\":\"en-US\",\"potentialAction\":[{\"@type\":\"ReadAction\",\"target\":[\"https:\/\/www.whw.hr\/%novosti-slug%\/odabrane-su-novakinje-za-2026\/\"]}]},{\"@type\":\"BreadcrumbList\",\"@id\":\"https:\/\/www.whw.hr\/%novosti-slug%\/odabrane-su-novakinje-za-2026\/#breadcrumb\",\"itemListElement\":[{\"@type\":\"ListItem\",\"position\":1,\"name\":\"Po\u010detna stranica\",\"item\":\"https:\/\/www.whw.hr\/\"},{\"@type\":\"ListItem\",\"position\":2,\"name\":\"Odabrane su NOVAkinje za 2026.!\"}]},{\"@type\":\"WebSite\",\"@id\":\"https:\/\/www.whw.hr\/#website\",\"url\":\"https:\/\/www.whw.hr\/\",\"name\":\"whw \/ what, how & for whom\",\"description\":\"what, how & for whom\",\"publisher\":{\"@id\":\"https:\/\/www.whw.hr\/#organization\"},\"alternateName\":\"whw\",\"potentialAction\":[{\"@type\":\"SearchAction\",\"target\":{\"@type\":\"EntryPoint\",\"urlTemplate\":\"https:\/\/www.whw.hr\/?s={search_term_string}\"},\"query-input\":\"required name=search_term_string\"}],\"inLanguage\":\"en-US\"},{\"@type\":\"Organization\",\"@id\":\"https:\/\/www.whw.hr\/#organization\",\"name\":\"whw \/ what, how & for whom\",\"alternateName\":\"whw\",\"url\":\"https:\/\/www.whw.hr\/\",\"logo\":{\"@type\":\"ImageObject\",\"inLanguage\":\"en-US\",\"@id\":\"https:\/\/www.whw.hr\/#\/schema\/logo\/image\/\",\"url\":\"https:\/\/www.whw.hr\/wp-content\/uploads\/2022\/12\/jmm-68-1-2.jpg\",\"contentUrl\":\"https:\/\/www.whw.hr\/wp-content\/uploads\/2022\/12\/jmm-68-1-2.jpg\",\"width\":2000,\"height\":1333,\"caption\":\"whw \/ what, how & for whom\"},\"image\":{\"@id\":\"https:\/\/www.whw.hr\/#\/schema\/logo\/image\/\"},\"sameAs\":[\"https:\/\/www.instagram.com\/whw_what.how.for.whom\/\",\"https:\/\/www.youtube.com\/channel\/UCYplGnLkNqPXZSBaJgv4mZw\",\"https:\/\/www.facebook.com\/galerijanova\"]}]}<\/script>\n<!-- \/ Yoast SEO plugin. -->","yoast_head_json":{"title":"Odabrane su NOVAkinje za 2026.!","description":"Sudionice \u0161estog izdanja projekta NOVAci su Marta Agi\u010di\u0107 i Tina Petkovi\u0107! Udruga \u0160to, kako i za koga \/ WHW i POGON \u2013 Zagreba\u010dki centar za nezavisnu kulturu i mlade ve\u0107 \u0161estu godinu zaredom provode edukativno-izlo\u017ebeni projekt NOVAci. Program je usmjeren na pru\u017eanje prvih prakti\u010dnih iskustava u podru\u010dju suvremenih kustoskih praksi, uz mentorsku podr\u0161ku kustosica Ane&hellip;","robots":{"index":"index","follow":"follow","max-snippet":"max-snippet:-1","max-image-preview":"max-image-preview:large","max-video-preview":"max-video-preview:-1"},"canonical":"https:\/\/www.whw.hr\/%novosti-slug%\/odabrane-su-novakinje-za-2026\/","og_locale":"en_US","og_type":"article","og_title":"Odabrane su NOVAkinje za 2026.!","og_description":"Sudionice \u0161estog izdanja projekta NOVAci su Marta Agi\u010di\u0107 i Tina Petkovi\u0107! Udruga \u0160to, kako i za koga \/ WHW i POGON \u2013 Zagreba\u010dki centar za nezavisnu kulturu i mlade ve\u0107 \u0161estu godinu zaredom provode edukativno-izlo\u017ebeni projekt NOVAci. Program je usmjeren na pru\u017eanje prvih prakti\u010dnih iskustava u podru\u010dju suvremenih kustoskih praksi, uz mentorsku podr\u0161ku kustosica Ane&hellip;","og_url":"https:\/\/www.whw.hr\/%novosti-slug%\/odabrane-su-novakinje-za-2026\/","og_site_name":"whw","article_publisher":"https:\/\/www.facebook.com\/galerijanova","article_modified_time":"2026-03-19T11:27:31+00:00","og_image":[{"width":1920,"height":1005,"url":"https:\/\/www.whw.hr\/wp-content\/uploads\/2026\/03\/NOVACI26-MARTA-TINA.jpg","type":"image\/jpeg"}],"twitter_card":"summary_large_image","twitter_misc":{"Est. reading time":"4 minutes"},"schema":{"@context":"https:\/\/schema.org","@graph":[{"@type":"WebPage","@id":"https:\/\/www.whw.hr\/%novosti-slug%\/odabrane-su-novakinje-za-2026\/","url":"https:\/\/www.whw.hr\/%novosti-slug%\/odabrane-su-novakinje-za-2026\/","name":"Odabrane su NOVAkinje za 2026.! &ndash; whw","isPartOf":{"@id":"https:\/\/www.whw.hr\/#website"},"datePublished":"2026-03-03T09:14:06+00:00","dateModified":"2026-03-19T11:27:31+00:00","description":"Sudionice \u0161estog izdanja projekta NOVAci su Marta Agi\u010di\u0107 i Tina Petkovi\u0107! Udruga \u0160to, kako i za koga \/ WHW i POGON \u2013 Zagreba\u010dki centar za nezavisnu","breadcrumb":{"@id":"https:\/\/www.whw.hr\/%novosti-slug%\/odabrane-su-novakinje-za-2026\/#breadcrumb"},"inLanguage":"en-US","potentialAction":[{"@type":"ReadAction","target":["https:\/\/www.whw.hr\/%novosti-slug%\/odabrane-su-novakinje-za-2026\/"]}]},{"@type":"BreadcrumbList","@id":"https:\/\/www.whw.hr\/%novosti-slug%\/odabrane-su-novakinje-za-2026\/#breadcrumb","itemListElement":[{"@type":"ListItem","position":1,"name":"Po\u010detna stranica","item":"https:\/\/www.whw.hr\/"},{"@type":"ListItem","position":2,"name":"Odabrane su NOVAkinje za 2026.!"}]},{"@type":"WebSite","@id":"https:\/\/www.whw.hr\/#website","url":"https:\/\/www.whw.hr\/","name":"whw \/ what, how & for whom","description":"what, how & for whom","publisher":{"@id":"https:\/\/www.whw.hr\/#organization"},"alternateName":"whw","potentialAction":[{"@type":"SearchAction","target":{"@type":"EntryPoint","urlTemplate":"https:\/\/www.whw.hr\/?s={search_term_string}"},"query-input":"required name=search_term_string"}],"inLanguage":"en-US"},{"@type":"Organization","@id":"https:\/\/www.whw.hr\/#organization","name":"whw \/ what, how & for whom","alternateName":"whw","url":"https:\/\/www.whw.hr\/","logo":{"@type":"ImageObject","inLanguage":"en-US","@id":"https:\/\/www.whw.hr\/#\/schema\/logo\/image\/","url":"https:\/\/www.whw.hr\/wp-content\/uploads\/2022\/12\/jmm-68-1-2.jpg","contentUrl":"https:\/\/www.whw.hr\/wp-content\/uploads\/2022\/12\/jmm-68-1-2.jpg","width":2000,"height":1333,"caption":"whw \/ what, how & for whom"},"image":{"@id":"https:\/\/www.whw.hr\/#\/schema\/logo\/image\/"},"sameAs":["https:\/\/www.instagram.com\/whw_what.how.for.whom\/","https:\/\/www.youtube.com\/channel\/UCYplGnLkNqPXZSBaJgv4mZw","https:\/\/www.facebook.com\/galerijanova"]}]}},"_links":{"self":[{"href":"https:\/\/www.whw.hr\/wp-json\/wp\/v2\/novosti\/5239","targetHints":{"allow":["GET"]}}],"collection":[{"href":"https:\/\/www.whw.hr\/wp-json\/wp\/v2\/novosti"}],"about":[{"href":"https:\/\/www.whw.hr\/wp-json\/wp\/v2\/types\/novosti"}],"author":[{"embeddable":true,"href":"https:\/\/www.whw.hr\/wp-json\/wp\/v2\/users\/2"}],"version-history":[{"count":4,"href":"https:\/\/www.whw.hr\/wp-json\/wp\/v2\/novosti\/5239\/revisions"}],"predecessor-version":[{"id":5290,"href":"https:\/\/www.whw.hr\/wp-json\/wp\/v2\/novosti\/5239\/revisions\/5290"}],"wp:featuredmedia":[{"embeddable":true,"href":"https:\/\/www.whw.hr\/wp-json\/wp\/v2\/media\/5250"}],"wp:attachment":[{"href":"https:\/\/www.whw.hr\/wp-json\/wp\/v2\/media?parent=5239"}],"wp:term":[{"taxonomy":"post_tag","embeddable":true,"href":"https:\/\/www.whw.hr\/wp-json\/wp\/v2\/tags?post=5239"}],"curies":[{"name":"wp","href":"https:\/\/api.w.org\/{rel}","templated":true}]}}