{"id":3677,"date":"2023-03-29T08:13:31","date_gmt":"2023-03-29T06:13:31","guid":{"rendered":"https:\/\/www.whw.hr\/novosti\/\/"},"modified":"2023-03-29T10:00:21","modified_gmt":"2023-03-29T08:00:21","slug":"otvoren-je-natjecaj-za-projekt-novaci-2023","status":"publish","type":"novosti","link":"https:\/\/www.whw.hr\/%novosti-slug%\/otvoren-je-natjecaj-za-projekt-novaci-2023\/","title":{"rendered":"Otvoren je natje\u010daj za projekt NOVAci 2023."},"content":{"rendered":"<p>WHW i POGON &#8211; Zagreba\u010dki centar za nezavisnu kulturu i mlade uz mentorstvo kustosica <strong>Ane Kova\u010di\u0107<\/strong> i <strong>Lee Vene<\/strong> tre\u0107u godinu provode projekt NOVAci. Cilj NOVAka je omogu\u0107iti povjesni\u010darkama_ima umjetnosti i ostalima zainteresiranima za kustoske prakse u podru\u010dju suvremene umjetnosti da steknu prakti\u010dna znanja na tom polju.<\/p>\n<p>Putem javnog natje\u010daja bit \u0107e odabrana jedna_dan kandidat_kinja koji \u0107e kroz realizaciju izlo\u017ebe imati priliku ste\u0107i prva iskustva u kuriranju pod mentorstvom kustosica aktivnih dugi niz godina na doma\u0107oj umjetni\u010dkoj sceni. Natje\u010daj je namijenjen studentima humanisti\u010dkih smjerova, onima koji su tek diplomirali ali i svima zainteresiranima bez zna\u010dajnijeg kustoskog iskustva.<\/p>\n<p>S obzirom na to da tijekom studija zainteresirani budu\u0107i kustosi_ice naj\u010de\u0161\u0107e nemaju priliku razvijati ova znanja niti producirati vlastite kustoske projekte, ova je platforma katalizator podr\u0161ke i razvoja doma\u0107ih kustoskih praksi s fokusom na konkretno prakti\u010dno iskustvo realizacije izlo\u017ebenog projekta. Projektom se osvje\u0161tava potreba za novim oblicima potpore za kustose\/ice kojima je na po\u010detku samostalne karijere potrebna infrastrukturna, organizacijska i mentorska podr\u0161ka pri ostvarivanju prvih kustoskih programa. Va\u017ean aspekt projekta je mentorski rad s odabranim kustosom\/icom ili kustoskim kolektivom s naglaskom na pripremu izlo\u017ebe, odabir umjetnika, planiranje i realizaciju postava, izra\u0111ivanje bud\u017eeta, produkciju umjetni\u010dkih radova, dodatnog fundraisinga, pisanja najave izlo\u017ebe, osmi\u0161ljavanje i realizacija otvorenja i popratnog programa te pisanje zavr\u0161nih izvje\u0161taja.<\/p>\n<p>Do sada, u okviru programa NOVAci, na natje\u010daju su odabrane Tena Star\u010devi\u0107 koja je krajem 2021. godine u Galeriji Nova realizirala izlo\u017ebu <a href=\"https:\/\/www.whw.hr\/program\/rad-nered-i-samodisciplina-nevidljivo-djelovanje-radnica-i-radnika-u-kulturi\/\"><i><span style=\"font-weight: 400;\">Rad, (ne)red i (samo)disciplina<\/span><\/i><\/a> i Antonela Soleni\u010dki koja je krajem 2022. otvorila izlo\u017ebu <a href=\"https:\/\/www.whw.hr\/program\/novaci-na-vrhu-jezika\/\"><i><span style=\"font-weight: 400;\">Na vrhu jezika<\/span><\/i><\/a><i><span style=\"font-weight: 400;\">.<\/span><\/i><span style=\"font-weight: 400;\">\u00a0<\/span><\/p>\n<p>Natje\u010daj je otvoren za budu\u0107e kustose\/ice ili kustoske kolektive iz Hrvatske koji su zavr\u0161ili fakultete umjetni\u010dkog ili humanisti\u010dkog usmjerenja ili su studenti na magisteriju bez zna\u010dajnijeg iskustva kuriranja grupnih ili samostalnih izlo\u017ebi. Jednako tako natje\u010daj je otvoren i za sve pojedince i kolektive koji do sada nisu imali iskustva u kuriranju izlo\u017ebi, a \u017eeljeli bi krenuti u tom smjeru. Poseban naglasak stavlja se na prijave intermedijskog, interdisciplinarnog pristupa koje aktivno promi\u0161ljaju medij izlo\u017ebe. Natje\u010daj nije tematski ograni\u010den ali posebno \u0107emo obratiti pa\u017enju na prijave koje podupiru rad doma\u0107ih mladih umjetnika\/ica, zatim projekte koje istra\u017euju odnos umjetnosti i ekologije, prijave koje uklju\u010duju queer umjetni\u010dke prakse te one prijedloge koji tematiziraju vizualnu kulturu u digitalnoj sferi. Bud\u017eet za realizaciju uklju\u010duje honorar za kustosa i autore (umjetnike), materijalne tro\u0161kove realizacije izlo\u017ebe, ostale honorare za suradnike, \u010duvanje izlo\u017ebe i ostale tro\u0161kove vezane za realizaciju izlo\u017ebe.<\/p>\n<p>Prijava treba sadr\u017eavati:<\/p>\n<p>Podatke o kustosu\/kustoskim kolektivu:<\/p>\n<ul>\n<li>Ime\/imena autora\/ica, adresa, telefon i email (jednog) od autora\/ice, \u017eivotopis svih autora\/ica<\/li>\n<li>Tekstualni\/vizualni prilog: Raspis koncepcije teme i radni naslov izlo\u017ebe s kojom bi se kustos\/ica htio\/htjela baviti u okviru izlo\u017ebe koji mo\u017ee, ali i ne mora, uklju\u010divati popis umjetnika (maksimalno do 4 umjetnika) te odabrane radove (2 kartice teksta), popratni vizuali (do 5 priloga)<\/li>\n<\/ul>\n<p><strong>Rok za predaju prijava je\u00a0petak, 05.05.2023.<\/strong><\/p>\n<p>Prijave na natje\u010daj primaju se putem <a href=\"https:\/\/docs.google.com\/forms\/d\/e\/1FAIpQLSf9rNJUPkokeZNgQMpm9dzHMWzJZxGDg_uoKsy4yL2RhwjnZQ\/viewform\"><span style=\"font-weight: 400;\">ovog formulara<\/span><\/a><span style=\"font-weight: 400;\">,<\/span>\u00a0a upite vezane uz natje\u010daj mo\u017eete poslati na <a href=\"mailto:ana.kovacic.whw@gmail.com\">mail<\/a>. \u017diri \u0107e na natje\u010daju izabrati samo jedan kustoski koncept koji \u0107e u prosincu 2023. godine biti predstavljen na izlo\u017ebi u Galeriji Nova u Zagrebu.<\/p>\n<p>Sve prijave koji su poslane izvan spomenutog roka te prijedlozi s nepotpunom dokumentacijom ne\u0107e se razmatrati. Odabrani projekt te imena \u010dlanova \u017eirija bit \u0107e objavljeni najkasnije mjesec dana nakon zatvaranja natje\u010daja na internetskim stranicama WHW-a i Pogona te na dru\u0161tvenim mre\u017eama.<\/p>\n<p>Realizacija izlo\u017ebe predvi\u0111ena je za prosinac 2023. godine u Galeriji Nova.<\/p>\n<p>Biografije mentorica<\/p>\n<p><strong>Ana Kova\u010di\u0107<\/strong> je povjesni\u010darka umjetnosti i knji\u017eevna komparatistica. Dio je organizacije \u0160to, kako i za koga\/WHW u kojoj radi kao producentica, kustosica te edukatorica u programu WHW Akademije. Prije toga, deset je godina radila kao voditeljica i kustosica u GMK (www.g-mk.hr) gdje je kurirala brojne izlo\u017ebe te organizirala i provela velik broj edukacijskih programa. U tom je periodu pisala kustoske i kriti\u010dke tekstove i izvan mati\u010dne galerije, kurirala i sudjelovala u edukativnim programima u Hrvatskoj i inozemstvu. \u017divi i radi u Zagrebu.<\/p>\n<p><strong>Lea Vene<\/strong> je povjesni\u010darka umjetnosti, kulturna antropologinja i teoreti\u010darka mode. Zavr\u0161ila je post master studij Critical Images Royal Institute of Art, Stockholm, \u0160vedska. Radila je kao kustosica u Fotogaleriji Kic, Galeriji Miroslav Kraljevi\u0107 te kao dio organizacijskog tima ETNOFILm festivala. \u010clanica je kustoskog tima Galerije Mo\u010dvara, festivala fotografije Organ Vida te radi kao istra\u017eiva\u010dica u Centru za istra\u017eivanje mode i odijevanja \u2013 CIMO. Predaje kao vanjska suradnica na Tekstilno-tehnolo\u0161kom fakultetu.<\/p>\n<p>Projekt podupiru:<br \/>\nMinistarstvo kulture i medija Republike Hrvatske<br \/>\nGradski ured za kulturu, me\u0111ugradsku i me\u0111unarodnu suradnju i civilno dru\u0161tvo<br \/>\nZaklada Kultura Nova<\/p>\n","protected":false},"excerpt":{"rendered":"<p>WHW i POGON &#8211; Zagreba\u010dki centar za nezavisnu kulturu i mlade uz mentorstvo kustosica Ane Kova\u010di\u0107 i Lee Vene tre\u0107u godinu provode projekt NOVAci. Cilj NOVAka je omogu\u0107iti povjesni\u010darkama_ima umjetnosti i ostalima zainteresiranima za kustoske prakse u podru\u010dju suvremene umjetnosti da steknu prakti\u010dna znanja na tom polju. Putem javnog natje\u010daja bit \u0107e odabrana jedna_dan kandidat_kinja [&hellip;]<\/p>\n","protected":false},"author":2,"featured_media":3224,"menu_order":0,"template":"","meta":{"footnotes":""},"tags":[568,865],"class_list":["post-3677","novosti","type-novosti","status-publish","has-post-thumbnail","hentry","tag-novaci","tag-pogon-zagrebacki-centar-za-nezavisnu-kulturu-i-mlade"],"acf":[],"yoast_head":"<!-- This site is optimized with the Yoast SEO plugin v19.14 - https:\/\/yoast.com\/wordpress\/plugins\/seo\/ -->\n<title>Otvoren je natje\u010daj za projekt NOVAci 2023.<\/title>\n<meta name=\"description\" content=\"Cilj NOVAka je omogu\u0107iti povjesni\u010darkama_ima umjetnosti i ostalima zainteresiranima za kustoske prakse u podru\u010dju suvremene umjetnosti da steknu prakti\u010dna znanja na tom polju.\" \/>\n<meta name=\"robots\" content=\"index, follow, max-snippet:-1, max-image-preview:large, max-video-preview:-1\" \/>\n<link rel=\"canonical\" href=\"https:\/\/www.whw.hr\/%novosti-slug%\/otvoren-je-natjecaj-za-projekt-novaci-2023\/\" \/>\n<meta property=\"og:locale\" content=\"en_US\" \/>\n<meta property=\"og:type\" content=\"article\" \/>\n<meta property=\"og:title\" content=\"Otvoren je natje\u010daj za projekt NOVAci 2023.\" \/>\n<meta property=\"og:description\" content=\"Cilj NOVAka je omogu\u0107iti povjesni\u010darkama_ima umjetnosti i ostalima zainteresiranima za kustoske prakse u podru\u010dju suvremene umjetnosti da steknu prakti\u010dna znanja na tom polju.\" \/>\n<meta property=\"og:url\" content=\"https:\/\/www.whw.hr\/%novosti-slug%\/otvoren-je-natjecaj-za-projekt-novaci-2023\/\" \/>\n<meta property=\"og:site_name\" content=\"whw\" \/>\n<meta property=\"article:publisher\" content=\"https:\/\/www.facebook.com\/galerijanova\" \/>\n<meta property=\"article:modified_time\" content=\"2023-03-29T08:00:21+00:00\" \/>\n<meta property=\"og:image\" content=\"https:\/\/www.whw.hr\/wp-content\/uploads\/2023\/01\/DSCF0635-1.jpg\" \/>\n\t<meta property=\"og:image:width\" content=\"2000\" \/>\n\t<meta property=\"og:image:height\" content=\"1333\" \/>\n\t<meta property=\"og:image:type\" content=\"image\/jpeg\" \/>\n<meta name=\"twitter:card\" content=\"summary_large_image\" \/>\n<meta name=\"twitter:label1\" content=\"Est. reading time\" \/>\n\t<meta name=\"twitter:data1\" content=\"4 minutes\" \/>\n<script type=\"application\/ld+json\" class=\"yoast-schema-graph\">{\"@context\":\"https:\/\/schema.org\",\"@graph\":[{\"@type\":\"WebPage\",\"@id\":\"https:\/\/www.whw.hr\/%novosti-slug%\/otvoren-je-natjecaj-za-projekt-novaci-2023\/\",\"url\":\"https:\/\/www.whw.hr\/%novosti-slug%\/otvoren-je-natjecaj-za-projekt-novaci-2023\/\",\"name\":\"Otvoren je natje\u010daj za projekt NOVAci 2023. &ndash; whw\",\"isPartOf\":{\"@id\":\"https:\/\/www.whw.hr\/#website\"},\"datePublished\":\"2023-03-29T06:13:31+00:00\",\"dateModified\":\"2023-03-29T08:00:21+00:00\",\"description\":\"WHW i POGON - Zagreba\u010dki centar za nezavisnu kulturu i mlade uz mentorstvo kustosica Ane Kova\u010di\u0107 i Lee Vene tre\u0107u godinu provode projekt NOVAci. Cilj Cilj NOVAka je omogu\u0107iti povjesni\u010darkama_ima umjetnosti i ostalima zainteresiranima za kustoske prakse u podru\u010dju suvremene umjetnosti da steknu prakti\u010dna znanja na tom polju.\",\"breadcrumb\":{\"@id\":\"https:\/\/www.whw.hr\/%novosti-slug%\/otvoren-je-natjecaj-za-projekt-novaci-2023\/#breadcrumb\"},\"inLanguage\":\"en-US\",\"potentialAction\":[{\"@type\":\"ReadAction\",\"target\":[\"https:\/\/www.whw.hr\/%novosti-slug%\/otvoren-je-natjecaj-za-projekt-novaci-2023\/\"]}]},{\"@type\":\"BreadcrumbList\",\"@id\":\"https:\/\/www.whw.hr\/%novosti-slug%\/otvoren-je-natjecaj-za-projekt-novaci-2023\/#breadcrumb\",\"itemListElement\":[{\"@type\":\"ListItem\",\"position\":1,\"name\":\"Po\u010detna stranica\",\"item\":\"https:\/\/www.whw.hr\/\"},{\"@type\":\"ListItem\",\"position\":2,\"name\":\"Otvoren je natje\u010daj za projekt NOVAci 2023.\"}]},{\"@type\":\"WebSite\",\"@id\":\"https:\/\/www.whw.hr\/#website\",\"url\":\"https:\/\/www.whw.hr\/\",\"name\":\"whw \/ what, how & for whom\",\"description\":\"what, how & for whom\",\"publisher\":{\"@id\":\"https:\/\/www.whw.hr\/#organization\"},\"alternateName\":\"whw\",\"potentialAction\":[{\"@type\":\"SearchAction\",\"target\":{\"@type\":\"EntryPoint\",\"urlTemplate\":\"https:\/\/www.whw.hr\/?s={search_term_string}\"},\"query-input\":\"required name=search_term_string\"}],\"inLanguage\":\"en-US\"},{\"@type\":\"Organization\",\"@id\":\"https:\/\/www.whw.hr\/#organization\",\"name\":\"whw \/ what, how & for whom\",\"alternateName\":\"whw\",\"url\":\"https:\/\/www.whw.hr\/\",\"logo\":{\"@type\":\"ImageObject\",\"inLanguage\":\"en-US\",\"@id\":\"https:\/\/www.whw.hr\/#\/schema\/logo\/image\/\",\"url\":\"https:\/\/www.whw.hr\/wp-content\/uploads\/2022\/12\/jmm-68-1-2.jpg\",\"contentUrl\":\"https:\/\/www.whw.hr\/wp-content\/uploads\/2022\/12\/jmm-68-1-2.jpg\",\"width\":2000,\"height\":1333,\"caption\":\"whw \/ what, how & for whom\"},\"image\":{\"@id\":\"https:\/\/www.whw.hr\/#\/schema\/logo\/image\/\"},\"sameAs\":[\"https:\/\/www.instagram.com\/whw_what.how.for.whom\/\",\"https:\/\/www.youtube.com\/channel\/UCYplGnLkNqPXZSBaJgv4mZw\",\"https:\/\/www.facebook.com\/galerijanova\"]}]}<\/script>\n<!-- \/ Yoast SEO plugin. -->","yoast_head_json":{"title":"Otvoren je natje\u010daj za projekt NOVAci 2023.","description":"Cilj NOVAka je omogu\u0107iti povjesni\u010darkama_ima umjetnosti i ostalima zainteresiranima za kustoske prakse u podru\u010dju suvremene umjetnosti da steknu prakti\u010dna znanja na tom polju.","robots":{"index":"index","follow":"follow","max-snippet":"max-snippet:-1","max-image-preview":"max-image-preview:large","max-video-preview":"max-video-preview:-1"},"canonical":"https:\/\/www.whw.hr\/%novosti-slug%\/otvoren-je-natjecaj-za-projekt-novaci-2023\/","og_locale":"en_US","og_type":"article","og_title":"Otvoren je natje\u010daj za projekt NOVAci 2023.","og_description":"Cilj NOVAka je omogu\u0107iti povjesni\u010darkama_ima umjetnosti i ostalima zainteresiranima za kustoske prakse u podru\u010dju suvremene umjetnosti da steknu prakti\u010dna znanja na tom polju.","og_url":"https:\/\/www.whw.hr\/%novosti-slug%\/otvoren-je-natjecaj-za-projekt-novaci-2023\/","og_site_name":"whw","article_publisher":"https:\/\/www.facebook.com\/galerijanova","article_modified_time":"2023-03-29T08:00:21+00:00","og_image":[{"width":2000,"height":1333,"url":"https:\/\/www.whw.hr\/wp-content\/uploads\/2023\/01\/DSCF0635-1.jpg","type":"image\/jpeg"}],"twitter_card":"summary_large_image","twitter_misc":{"Est. reading time":"4 minutes"},"schema":{"@context":"https:\/\/schema.org","@graph":[{"@type":"WebPage","@id":"https:\/\/www.whw.hr\/%novosti-slug%\/otvoren-je-natjecaj-za-projekt-novaci-2023\/","url":"https:\/\/www.whw.hr\/%novosti-slug%\/otvoren-je-natjecaj-za-projekt-novaci-2023\/","name":"Otvoren je natje\u010daj za projekt NOVAci 2023. &ndash; whw","isPartOf":{"@id":"https:\/\/www.whw.hr\/#website"},"datePublished":"2023-03-29T06:13:31+00:00","dateModified":"2023-03-29T08:00:21+00:00","description":"WHW i POGON - Zagreba\u010dki centar za nezavisnu kulturu i mlade uz mentorstvo kustosica Ane Kova\u010di\u0107 i Lee Vene tre\u0107u godinu provode projekt NOVAci. Cilj Cilj NOVAka je omogu\u0107iti povjesni\u010darkama_ima umjetnosti i ostalima zainteresiranima za kustoske prakse u podru\u010dju suvremene umjetnosti da steknu prakti\u010dna znanja na tom polju.","breadcrumb":{"@id":"https:\/\/www.whw.hr\/%novosti-slug%\/otvoren-je-natjecaj-za-projekt-novaci-2023\/#breadcrumb"},"inLanguage":"en-US","potentialAction":[{"@type":"ReadAction","target":["https:\/\/www.whw.hr\/%novosti-slug%\/otvoren-je-natjecaj-za-projekt-novaci-2023\/"]}]},{"@type":"BreadcrumbList","@id":"https:\/\/www.whw.hr\/%novosti-slug%\/otvoren-je-natjecaj-za-projekt-novaci-2023\/#breadcrumb","itemListElement":[{"@type":"ListItem","position":1,"name":"Po\u010detna stranica","item":"https:\/\/www.whw.hr\/"},{"@type":"ListItem","position":2,"name":"Otvoren je natje\u010daj za projekt NOVAci 2023."}]},{"@type":"WebSite","@id":"https:\/\/www.whw.hr\/#website","url":"https:\/\/www.whw.hr\/","name":"whw \/ what, how & for whom","description":"what, how & for whom","publisher":{"@id":"https:\/\/www.whw.hr\/#organization"},"alternateName":"whw","potentialAction":[{"@type":"SearchAction","target":{"@type":"EntryPoint","urlTemplate":"https:\/\/www.whw.hr\/?s={search_term_string}"},"query-input":"required name=search_term_string"}],"inLanguage":"en-US"},{"@type":"Organization","@id":"https:\/\/www.whw.hr\/#organization","name":"whw \/ what, how & for whom","alternateName":"whw","url":"https:\/\/www.whw.hr\/","logo":{"@type":"ImageObject","inLanguage":"en-US","@id":"https:\/\/www.whw.hr\/#\/schema\/logo\/image\/","url":"https:\/\/www.whw.hr\/wp-content\/uploads\/2022\/12\/jmm-68-1-2.jpg","contentUrl":"https:\/\/www.whw.hr\/wp-content\/uploads\/2022\/12\/jmm-68-1-2.jpg","width":2000,"height":1333,"caption":"whw \/ what, how & for whom"},"image":{"@id":"https:\/\/www.whw.hr\/#\/schema\/logo\/image\/"},"sameAs":["https:\/\/www.instagram.com\/whw_what.how.for.whom\/","https:\/\/www.youtube.com\/channel\/UCYplGnLkNqPXZSBaJgv4mZw","https:\/\/www.facebook.com\/galerijanova"]}]}},"_links":{"self":[{"href":"https:\/\/www.whw.hr\/wp-json\/wp\/v2\/novosti\/3677","targetHints":{"allow":["GET"]}}],"collection":[{"href":"https:\/\/www.whw.hr\/wp-json\/wp\/v2\/novosti"}],"about":[{"href":"https:\/\/www.whw.hr\/wp-json\/wp\/v2\/types\/novosti"}],"author":[{"embeddable":true,"href":"https:\/\/www.whw.hr\/wp-json\/wp\/v2\/users\/2"}],"version-history":[{"count":7,"href":"https:\/\/www.whw.hr\/wp-json\/wp\/v2\/novosti\/3677\/revisions"}],"predecessor-version":[{"id":3682,"href":"https:\/\/www.whw.hr\/wp-json\/wp\/v2\/novosti\/3677\/revisions\/3682"}],"wp:featuredmedia":[{"embeddable":true,"href":"https:\/\/www.whw.hr\/wp-json\/wp\/v2\/media\/3224"}],"wp:attachment":[{"href":"https:\/\/www.whw.hr\/wp-json\/wp\/v2\/media?parent=3677"}],"wp:term":[{"taxonomy":"post_tag","embeddable":true,"href":"https:\/\/www.whw.hr\/wp-json\/wp\/v2\/tags?post=3677"}],"curies":[{"name":"wp","href":"https:\/\/api.w.org\/{rel}","templated":true}]}}