{"id":842,"date":"2022-08-21T11:22:12","date_gmt":"2022-08-21T09:22:12","guid":{"rendered":"http:\/\/www.whw.hr\/hr\/dogadjanja\/\/"},"modified":"2023-03-12T19:14:17","modified_gmt":"2023-03-12T18:14:17","slug":"rad-nered-i-samodisciplina-nevidljivo-djelovanje-radnica-i-radnika-u-kulturi","status":"publish","type":"dogadjanja","link":"https:\/\/www.whw.hr\/%dogadjanja-slug%\/rad-nered-i-samodisciplina-nevidljivo-djelovanje-radnica-i-radnika-u-kulturi\/","title":{"rendered":"WORK, (DIS)ORDER AND (SELF)DISCIPLINE: the invisible action of workers in culture"},"content":{"rendered":"<p>The exhibition focuses on works that address issues of precarious work in culture and factors that influence precarious working conditions in the context of neoliberal capitalism. The main goal of this exhibition is to initiate discussion over problematic issues faced by young people in the cultural field, to show the continuity of the unstable artistic and cultural field, and to emphasize the necessity of connections between cultural workers.<\/p>\n<p>The group exhibition of local artists WORK, (DIS)ORDER AND (SELF)DISCIPLINE: <em>the invisible action of workers in culture<\/em> is the result of the pilot project NOVAci of the curatorial collective WHW and Pogon &#8211; Zagreb Center for Independent Culture and Youth. As part of the project, curators <strong>Ana Kova\u010di\u0107<\/strong> and <strong>Lea Vene<\/strong> mentored young curator <strong>Tena Star\u010devi\u0107 <\/strong>for six month, who was selected on the basis of a public call.<\/p>\n<p>At the opening of the exhibition, the performance <em>Arbajt<\/em> (2021) by <strong>\u0160imun Stankov, Una \u0160talcar-Fura\u010d<\/strong> and <strong>Espi Tomi\u010di\u0107<\/strong> will be performed.<\/p>\n<p>Exhibiting artists are <strong>Vanja Babi\u0107, Marko Vojni\u0107 Gin, \u0160imun Stankov, Una \u0160talcar-Fura\u010d, Espi Tomi\u010di\u0107, Mia Marakovi\u0107, Tara Ivani\u0161evi\u0107, Morana Rado\u010daj, Klara Berdais<\/strong> and <strong>Dora Slakoper.<\/strong><\/p>\n","protected":false},"excerpt":{"rendered":"<p>The exhibition focuses on works that address issues of precarious work in culture and factors that influence precarious working conditions in the context of neoliberal capitalism. The main goal of this exhibition is to initiate discussion over problematic issues faced by young people in the cultural field, to show the continuity of the unstable artistic [&hellip;]<\/p>\n","protected":false},"author":2,"featured_media":843,"menu_order":0,"template":"","meta":{"footnotes":""},"categories":[8],"tags":[44,108,103,107,86,100,104,106,568,101,105,109,102,99],"class_list":["post-842","dogadjanja","type-dogadjanja","status-publish","has-post-thumbnail","hentry","category-galerijanova","tag-ana-kovacic","tag-dora-slakoper","tag-espi-tomicic","tag-klara-berdais","tag-lea-vene","tag-marko-vojnic-gin","tag-mia-marakovic","tag-morana-radocaj","tag-novaci","tag-simun-stankov","tag-tara-ivanisevic","tag-tena-starcevic","tag-una-stalcar-furac","tag-vanja-babic"],"acf":[],"yoast_head":"<!-- This site is optimized with the Yoast SEO plugin v19.14 - https:\/\/yoast.com\/wordpress\/plugins\/seo\/ -->\n<title>WORK, (DIS)ORDER AND (SELF)DISCIPLINE: the invisible action of workers in culture<\/title>\n<meta name=\"description\" content=\"The exhibition focuses on works that address issues of precarious work in culture and factors that influence precarious working conditions in the context of neoliberal capitalism. The main goal of this exhibition is to initiate discussion over problematic issues faced by young people in the cultural field, to show the continuity of the unstable artistic&hellip;\" \/>\n<meta name=\"robots\" content=\"index, follow, max-snippet:-1, max-image-preview:large, max-video-preview:-1\" \/>\n<link rel=\"canonical\" href=\"https:\/\/www.whw.hr\/%dogadjanja-slug%\/rad-nered-i-samodisciplina-nevidljivo-djelovanje-radnica-i-radnika-u-kulturi\/\" \/>\n<meta property=\"og:locale\" content=\"en_US\" \/>\n<meta property=\"og:type\" content=\"article\" \/>\n<meta property=\"og:title\" content=\"WORK, (DIS)ORDER AND (SELF)DISCIPLINE: the invisible action of workers in culture\" \/>\n<meta property=\"og:description\" content=\"The exhibition focuses on works that address issues of precarious work in culture and factors that influence precarious working conditions in the context of neoliberal capitalism. The main goal of this exhibition is to initiate discussion over problematic issues faced by young people in the cultural field, to show the continuity of the unstable artistic&hellip;\" \/>\n<meta property=\"og:url\" content=\"https:\/\/www.whw.hr\/%dogadjanja-slug%\/rad-nered-i-samodisciplina-nevidljivo-djelovanje-radnica-i-radnika-u-kulturi\/\" \/>\n<meta property=\"og:site_name\" content=\"whw\" \/>\n<meta property=\"article:publisher\" content=\"https:\/\/www.facebook.com\/galerijanova\" \/>\n<meta property=\"article:modified_time\" content=\"2023-03-12T18:14:17+00:00\" \/>\n<meta property=\"og:image\" content=\"https:\/\/www.whw.hr\/wp-content\/uploads\/2022\/08\/IMG_3712-1.jpg\" \/>\n\t<meta property=\"og:image:width\" content=\"2000\" \/>\n\t<meta property=\"og:image:height\" content=\"1333\" \/>\n\t<meta property=\"og:image:type\" content=\"image\/jpeg\" \/>\n<meta name=\"twitter:card\" content=\"summary_large_image\" \/>\n<meta name=\"twitter:label1\" content=\"Est. reading time\" \/>\n\t<meta name=\"twitter:data1\" content=\"4 minutes\" \/>\n<script type=\"application\/ld+json\" class=\"yoast-schema-graph\">{\"@context\":\"https:\/\/schema.org\",\"@graph\":[{\"@type\":\"WebPage\",\"@id\":\"https:\/\/www.whw.hr\/%dogadjanja-slug%\/rad-nered-i-samodisciplina-nevidljivo-djelovanje-radnica-i-radnika-u-kulturi\/\",\"url\":\"https:\/\/www.whw.hr\/%dogadjanja-slug%\/rad-nered-i-samodisciplina-nevidljivo-djelovanje-radnica-i-radnika-u-kulturi\/\",\"name\":\"RAD, (NE)RED I (SAMO)DISCIPLINA: nevidljivo djelovanje radnica i radnika u kulturi &ndash; whw\",\"isPartOf\":{\"@id\":\"https:\/\/www.whw.hr\/#website\"},\"datePublished\":\"2022-08-21T09:22:12+00:00\",\"dateModified\":\"2023-03-12T18:14:17+00:00\",\"description\":\"Ograni\u010dene mogu\u0107nosti djelovanja u kulturnom i umjetni\u010dkom polju ne predstavljaju izolirani slu\u010daj pojedinca, ve\u0107 zajedni\u010dko i me\u0111ugeneracijsko iskustvo\",\"breadcrumb\":{\"@id\":\"https:\/\/www.whw.hr\/%dogadjanja-slug%\/rad-nered-i-samodisciplina-nevidljivo-djelovanje-radnica-i-radnika-u-kulturi\/#breadcrumb\"},\"inLanguage\":\"en-US\",\"potentialAction\":[{\"@type\":\"ReadAction\",\"target\":[\"https:\/\/www.whw.hr\/%dogadjanja-slug%\/rad-nered-i-samodisciplina-nevidljivo-djelovanje-radnica-i-radnika-u-kulturi\/\"]}]},{\"@type\":\"BreadcrumbList\",\"@id\":\"https:\/\/www.whw.hr\/%dogadjanja-slug%\/rad-nered-i-samodisciplina-nevidljivo-djelovanje-radnica-i-radnika-u-kulturi\/#breadcrumb\",\"itemListElement\":[{\"@type\":\"ListItem\",\"position\":1,\"name\":\"Po\u010detna stranica\",\"item\":\"https:\/\/www.whw.hr\/\"},{\"@type\":\"ListItem\",\"position\":2,\"name\":\"RAD, (NE)RED I (SAMO)DISCIPLINA: nevidljivo djelovanje radnica i radnika u kulturi\"}]},{\"@type\":\"WebSite\",\"@id\":\"https:\/\/www.whw.hr\/#website\",\"url\":\"https:\/\/www.whw.hr\/\",\"name\":\"whw \/ what, how & for whom\",\"description\":\"what, how & for whom\",\"publisher\":{\"@id\":\"https:\/\/www.whw.hr\/#organization\"},\"alternateName\":\"whw\",\"potentialAction\":[{\"@type\":\"SearchAction\",\"target\":{\"@type\":\"EntryPoint\",\"urlTemplate\":\"https:\/\/www.whw.hr\/?s={search_term_string}\"},\"query-input\":\"required name=search_term_string\"}],\"inLanguage\":\"en-US\"},{\"@type\":\"Organization\",\"@id\":\"https:\/\/www.whw.hr\/#organization\",\"name\":\"whw \/ what, how & for whom\",\"alternateName\":\"whw\",\"url\":\"https:\/\/www.whw.hr\/\",\"logo\":{\"@type\":\"ImageObject\",\"inLanguage\":\"en-US\",\"@id\":\"https:\/\/www.whw.hr\/#\/schema\/logo\/image\/\",\"url\":\"https:\/\/www.whw.hr\/wp-content\/uploads\/2022\/12\/jmm-68-1-2.jpg\",\"contentUrl\":\"https:\/\/www.whw.hr\/wp-content\/uploads\/2022\/12\/jmm-68-1-2.jpg\",\"width\":2000,\"height\":1333,\"caption\":\"whw \/ what, how & for whom\"},\"image\":{\"@id\":\"https:\/\/www.whw.hr\/#\/schema\/logo\/image\/\"},\"sameAs\":[\"https:\/\/www.instagram.com\/whw_what.how.for.whom\/\",\"https:\/\/www.youtube.com\/channel\/UCYplGnLkNqPXZSBaJgv4mZw\",\"https:\/\/www.facebook.com\/galerijanova\"]}]}<\/script>\n<!-- \/ Yoast SEO plugin. -->","yoast_head_json":{"title":"WORK, (DIS)ORDER AND (SELF)DISCIPLINE: the invisible action of workers in culture","description":"The exhibition focuses on works that address issues of precarious work in culture and factors that influence precarious working conditions in the context of neoliberal capitalism. The main goal of this exhibition is to initiate discussion over problematic issues faced by young people in the cultural field, to show the continuity of the unstable artistic&hellip;","robots":{"index":"index","follow":"follow","max-snippet":"max-snippet:-1","max-image-preview":"max-image-preview:large","max-video-preview":"max-video-preview:-1"},"canonical":"https:\/\/www.whw.hr\/%dogadjanja-slug%\/rad-nered-i-samodisciplina-nevidljivo-djelovanje-radnica-i-radnika-u-kulturi\/","og_locale":"en_US","og_type":"article","og_title":"WORK, (DIS)ORDER AND (SELF)DISCIPLINE: the invisible action of workers in culture","og_description":"The exhibition focuses on works that address issues of precarious work in culture and factors that influence precarious working conditions in the context of neoliberal capitalism. The main goal of this exhibition is to initiate discussion over problematic issues faced by young people in the cultural field, to show the continuity of the unstable artistic&hellip;","og_url":"https:\/\/www.whw.hr\/%dogadjanja-slug%\/rad-nered-i-samodisciplina-nevidljivo-djelovanje-radnica-i-radnika-u-kulturi\/","og_site_name":"whw","article_publisher":"https:\/\/www.facebook.com\/galerijanova","article_modified_time":"2023-03-12T18:14:17+00:00","og_image":[{"width":2000,"height":1333,"url":"https:\/\/www.whw.hr\/wp-content\/uploads\/2022\/08\/IMG_3712-1.jpg","type":"image\/jpeg"}],"twitter_card":"summary_large_image","twitter_misc":{"Est. reading time":"4 minutes"},"schema":{"@context":"https:\/\/schema.org","@graph":[{"@type":"WebPage","@id":"https:\/\/www.whw.hr\/%dogadjanja-slug%\/rad-nered-i-samodisciplina-nevidljivo-djelovanje-radnica-i-radnika-u-kulturi\/","url":"https:\/\/www.whw.hr\/%dogadjanja-slug%\/rad-nered-i-samodisciplina-nevidljivo-djelovanje-radnica-i-radnika-u-kulturi\/","name":"RAD, (NE)RED I (SAMO)DISCIPLINA: nevidljivo djelovanje radnica i radnika u kulturi &ndash; whw","isPartOf":{"@id":"https:\/\/www.whw.hr\/#website"},"datePublished":"2022-08-21T09:22:12+00:00","dateModified":"2023-03-12T18:14:17+00:00","description":"Ograni\u010dene mogu\u0107nosti djelovanja u kulturnom i umjetni\u010dkom polju ne predstavljaju izolirani slu\u010daj pojedinca, ve\u0107 zajedni\u010dko i me\u0111ugeneracijsko iskustvo","breadcrumb":{"@id":"https:\/\/www.whw.hr\/%dogadjanja-slug%\/rad-nered-i-samodisciplina-nevidljivo-djelovanje-radnica-i-radnika-u-kulturi\/#breadcrumb"},"inLanguage":"en-US","potentialAction":[{"@type":"ReadAction","target":["https:\/\/www.whw.hr\/%dogadjanja-slug%\/rad-nered-i-samodisciplina-nevidljivo-djelovanje-radnica-i-radnika-u-kulturi\/"]}]},{"@type":"BreadcrumbList","@id":"https:\/\/www.whw.hr\/%dogadjanja-slug%\/rad-nered-i-samodisciplina-nevidljivo-djelovanje-radnica-i-radnika-u-kulturi\/#breadcrumb","itemListElement":[{"@type":"ListItem","position":1,"name":"Po\u010detna stranica","item":"https:\/\/www.whw.hr\/"},{"@type":"ListItem","position":2,"name":"RAD, (NE)RED I (SAMO)DISCIPLINA: nevidljivo djelovanje radnica i radnika u kulturi"}]},{"@type":"WebSite","@id":"https:\/\/www.whw.hr\/#website","url":"https:\/\/www.whw.hr\/","name":"whw \/ what, how & for whom","description":"what, how & for whom","publisher":{"@id":"https:\/\/www.whw.hr\/#organization"},"alternateName":"whw","potentialAction":[{"@type":"SearchAction","target":{"@type":"EntryPoint","urlTemplate":"https:\/\/www.whw.hr\/?s={search_term_string}"},"query-input":"required name=search_term_string"}],"inLanguage":"en-US"},{"@type":"Organization","@id":"https:\/\/www.whw.hr\/#organization","name":"whw \/ what, how & for whom","alternateName":"whw","url":"https:\/\/www.whw.hr\/","logo":{"@type":"ImageObject","inLanguage":"en-US","@id":"https:\/\/www.whw.hr\/#\/schema\/logo\/image\/","url":"https:\/\/www.whw.hr\/wp-content\/uploads\/2022\/12\/jmm-68-1-2.jpg","contentUrl":"https:\/\/www.whw.hr\/wp-content\/uploads\/2022\/12\/jmm-68-1-2.jpg","width":2000,"height":1333,"caption":"whw \/ what, how & for whom"},"image":{"@id":"https:\/\/www.whw.hr\/#\/schema\/logo\/image\/"},"sameAs":["https:\/\/www.instagram.com\/whw_what.how.for.whom\/","https:\/\/www.youtube.com\/channel\/UCYplGnLkNqPXZSBaJgv4mZw","https:\/\/www.facebook.com\/galerijanova"]}]}},"_links":{"self":[{"href":"https:\/\/www.whw.hr\/wp-json\/wp\/v2\/dogadjanja\/842","targetHints":{"allow":["GET"]}}],"collection":[{"href":"https:\/\/www.whw.hr\/wp-json\/wp\/v2\/dogadjanja"}],"about":[{"href":"https:\/\/www.whw.hr\/wp-json\/wp\/v2\/types\/dogadjanja"}],"author":[{"embeddable":true,"href":"https:\/\/www.whw.hr\/wp-json\/wp\/v2\/users\/2"}],"version-history":[{"count":5,"href":"https:\/\/www.whw.hr\/wp-json\/wp\/v2\/dogadjanja\/842\/revisions"}],"predecessor-version":[{"id":3569,"href":"https:\/\/www.whw.hr\/wp-json\/wp\/v2\/dogadjanja\/842\/revisions\/3569"}],"wp:featuredmedia":[{"embeddable":true,"href":"https:\/\/www.whw.hr\/wp-json\/wp\/v2\/media\/843"}],"wp:attachment":[{"href":"https:\/\/www.whw.hr\/wp-json\/wp\/v2\/media?parent=842"}],"wp:term":[{"taxonomy":"category","embeddable":true,"href":"https:\/\/www.whw.hr\/wp-json\/wp\/v2\/categories?post=842"},{"taxonomy":"post_tag","embeddable":true,"href":"https:\/\/www.whw.hr\/wp-json\/wp\/v2\/tags?post=842"}],"curies":[{"name":"wp","href":"https:\/\/api.w.org\/{rel}","templated":true}]}}