{"id":5124,"date":"2025-12-09T14:32:51","date_gmt":"2025-12-09T13:32:51","guid":{"rendered":"https:\/\/www.whw.hr\/program\/\/"},"modified":"2026-04-24T17:26:48","modified_gmt":"2026-04-24T15:26:48","slug":"bojan-mucko-paralelne-normalnosti-reprezentacija-proba","status":"publish","type":"dogadjanja","link":"https:\/\/www.whw.hr\/%dogadjanja-slug%\/bojan-mucko-paralelne-normalnosti-reprezentacija-proba\/","title":{"rendered":"Bojan Mucko: Paralelne normalnosti \/ (re)prezentacija \/ proba"},"content":{"rendered":"<p>Pozivamo vas na performativno predavanje <i>Paralelne normalnosti \/ (re)prezentacija \/ proba\u00a0<\/i><strong>Bojana Mucka<\/strong> koje je i zaklju\u010dno ovogodi\u0161nje WHW doga\u0111anje u okviru ciklusa <i>Sjeti se slobode.<\/i> Izlaganje se temelji na antropolo\u0161kom istra\u017eivanju iregularizirane svakodnevnice ljudi u pokretu u pograni\u010dnim dijelovima Bosne i Hercegovine i Hrvatske a oslanja na materijale djelomi\u010dno okupljene autorskom knjigom pod naslovom <i>Etnografija \u201eza svaki dan\u201c: multimodalni pristup europskom re\u017eimu migracija<\/i> (koja uskoro izlazi u izdanju Instituta za etnologiju i folkloristiku te Multimedijalnog instituta). Osnova knjige i izlaganja su svakodnevne dnevni\u010dke, tekstualne i audiovizualne bilje\u0161ke proizvedene tijekom pandemijskog perioda u procesu volonterske suradnje s me\u0111unarodnim kolektivom No Name Kitchen u klimi policijskog nasilja i kriminalizacije promigrantske solidarnosti.<\/p>\n<p>Isti etnografski materijal artikulira se i formatira druga\u010dije ovisno o kontekstu reprezentacije &#8211; znanstveno i umjetni\u010dko se dodiruju, preklapaju, negiraju, nadopunjuju, razilaze. \u0160to ostaje nakon \u0161to se reprezentacija zapakira i \u0161to nastaje ako se naknadno raspakira i razrahli, uspori, dispozicionira, artikulira u novom kontekstu? Crni ekran na dlanu sadr\u017ei digitalnu sliku i pribli\u017eava paralelne svjetove, ali i reflektira okolni fizi\u010dki prostor kao i tijelo adresata u stra\u017enjem izvedbenom planu. Kamera se prebacuje s jedne strane mobitela na drugu, a digitalna pokretna slika se prenosi, \u0161alje, zaustavlja i svodi na frejm, izmi\u010de kontroli, ovisi o vezi, podlo\u017ena je \u0161umu, hibridizira ono ispred i iza. Izlaganje je poku\u0161aj autoreflektivne reprezentacije iregularnih, paralelnih svijetova podlo\u017enih viktimizaciji ili heroizaciji u kontekstu zajedni\u010dke svakodnevnice, a gradi se na dispozicioniranim etnografskim fragmentima. Izvedba je zami\u0161ljena kao proba koja se oslanja na tekstualnu analizu iz knjige ali ju donekle razgra\u0111uje, vra\u0107a se unatrag ili kre\u0107e unaprijed i kru\u017ei, digresira oko gradivnog materijala knjige, djelomi\u010dno ju nadopunjuju\u0107i, a djelomi\u010dno izdaju\u0107i njene narativne linije.<\/p>\n<p><strong>Bojan Mucko<\/strong> diplomirao je filozofiju, etnologiju i kulturnu antropologiju na Filozofskom fakultetu (2013.) te nove medije na Likovnoj akademiji Sveu\u010dili\u0161ta u Zagrebu (2014.). \u0160kolu dokumentarnog filma RESTART zavr\u0161io je 2015. godine, a poslijediplomski studij etnologije i antropologije Sveu\u010dili\u0161ta u Zadru 2024. godine. Kao novomedijski umjetnik i kulturni radnik u razli\u010ditim je ulogama sura\u0111ivao s brojnim organizacijama civilnog dru\u0161tva kao i s drugim institucijama u kulturi. Od 2020. godine zaposlen je kao istra\u017eiva\u010d u Institutu za etnologiju i folkloristiku. Bio je \u010dlan istra\u017eiva\u010dkog tima projekta \u201cEuropski re\u017eim iregulariziranih migracija na periferiji Europe: od etnografije do pojmovnika\u201d (2020. &#8211; 2024.).<\/p>\n<p>Program podr\u017eavaju:<br \/>\nGradski ured za kulturu i civilno dru\u0161tvo<br \/>\nZaklada Kultura Nova<\/p>\n","protected":false},"excerpt":{"rendered":"<p>Pozivamo vas na performativno predavanje Paralelne normalnosti \/ (re)prezentacija \/ proba\u00a0Bojana Mucka koje je i zaklju\u010dno ovogodi\u0161nje WHW doga\u0111anje u okviru ciklusa Sjeti se slobode. Izlaganje se temelji na antropolo\u0161kom istra\u017eivanju iregularizirane svakodnevnice ljudi u pokretu u pograni\u010dnim dijelovima Bosne i Hercegovine i Hrvatske a oslanja na materijale djelomi\u010dno okupljene autorskom knjigom pod naslovom Etnografija [&hellip;]<\/p>\n","protected":false},"author":2,"featured_media":5127,"menu_order":0,"template":"","meta":{"footnotes":""},"categories":[17],"tags":[980,240,621,917,939],"class_list":["post-5124","dogadjanja","type-dogadjanja","status-publish","has-post-thumbnail","hentry","category-ostalo","tag-bojan-mucko","tag-mama-zagreb","tag-multimedijalni-institut","tag-predavanje","tag-sjeti-se-slobode"],"acf":[],"yoast_head":"<!-- This site is optimized with the Yoast SEO plugin v19.14 - https:\/\/yoast.com\/wordpress\/plugins\/seo\/ -->\n<title>Bojan Mucko: Paralelne normalnosti \/ (re)prezentacija \/ proba<\/title>\n<meta name=\"description\" content=\"Pozivamo vas na performativno predavanje Paralelne normalnosti \/ (re)prezentacija \/ proba\u00a0Bojana Mucka koje je i zaklju\u010dno ovogodi\u0161nje WHW doga\u0111anje u okviru ciklusa Sjeti se slobode. Izlaganje se temelji na antropolo\u0161kom istra\u017eivanju iregularizirane svakodnevnice ljudi u pokretu u pograni\u010dnim dijelovima Bosne i Hercegovine i Hrvatske a oslanja na materijale djelomi\u010dno okupljene autorskom knjigom pod naslovom Etnografija&hellip;\" \/>\n<meta name=\"robots\" content=\"index, follow, max-snippet:-1, max-image-preview:large, max-video-preview:-1\" \/>\n<link rel=\"canonical\" href=\"https:\/\/www.whw.hr\/%dogadjanja-slug%\/bojan-mucko-paralelne-normalnosti-reprezentacija-proba\/\" \/>\n<meta property=\"og:locale\" content=\"en_US\" \/>\n<meta property=\"og:type\" content=\"article\" \/>\n<meta property=\"og:title\" content=\"Bojan Mucko: Paralelne normalnosti \/ (re)prezentacija \/ proba\" \/>\n<meta property=\"og:description\" content=\"Pozivamo vas na performativno predavanje Paralelne normalnosti \/ (re)prezentacija \/ proba\u00a0Bojana Mucka koje je i zaklju\u010dno ovogodi\u0161nje WHW doga\u0111anje u okviru ciklusa Sjeti se slobode. Izlaganje se temelji na antropolo\u0161kom istra\u017eivanju iregularizirane svakodnevnice ljudi u pokretu u pograni\u010dnim dijelovima Bosne i Hercegovine i Hrvatske a oslanja na materijale djelomi\u010dno okupljene autorskom knjigom pod naslovom Etnografija&hellip;\" \/>\n<meta property=\"og:url\" content=\"https:\/\/www.whw.hr\/%dogadjanja-slug%\/bojan-mucko-paralelne-normalnosti-reprezentacija-proba\/\" \/>\n<meta property=\"og:site_name\" content=\"whw\" \/>\n<meta property=\"article:publisher\" content=\"https:\/\/www.facebook.com\/galerijanova\" \/>\n<meta property=\"article:modified_time\" content=\"2026-04-24T15:26:48+00:00\" \/>\n<meta name=\"twitter:card\" content=\"summary_large_image\" \/>\n<meta name=\"twitter:image\" content=\"https:\/\/www.whw.hr\/wp-content\/uploads\/2025\/12\/5-2.jpg\" \/>\n<meta name=\"twitter:label1\" content=\"Est. reading time\" \/>\n\t<meta name=\"twitter:data1\" content=\"3 minutes\" \/>\n<script type=\"application\/ld+json\" class=\"yoast-schema-graph\">{\"@context\":\"https:\/\/schema.org\",\"@graph\":[{\"@type\":\"WebPage\",\"@id\":\"https:\/\/www.whw.hr\/%dogadjanja-slug%\/bojan-mucko-paralelne-normalnosti-reprezentacija-proba\/\",\"url\":\"https:\/\/www.whw.hr\/%dogadjanja-slug%\/bojan-mucko-paralelne-normalnosti-reprezentacija-proba\/\",\"name\":\"Bojan Mucko: Paralelne normalnosti \/ (re)prezentacija \/ proba &ndash; whw\",\"isPartOf\":{\"@id\":\"https:\/\/www.whw.hr\/#website\"},\"datePublished\":\"2025-12-09T13:32:51+00:00\",\"dateModified\":\"2026-04-24T15:26:48+00:00\",\"description\":\"Pozivamo vas na performativno predavanje Paralelne normalnosti \/ (re)prezentacija \/ proba\u00a0Bojana Mucka koje je i zaklju\u010dno ovogodi\u0161nje WHW doga\u0111anje u\",\"breadcrumb\":{\"@id\":\"https:\/\/www.whw.hr\/%dogadjanja-slug%\/bojan-mucko-paralelne-normalnosti-reprezentacija-proba\/#breadcrumb\"},\"inLanguage\":\"en-US\",\"potentialAction\":[{\"@type\":\"ReadAction\",\"target\":[\"https:\/\/www.whw.hr\/%dogadjanja-slug%\/bojan-mucko-paralelne-normalnosti-reprezentacija-proba\/\"]}]},{\"@type\":\"BreadcrumbList\",\"@id\":\"https:\/\/www.whw.hr\/%dogadjanja-slug%\/bojan-mucko-paralelne-normalnosti-reprezentacija-proba\/#breadcrumb\",\"itemListElement\":[{\"@type\":\"ListItem\",\"position\":1,\"name\":\"Po\u010detna stranica\",\"item\":\"https:\/\/www.whw.hr\/\"},{\"@type\":\"ListItem\",\"position\":2,\"name\":\"Bojan Mucko: Paralelne normalnosti \/ (re)prezentacija \/ proba\"}]},{\"@type\":\"WebSite\",\"@id\":\"https:\/\/www.whw.hr\/#website\",\"url\":\"https:\/\/www.whw.hr\/\",\"name\":\"whw \/ what, how & for whom\",\"description\":\"what, how & for whom\",\"publisher\":{\"@id\":\"https:\/\/www.whw.hr\/#organization\"},\"alternateName\":\"whw\",\"potentialAction\":[{\"@type\":\"SearchAction\",\"target\":{\"@type\":\"EntryPoint\",\"urlTemplate\":\"https:\/\/www.whw.hr\/?s={search_term_string}\"},\"query-input\":\"required name=search_term_string\"}],\"inLanguage\":\"en-US\"},{\"@type\":\"Organization\",\"@id\":\"https:\/\/www.whw.hr\/#organization\",\"name\":\"whw \/ what, how & for whom\",\"alternateName\":\"whw\",\"url\":\"https:\/\/www.whw.hr\/\",\"logo\":{\"@type\":\"ImageObject\",\"inLanguage\":\"en-US\",\"@id\":\"https:\/\/www.whw.hr\/#\/schema\/logo\/image\/\",\"url\":\"https:\/\/www.whw.hr\/wp-content\/uploads\/2022\/12\/jmm-68-1-2.jpg\",\"contentUrl\":\"https:\/\/www.whw.hr\/wp-content\/uploads\/2022\/12\/jmm-68-1-2.jpg\",\"width\":2000,\"height\":1333,\"caption\":\"whw \/ what, how & for whom\"},\"image\":{\"@id\":\"https:\/\/www.whw.hr\/#\/schema\/logo\/image\/\"},\"sameAs\":[\"https:\/\/www.instagram.com\/whw_what.how.for.whom\/\",\"https:\/\/www.youtube.com\/channel\/UCYplGnLkNqPXZSBaJgv4mZw\",\"https:\/\/www.facebook.com\/galerijanova\"]}]}<\/script>\n<!-- \/ Yoast SEO plugin. -->","yoast_head_json":{"title":"Bojan Mucko: Paralelne normalnosti \/ (re)prezentacija \/ proba","description":"Pozivamo vas na performativno predavanje Paralelne normalnosti \/ (re)prezentacija \/ proba\u00a0Bojana Mucka koje je i zaklju\u010dno ovogodi\u0161nje WHW doga\u0111anje u okviru ciklusa Sjeti se slobode. Izlaganje se temelji na antropolo\u0161kom istra\u017eivanju iregularizirane svakodnevnice ljudi u pokretu u pograni\u010dnim dijelovima Bosne i Hercegovine i Hrvatske a oslanja na materijale djelomi\u010dno okupljene autorskom knjigom pod naslovom Etnografija&hellip;","robots":{"index":"index","follow":"follow","max-snippet":"max-snippet:-1","max-image-preview":"max-image-preview:large","max-video-preview":"max-video-preview:-1"},"canonical":"https:\/\/www.whw.hr\/%dogadjanja-slug%\/bojan-mucko-paralelne-normalnosti-reprezentacija-proba\/","og_locale":"en_US","og_type":"article","og_title":"Bojan Mucko: Paralelne normalnosti \/ (re)prezentacija \/ proba","og_description":"Pozivamo vas na performativno predavanje Paralelne normalnosti \/ (re)prezentacija \/ proba\u00a0Bojana Mucka koje je i zaklju\u010dno ovogodi\u0161nje WHW doga\u0111anje u okviru ciklusa Sjeti se slobode. Izlaganje se temelji na antropolo\u0161kom istra\u017eivanju iregularizirane svakodnevnice ljudi u pokretu u pograni\u010dnim dijelovima Bosne i Hercegovine i Hrvatske a oslanja na materijale djelomi\u010dno okupljene autorskom knjigom pod naslovom Etnografija&hellip;","og_url":"https:\/\/www.whw.hr\/%dogadjanja-slug%\/bojan-mucko-paralelne-normalnosti-reprezentacija-proba\/","og_site_name":"whw","article_publisher":"https:\/\/www.facebook.com\/galerijanova","article_modified_time":"2026-04-24T15:26:48+00:00","twitter_card":"summary_large_image","twitter_image":"https:\/\/www.whw.hr\/wp-content\/uploads\/2025\/12\/5-2.jpg","twitter_misc":{"Est. reading time":"3 minutes"},"schema":{"@context":"https:\/\/schema.org","@graph":[{"@type":"WebPage","@id":"https:\/\/www.whw.hr\/%dogadjanja-slug%\/bojan-mucko-paralelne-normalnosti-reprezentacija-proba\/","url":"https:\/\/www.whw.hr\/%dogadjanja-slug%\/bojan-mucko-paralelne-normalnosti-reprezentacija-proba\/","name":"Bojan Mucko: Paralelne normalnosti \/ (re)prezentacija \/ proba &ndash; whw","isPartOf":{"@id":"https:\/\/www.whw.hr\/#website"},"datePublished":"2025-12-09T13:32:51+00:00","dateModified":"2026-04-24T15:26:48+00:00","description":"Pozivamo vas na performativno predavanje Paralelne normalnosti \/ (re)prezentacija \/ proba\u00a0Bojana Mucka koje je i zaklju\u010dno ovogodi\u0161nje WHW doga\u0111anje u","breadcrumb":{"@id":"https:\/\/www.whw.hr\/%dogadjanja-slug%\/bojan-mucko-paralelne-normalnosti-reprezentacija-proba\/#breadcrumb"},"inLanguage":"en-US","potentialAction":[{"@type":"ReadAction","target":["https:\/\/www.whw.hr\/%dogadjanja-slug%\/bojan-mucko-paralelne-normalnosti-reprezentacija-proba\/"]}]},{"@type":"BreadcrumbList","@id":"https:\/\/www.whw.hr\/%dogadjanja-slug%\/bojan-mucko-paralelne-normalnosti-reprezentacija-proba\/#breadcrumb","itemListElement":[{"@type":"ListItem","position":1,"name":"Po\u010detna stranica","item":"https:\/\/www.whw.hr\/"},{"@type":"ListItem","position":2,"name":"Bojan Mucko: Paralelne normalnosti \/ (re)prezentacija \/ proba"}]},{"@type":"WebSite","@id":"https:\/\/www.whw.hr\/#website","url":"https:\/\/www.whw.hr\/","name":"whw \/ what, how & for whom","description":"what, how & for whom","publisher":{"@id":"https:\/\/www.whw.hr\/#organization"},"alternateName":"whw","potentialAction":[{"@type":"SearchAction","target":{"@type":"EntryPoint","urlTemplate":"https:\/\/www.whw.hr\/?s={search_term_string}"},"query-input":"required name=search_term_string"}],"inLanguage":"en-US"},{"@type":"Organization","@id":"https:\/\/www.whw.hr\/#organization","name":"whw \/ what, how & for whom","alternateName":"whw","url":"https:\/\/www.whw.hr\/","logo":{"@type":"ImageObject","inLanguage":"en-US","@id":"https:\/\/www.whw.hr\/#\/schema\/logo\/image\/","url":"https:\/\/www.whw.hr\/wp-content\/uploads\/2022\/12\/jmm-68-1-2.jpg","contentUrl":"https:\/\/www.whw.hr\/wp-content\/uploads\/2022\/12\/jmm-68-1-2.jpg","width":2000,"height":1333,"caption":"whw \/ what, how & for whom"},"image":{"@id":"https:\/\/www.whw.hr\/#\/schema\/logo\/image\/"},"sameAs":["https:\/\/www.instagram.com\/whw_what.how.for.whom\/","https:\/\/www.youtube.com\/channel\/UCYplGnLkNqPXZSBaJgv4mZw","https:\/\/www.facebook.com\/galerijanova"]}]}},"_links":{"self":[{"href":"https:\/\/www.whw.hr\/wp-json\/wp\/v2\/dogadjanja\/5124","targetHints":{"allow":["GET"]}}],"collection":[{"href":"https:\/\/www.whw.hr\/wp-json\/wp\/v2\/dogadjanja"}],"about":[{"href":"https:\/\/www.whw.hr\/wp-json\/wp\/v2\/types\/dogadjanja"}],"author":[{"embeddable":true,"href":"https:\/\/www.whw.hr\/wp-json\/wp\/v2\/users\/2"}],"version-history":[{"count":11,"href":"https:\/\/www.whw.hr\/wp-json\/wp\/v2\/dogadjanja\/5124\/revisions"}],"predecessor-version":[{"id":5337,"href":"https:\/\/www.whw.hr\/wp-json\/wp\/v2\/dogadjanja\/5124\/revisions\/5337"}],"wp:featuredmedia":[{"embeddable":true,"href":"https:\/\/www.whw.hr\/wp-json\/wp\/v2\/media\/5127"}],"wp:attachment":[{"href":"https:\/\/www.whw.hr\/wp-json\/wp\/v2\/media?parent=5124"}],"wp:term":[{"taxonomy":"category","embeddable":true,"href":"https:\/\/www.whw.hr\/wp-json\/wp\/v2\/categories?post=5124"},{"taxonomy":"post_tag","embeddable":true,"href":"https:\/\/www.whw.hr\/wp-json\/wp\/v2\/tags?post=5124"}],"curies":[{"name":"wp","href":"https:\/\/api.w.org\/{rel}","templated":true}]}}