{"id":5113,"date":"2025-12-03T11:31:30","date_gmt":"2025-12-03T10:31:30","guid":{"rendered":"https:\/\/www.whw.hr\/program\/\/"},"modified":"2026-03-31T17:09:00","modified_gmt":"2026-03-31T15:09:00","slug":"predavanje-cosmin-costinas-i-inti-guerrero","status":"publish","type":"dogadjanja","link":"https:\/\/www.whw.hr\/%dogadjanja-slug%\/predavanje-cosmin-costinas-i-inti-guerrero\/","title":{"rendered":"Predavanje: Cosmin Costinas i Inti Guerrero"},"content":{"rendered":"<p>Kustosi <strong>Cosmin Costinas<\/strong> i <strong>Inti Guerrero<\/strong> odr\u017eat \u0107e prezentaciju njihovog zajedni\u010dkog kustoskog rada. Iako pojedina\u010dno imaju dugogodi\u0161nje iskustvo u kustoskim projektima na vi\u0161e kontinenata, u posljednjih deset godina zajedno su kurirali mnoge izlo\u017ebe i projekte uklju\u010duju\u0107i 24. bijenale u Sydneyju (2024.) u ulozi umjetni\u010dkih direktora, bijenale u Dakaru (2018.) u ulozi gostuju\u0107ih kustosa te izlo\u017ebe u Hong Kongu, Taipeiu, Seoulu, San Franciscu, Manili, Kuala Lumpuru i Bangkoku. U predavanju \u0107e detaljnije predstaviti dva recentna kustoska projekta: Deset tisu\u0107a sunca na 24. bijenalu u Sydneyju i Globalni fa\u0161izam u HKW, Ku\u0107i svjetskih kultura u Berlinu.<br \/>\nDeset tisu\u0107a sunca je bio naslov i sredi\u0161nji koncept 24. bijenala u Sydneyju kojeg su Costinas i Guerrero kurirali 2024. Izlo\u017eba se poku\u0161ala su\u010deliti s dubokom krizom kojoj su \u017eivot dali kolonijalizam i kapitalisti\u010dka eksploatacija, ali je ipak odva\u017eno odbijala politiku propasti. Umjesto nje, koncept je predlagao blistavu toplinu \u201edeset tisu\u0107a sunca\u201c koja predstavlja metaforu kolektivne radosti kao oblik otpora, kulturne mnogostrukosti i budu\u0107nosti izgra\u0111ene na sje\u0107anju, obnovi i zajedni\u010dkoj ljudskosti koja se ne mo\u017ee potisnuti.<br \/>\nGlobalni fa\u0161izam je kriti\u010dko istra\u017eivanje mutiraju\u0107ih ideologija koje ponovno o\u017eivljavaju u 21. stolje\u0107u. Izlo\u017eba je pod lupu stavila njegove mehanizme, od povijesnih korijena i desnih politi\u010dkih pokreta i re\u017eima do suvremenih algoritamskih manifestacija u online prostoru, u trenutku kad izborna tijela i \u0161ire dru\u0161tvene i kulturne rasprave \u0161irom svijeta svoje te\u017ei\u0161te premje\u0161taju prema krajnje desnim i autoritarnim pokretima dok se masovno nasilje i genocidi sve vi\u0161e normaliziraju. Izlo\u017eba je inzistirala i na hitnosti kriti\u010dkog anga\u017emana i kolektivne imaginacije stavljaju\u0107i u sredi\u0161te umjetni\u010dke strategije protiv autoritarizma i dehumanizacije<\/p>\n<p>\ud835\udc02\ud835\udc28\ud835\udc2c\ud835\udc26\ud835\udc22\ud835\udc27 \ud835\udc02\ud835\udc28\ud835\udc2c\ud835\udc2d\ud835\udc22\ud835\udc27\ud835\udc1a\ud835\udc2c (1982. Satu Mare, Rumunjska) je vi\u0161i kustos programa Exhibition Practices u Ku\u0107i svjetskih kultura, HKW u Berlinu (od 2022). Bio je direktor umjetni\u010dkog centra Para Site u Hong Kongu (2011-2022), gdje je vodio projekt pro\u0161irenja i preseljenja institucije u novu zgradu 2015; umjetni\u010dki direktor trijenala u Kathmandu (2022); su\u2014kustos rumunjskog paviljona na 59. Venecijanskom bijenalu (2022); kustoski savjetnik trijenala u Aichiju (2022); gost kustos na Dhaka Art Summit (2018); su-kustos 10. bijenala u \u0160angaju (2014); kustos u platformi BAK u Utrechtu (2008-2011); su-kustos 1. uralskog industrijskog bijenala u Ekaterinburgu (2010); te urednik \u010dasopisa na izlo\u017ebi documenta 12 u Be\u010du i Kasselu (2005\u20132007).<\/p>\n<p>\ud835\udc08\ud835\udc27\ud835\udc2d\ud835\udc22 \ud835\udc06\ud835\udc2e\ud835\udc1e\ud835\udc2b\ud835\udc2b\ud835\udc1e\ud835\udc2b\ud835\udc28 (1983. Bogot\u00e1, Kolumbija) je kustos i edukator koji \u017eivi u Hong Kongu te izvanredni profesor na School of Creative Media na Gradskom sveu\u010dili\u0161tu Hong Kong. Izme\u0111u ostalog bio je umjetni\u010dki direktor projekata Bellas Artes u Manili\/Bataanu (2018-2021), vanjski kustos fondacije Estrellita B. Brodsky za kolekciju latinoameri\u010dke umjetnosti u galeriji Tate u Londonu (2016-2021), kustos 38. irskog bijenala EVA International (2018), umjetni\u010dki direktor organizacije TEOR\/\u00e9Tica u San Jos\u00e9u (2011-2014), te ko-kustos 44. nacionalnog salona umjetnosti u Kolumbiji (2017).<\/p>\n<p>Predavanje je dio serije doga\u0111anja pod nazivom <em>Sjeti se slobode<\/em>.<\/p>\n<p>Program podr\u017eavaju:<br \/>\nGradski ured za kulturu i civilno dru\u0161tvo Grada Zagreba<br \/>\nZaklada Kultura nova<\/p>\n","protected":false},"excerpt":{"rendered":"<p>Kustosi Cosmin Costinas i Inti Guerrero odr\u017eat \u0107e prezentaciju njihovog zajedni\u010dkog kustoskog rada. Iako pojedina\u010dno imaju dugogodi\u0161nje iskustvo u kustoskim projektima na vi\u0161e kontinenata, u posljednjih deset godina zajedno su kurirali mnoge izlo\u017ebe i projekte uklju\u010duju\u0107i 24. bijenale u Sydneyju (2024.) u ulozi umjetni\u010dkih direktora, bijenale u Dakaru (2018.) u ulozi gostuju\u0107ih kustosa te izlo\u017ebe [&hellip;]<\/p>\n","protected":false},"author":2,"featured_media":5114,"menu_order":0,"template":"","meta":{"footnotes":""},"categories":[17],"tags":[977,979,978,917,939],"class_list":["post-5113","dogadjanja","type-dogadjanja","status-publish","has-post-thumbnail","hentry","category-ostalo","tag-977","tag-drustvo-arhitekata-zagreba","tag-978","tag-predavanje","tag-sjeti-se-slobode"],"acf":[],"yoast_head":"<!-- This site is optimized with the Yoast SEO plugin v19.14 - https:\/\/yoast.com\/wordpress\/plugins\/seo\/ -->\n<title>Predavanje: Cosmin Costinas i Inti Guerrero<\/title>\n<meta name=\"description\" content=\"Kustosi Cosmin Costinas i Inti Guerrero odr\u017eat \u0107e prezentaciju njihovog zajedni\u010dkog kustoskog rada. Iako pojedina\u010dno imaju dugogodi\u0161nje iskustvo u kustoskim projektima na vi\u0161e kontinenata, u posljednjih deset godina zajedno su kurirali mnoge izlo\u017ebe i projekte uklju\u010duju\u0107i 24. bijenale u Sydneyju (2024.) u ulozi umjetni\u010dkih direktora, bijenale u Dakaru (2018.) u ulozi gostuju\u0107ih kustosa te izlo\u017ebe&hellip;\" \/>\n<meta name=\"robots\" content=\"index, follow, max-snippet:-1, max-image-preview:large, max-video-preview:-1\" \/>\n<link rel=\"canonical\" href=\"https:\/\/www.whw.hr\/%dogadjanja-slug%\/predavanje-cosmin-costinas-i-inti-guerrero\/\" \/>\n<meta property=\"og:locale\" content=\"en_US\" \/>\n<meta property=\"og:type\" content=\"article\" \/>\n<meta property=\"og:title\" content=\"Predavanje: Cosmin Costinas i Inti Guerrero\" \/>\n<meta property=\"og:description\" content=\"Kustosi Cosmin Costinas i Inti Guerrero odr\u017eat \u0107e prezentaciju njihovog zajedni\u010dkog kustoskog rada. Iako pojedina\u010dno imaju dugogodi\u0161nje iskustvo u kustoskim projektima na vi\u0161e kontinenata, u posljednjih deset godina zajedno su kurirali mnoge izlo\u017ebe i projekte uklju\u010duju\u0107i 24. bijenale u Sydneyju (2024.) u ulozi umjetni\u010dkih direktora, bijenale u Dakaru (2018.) u ulozi gostuju\u0107ih kustosa te izlo\u017ebe&hellip;\" \/>\n<meta property=\"og:url\" content=\"https:\/\/www.whw.hr\/%dogadjanja-slug%\/predavanje-cosmin-costinas-i-inti-guerrero\/\" \/>\n<meta property=\"og:site_name\" content=\"whw\" \/>\n<meta property=\"article:publisher\" content=\"https:\/\/www.facebook.com\/galerijanova\" \/>\n<meta property=\"article:modified_time\" content=\"2026-03-31T15:09:00+00:00\" \/>\n<meta property=\"og:image\" content=\"https:\/\/www.whw.hr\/wp-content\/uploads\/2025\/12\/predavanje-whw.jpg\" \/>\n\t<meta property=\"og:image:width\" content=\"1920\" \/>\n\t<meta property=\"og:image:height\" content=\"1281\" \/>\n\t<meta property=\"og:image:type\" content=\"image\/jpeg\" \/>\n<meta name=\"twitter:card\" content=\"summary_large_image\" \/>\n<meta name=\"twitter:label1\" content=\"Est. reading time\" \/>\n\t<meta name=\"twitter:data1\" content=\"3 minutes\" \/>\n<script type=\"application\/ld+json\" class=\"yoast-schema-graph\">{\"@context\":\"https:\/\/schema.org\",\"@graph\":[{\"@type\":\"WebPage\",\"@id\":\"https:\/\/www.whw.hr\/%dogadjanja-slug%\/predavanje-cosmin-costinas-i-inti-guerrero\/\",\"url\":\"https:\/\/www.whw.hr\/%dogadjanja-slug%\/predavanje-cosmin-costinas-i-inti-guerrero\/\",\"name\":\"Predavanje: Cosmin Costinas i Inti Guerrero &ndash; whw\",\"isPartOf\":{\"@id\":\"https:\/\/www.whw.hr\/#website\"},\"datePublished\":\"2025-12-03T10:31:30+00:00\",\"dateModified\":\"2026-03-31T15:09:00+00:00\",\"description\":\"Kustosi Cosmin Costinas i Inti Guerrero odr\u017eat \u0107e prezentaciju njihovog zajedni\u010dkog kustoskog rada. Iako pojedina\u010dno imaju dugogodi\u0161nje iskustvo u\",\"breadcrumb\":{\"@id\":\"https:\/\/www.whw.hr\/%dogadjanja-slug%\/predavanje-cosmin-costinas-i-inti-guerrero\/#breadcrumb\"},\"inLanguage\":\"en-US\",\"potentialAction\":[{\"@type\":\"ReadAction\",\"target\":[\"https:\/\/www.whw.hr\/%dogadjanja-slug%\/predavanje-cosmin-costinas-i-inti-guerrero\/\"]}]},{\"@type\":\"BreadcrumbList\",\"@id\":\"https:\/\/www.whw.hr\/%dogadjanja-slug%\/predavanje-cosmin-costinas-i-inti-guerrero\/#breadcrumb\",\"itemListElement\":[{\"@type\":\"ListItem\",\"position\":1,\"name\":\"Po\u010detna stranica\",\"item\":\"https:\/\/www.whw.hr\/\"},{\"@type\":\"ListItem\",\"position\":2,\"name\":\"Predavanje: Cosmin Costinas i Inti Guerrero\"}]},{\"@type\":\"WebSite\",\"@id\":\"https:\/\/www.whw.hr\/#website\",\"url\":\"https:\/\/www.whw.hr\/\",\"name\":\"whw \/ what, how & for whom\",\"description\":\"what, how & for whom\",\"publisher\":{\"@id\":\"https:\/\/www.whw.hr\/#organization\"},\"alternateName\":\"whw\",\"potentialAction\":[{\"@type\":\"SearchAction\",\"target\":{\"@type\":\"EntryPoint\",\"urlTemplate\":\"https:\/\/www.whw.hr\/?s={search_term_string}\"},\"query-input\":\"required name=search_term_string\"}],\"inLanguage\":\"en-US\"},{\"@type\":\"Organization\",\"@id\":\"https:\/\/www.whw.hr\/#organization\",\"name\":\"whw \/ what, how & for whom\",\"alternateName\":\"whw\",\"url\":\"https:\/\/www.whw.hr\/\",\"logo\":{\"@type\":\"ImageObject\",\"inLanguage\":\"en-US\",\"@id\":\"https:\/\/www.whw.hr\/#\/schema\/logo\/image\/\",\"url\":\"https:\/\/www.whw.hr\/wp-content\/uploads\/2022\/12\/jmm-68-1-2.jpg\",\"contentUrl\":\"https:\/\/www.whw.hr\/wp-content\/uploads\/2022\/12\/jmm-68-1-2.jpg\",\"width\":2000,\"height\":1333,\"caption\":\"whw \/ what, how & for whom\"},\"image\":{\"@id\":\"https:\/\/www.whw.hr\/#\/schema\/logo\/image\/\"},\"sameAs\":[\"https:\/\/www.instagram.com\/whw_what.how.for.whom\/\",\"https:\/\/www.youtube.com\/channel\/UCYplGnLkNqPXZSBaJgv4mZw\",\"https:\/\/www.facebook.com\/galerijanova\"]}]}<\/script>\n<!-- \/ Yoast SEO plugin. -->","yoast_head_json":{"title":"Predavanje: Cosmin Costinas i Inti Guerrero","description":"Kustosi Cosmin Costinas i Inti Guerrero odr\u017eat \u0107e prezentaciju njihovog zajedni\u010dkog kustoskog rada. Iako pojedina\u010dno imaju dugogodi\u0161nje iskustvo u kustoskim projektima na vi\u0161e kontinenata, u posljednjih deset godina zajedno su kurirali mnoge izlo\u017ebe i projekte uklju\u010duju\u0107i 24. bijenale u Sydneyju (2024.) u ulozi umjetni\u010dkih direktora, bijenale u Dakaru (2018.) u ulozi gostuju\u0107ih kustosa te izlo\u017ebe&hellip;","robots":{"index":"index","follow":"follow","max-snippet":"max-snippet:-1","max-image-preview":"max-image-preview:large","max-video-preview":"max-video-preview:-1"},"canonical":"https:\/\/www.whw.hr\/%dogadjanja-slug%\/predavanje-cosmin-costinas-i-inti-guerrero\/","og_locale":"en_US","og_type":"article","og_title":"Predavanje: Cosmin Costinas i Inti Guerrero","og_description":"Kustosi Cosmin Costinas i Inti Guerrero odr\u017eat \u0107e prezentaciju njihovog zajedni\u010dkog kustoskog rada. Iako pojedina\u010dno imaju dugogodi\u0161nje iskustvo u kustoskim projektima na vi\u0161e kontinenata, u posljednjih deset godina zajedno su kurirali mnoge izlo\u017ebe i projekte uklju\u010duju\u0107i 24. bijenale u Sydneyju (2024.) u ulozi umjetni\u010dkih direktora, bijenale u Dakaru (2018.) u ulozi gostuju\u0107ih kustosa te izlo\u017ebe&hellip;","og_url":"https:\/\/www.whw.hr\/%dogadjanja-slug%\/predavanje-cosmin-costinas-i-inti-guerrero\/","og_site_name":"whw","article_publisher":"https:\/\/www.facebook.com\/galerijanova","article_modified_time":"2026-03-31T15:09:00+00:00","og_image":[{"width":1920,"height":1281,"url":"https:\/\/www.whw.hr\/wp-content\/uploads\/2025\/12\/predavanje-whw.jpg","type":"image\/jpeg"}],"twitter_card":"summary_large_image","twitter_misc":{"Est. reading time":"3 minutes"},"schema":{"@context":"https:\/\/schema.org","@graph":[{"@type":"WebPage","@id":"https:\/\/www.whw.hr\/%dogadjanja-slug%\/predavanje-cosmin-costinas-i-inti-guerrero\/","url":"https:\/\/www.whw.hr\/%dogadjanja-slug%\/predavanje-cosmin-costinas-i-inti-guerrero\/","name":"Predavanje: Cosmin Costinas i Inti Guerrero &ndash; whw","isPartOf":{"@id":"https:\/\/www.whw.hr\/#website"},"datePublished":"2025-12-03T10:31:30+00:00","dateModified":"2026-03-31T15:09:00+00:00","description":"Kustosi Cosmin Costinas i Inti Guerrero odr\u017eat \u0107e prezentaciju njihovog zajedni\u010dkog kustoskog rada. Iako pojedina\u010dno imaju dugogodi\u0161nje iskustvo u","breadcrumb":{"@id":"https:\/\/www.whw.hr\/%dogadjanja-slug%\/predavanje-cosmin-costinas-i-inti-guerrero\/#breadcrumb"},"inLanguage":"en-US","potentialAction":[{"@type":"ReadAction","target":["https:\/\/www.whw.hr\/%dogadjanja-slug%\/predavanje-cosmin-costinas-i-inti-guerrero\/"]}]},{"@type":"BreadcrumbList","@id":"https:\/\/www.whw.hr\/%dogadjanja-slug%\/predavanje-cosmin-costinas-i-inti-guerrero\/#breadcrumb","itemListElement":[{"@type":"ListItem","position":1,"name":"Po\u010detna stranica","item":"https:\/\/www.whw.hr\/"},{"@type":"ListItem","position":2,"name":"Predavanje: Cosmin Costinas i Inti Guerrero"}]},{"@type":"WebSite","@id":"https:\/\/www.whw.hr\/#website","url":"https:\/\/www.whw.hr\/","name":"whw \/ what, how & for whom","description":"what, how & for whom","publisher":{"@id":"https:\/\/www.whw.hr\/#organization"},"alternateName":"whw","potentialAction":[{"@type":"SearchAction","target":{"@type":"EntryPoint","urlTemplate":"https:\/\/www.whw.hr\/?s={search_term_string}"},"query-input":"required name=search_term_string"}],"inLanguage":"en-US"},{"@type":"Organization","@id":"https:\/\/www.whw.hr\/#organization","name":"whw \/ what, how & for whom","alternateName":"whw","url":"https:\/\/www.whw.hr\/","logo":{"@type":"ImageObject","inLanguage":"en-US","@id":"https:\/\/www.whw.hr\/#\/schema\/logo\/image\/","url":"https:\/\/www.whw.hr\/wp-content\/uploads\/2022\/12\/jmm-68-1-2.jpg","contentUrl":"https:\/\/www.whw.hr\/wp-content\/uploads\/2022\/12\/jmm-68-1-2.jpg","width":2000,"height":1333,"caption":"whw \/ what, how & for whom"},"image":{"@id":"https:\/\/www.whw.hr\/#\/schema\/logo\/image\/"},"sameAs":["https:\/\/www.instagram.com\/whw_what.how.for.whom\/","https:\/\/www.youtube.com\/channel\/UCYplGnLkNqPXZSBaJgv4mZw","https:\/\/www.facebook.com\/galerijanova"]}]}},"_links":{"self":[{"href":"https:\/\/www.whw.hr\/wp-json\/wp\/v2\/dogadjanja\/5113","targetHints":{"allow":["GET"]}}],"collection":[{"href":"https:\/\/www.whw.hr\/wp-json\/wp\/v2\/dogadjanja"}],"about":[{"href":"https:\/\/www.whw.hr\/wp-json\/wp\/v2\/types\/dogadjanja"}],"author":[{"embeddable":true,"href":"https:\/\/www.whw.hr\/wp-json\/wp\/v2\/users\/2"}],"version-history":[{"count":9,"href":"https:\/\/www.whw.hr\/wp-json\/wp\/v2\/dogadjanja\/5113\/revisions"}],"predecessor-version":[{"id":5297,"href":"https:\/\/www.whw.hr\/wp-json\/wp\/v2\/dogadjanja\/5113\/revisions\/5297"}],"wp:featuredmedia":[{"embeddable":true,"href":"https:\/\/www.whw.hr\/wp-json\/wp\/v2\/media\/5114"}],"wp:attachment":[{"href":"https:\/\/www.whw.hr\/wp-json\/wp\/v2\/media?parent=5113"}],"wp:term":[{"taxonomy":"category","embeddable":true,"href":"https:\/\/www.whw.hr\/wp-json\/wp\/v2\/categories?post=5113"},{"taxonomy":"post_tag","embeddable":true,"href":"https:\/\/www.whw.hr\/wp-json\/wp\/v2\/tags?post=5113"}],"curies":[{"name":"wp","href":"https:\/\/api.w.org\/{rel}","templated":true}]}}