{"id":4980,"date":"2025-10-15T17:24:14","date_gmt":"2025-10-15T15:24:14","guid":{"rendered":"https:\/\/www.whw.hr\/program\/\/"},"modified":"2025-12-03T11:37:39","modified_gmt":"2025-12-03T10:37:39","slug":"na-izmaku-svitanja","status":"publish","type":"dogadjanja","link":"https:\/\/www.whw.hr\/%dogadjanja-slug%\/na-izmaku-svitanja\/","title":{"rendered":"At the End of the Small Hours "},"content":{"rendered":"<p>In 1939, Aim\u00e9 C\u00e9saire (1913-2008) first published his extended poem, <em>Return to My Native Land<\/em>. Now considered a hymn to the African diaspora and a pivotal text of the N\u00e9gritude movement, the poem launched a compelling critique of the French colonial system. While first and foremost a poet, C\u00e9saire had also built an extensive career as a politician from Martinique, a Caribbean island that has been part of the French Antilles since 1946. C\u00e9saire was the mayor of the island\u2019s capital, Fort de France, and for many years also served as the representative of the island in the French National Assembly. A communist until 1956, he stayed involved in anti-colonial politics through the end of his life.<\/p>\n<p>Deemed one of the founders of N\u00e9gritude, a movement that attempted to vindicate African cultural values devalued by the colonial and postcolonial system, C\u00e9saire was a crucial figure among radical Caribbean intellectuals, whose work was informed by the experience of slavery, colonialism, and the struggles for decolonization. He cemented this position with the 1950 publication of his famous poetic political text <em>Discourse on Colonialism<\/em>, which Robin D. G. Kelley likened to &#8216;almost a third world manifesto.\u2019 Drafted in the aftermath of the fascism that had left Europe in ruins, in a moment when old empires were beginning to collapse and the age of decolonization was still just dawning, the text famously demonstrates how colonialism affects (and ruins) not only the colonized, but also the colonizers. C\u00e9saire draws a direct link between the logic of colonialism and the rise of fascism, claiming that fascism had been tolerated and legitimized as long it has applied to non-Europeans. What back then seemed like provocation, today offers crucial insight into the present struggles for liberation and justice.<\/p>\n<p>In <em>Return to My Native Land, <\/em>C\u00e9saire repeated the refrain \u201cat the end of the small hours\u201d as an evocation of a present moment steeped in the sense of the impending end to something already past, something that no longer carries any promise. At the same time, the phrase teases the beginning of something whose shape is still unclear. By taking this refrain as its title, this exhibition issues a call to move away from the notion of \u201csingle roots&#8221; towards multiple forms of belonging and potential solidarities.<\/p>\n<p>One such solidarity is modeled in the friendship between C\u00e9saire and linguist Peter Guberina. While the men first met as students at the Sorbonne, they would forge a lifelong friendship bound by a shared commitment to the anti-colonial struggle. In 1935, in a curious twist of fate, Guberina invited C\u00e9saire to \u0160ibenik. We first learned about this meeting through Fran\u00e7oise Verg\u00e8s\u2019s text \u201cMartinska\/Martinique. Aim\u00e9 C\u00e9saire Return to My Native Land,\u201d<a href=\"https:\/\/iniva.org\/wp-content\/uploads\/2020\/04\/Francoise-Verges-Aime-Cesaire.pdf\" name=\"_ftnref1\"><em><sup><strong>[1]<\/strong><\/sup><\/em><\/a> in which she describes how \u201cthis descendant of African slaves, this colonized of the French colonial empire\u201d was inspired and moved by the similarities he observed between Martinique and the Dalmatian city. Verg\u00e8s proposes that by coming to Dalmatia from Paris, C\u00e9saire staked the necessary distance from a colonial center to find his voice and start writing <em>Return to My Native Land<\/em>.<\/p>\n<p>There are different accounts of their meeting but what emerges as important is not some definitive version or interpretation, but rather a mode of research built around anecdotes and personal connections, lived experiences and encounters, improvisation and political solidarities. We took this same approach as a starting point for this exhibition. Situated within Zagreb\u2019s Ethnographic Museum, an institution itself embedded in the colonial legacy, \u201cAt the end of the small hours\u201d plots an imagined cartography of connections and exchanges across time and space. What we took from the story of the meeting between C\u00e9saire and Guberina is the possibility of building transnational lines of solidarities that pick up where historical anti-imperialist struggles stopped, while also recognizing the historical accounts of this meeting as something of use for a political project of the future.<\/p>\n<p><strong><br \/>\nMajd Abdel Hamid<\/strong><\/p>\n<p><em>Sea Lines, 2025 <\/em><\/p>\n<p>Majd Abdel Hamid\u2019s artistic practice is rooted in applying slow, repetitive, performative gestures like embroidery as a counterbalance to high-speed digital image production. Working across video, installation, drawing and sculpture, he explores themes of national identity and trauma. Building off of the artist\u2019s ongoing series \u2018Borderlines\u2019 (2017-), his most recent body of work, <em>Sea-Lines <\/em>(2025) uses thread to plot the maritime boundaries of the Mediterranean Sea. The abstract lines trace the impossible, yet politically enforced divisions of water.<\/p>\n<p>Majd Abdel Hamid is a visual artist from Palestine, who is currently based between Beirut and Paris. He attended the International Academy of Art in Palestine, before graduating from the Malm\u00f6 Art Academy in Sweden. His solo exhibitions include \u201c800 meters and a corridor\u201d, gb agency, Paris (2022); \u201cMuscle Memory\u201d, Centre for Contemporary Arts, Glasgow (2022); and \u201cA Stitch in Time,\u201d Fondation d&#8217;Entreprise Herm\u00e8s, Brussels (2021). His work has been featured in numerous group exhibitions, including \u201cSplendid Isolation,\u201d SMAK, Ghent (2022); \u201cR\u00e9pare, Reprise,\u201d Cit\u00e9 International des Arts, Paris, (2021); \u201cHeartbreak,\u201d Ruya Maps, Venice; and \u201cTouch\u00e9! (gesture, movement, action),\u201d Beirut Art Center, (2019).<\/p>\n<p><strong>&nbsp;<\/strong><\/p>\n<p><strong>Nolan Oswald Dennis <\/strong><\/p>\n<p>with<strong> Anka Belobrajdi\u0107<\/strong><strong>, Robert Gu<\/strong><strong>\u0161a, Ana Karlovi\u0107, Kristina Matkovi\u0107, Ivana Prodan and Sanja Agneza Sabo Majer <\/strong><\/p>\n<p><em>Xenoliths<\/em>, 2025<\/p>\n<p>Literally meaning &#8220;foreign rock,\u201d xenolith is a term used to describe heterogenous rock fragments that have been incorporated into otherwise homogenous formations. Drawing on this geological phenomenon, Nolan Oswald Dennis has developed <em>Xenoliths<\/em> (2025), sculptures that use indigenous earth construction methods to model the socio-geological relationships between a specific community of people, a particular place and an alternate spacetime of alienation and belonging. These works are produced collectively, without the direct intervention of the artist. Volunteers follow a recipe written by Dennis in collaboration with a geologically defined place and a community forged from people conscious of, and in critique of, the typical power dynamics operating in that place. The rules of this collaboration are determined and revised by the temporary community responsible for producing the work. In Zagreb, that community included employees of the Ethnographic Museum.<\/p>\n<p>Nolan Oswald Dennis is an artist based in Johannesburg, South Africa. Their practice explores the material and metaphysical conditions of decolonization, questioning histories of space and time through system-specific interventions. They hold a Bachelor&#8217;s degree in Architecture from the University of the Witwatersrand (Wits) and a Master\u2019s degree in Art, Culture, and Technology from the Massachusetts Institute of Technology (MIT). Their work has been the subject of solo exhibitions at Kunstinstituut Melly in Rotterdam, Swiss Institute in New York, and Zeitz MOCAA in Cape Town. They have been featured in group exhibitions including FRONT Triennial, Cleveland; Lagos Biennial; Liverpool Biennial; MACBA, Barcelona; Palais de Tokyo, Paris; Seoul Mediacity Biennale; Shanghai Biennale; and Young Congo Biennale. They are a member of artist groups NTU and Index Literacy Program, a research associate with the VIAD Research Centre at the University of Johannesburg, and a member of the Edouard Glissant Art Fund Scientific Committee.<\/p>\n<figure id=\"attachment_4996\" aria-describedby=\"caption-attachment-4996\" style=\"width: 7504px\" class=\"wp-caption alignnone\"><img loading=\"lazy\" decoding=\"async\" class=\"size-full wp-image-4996\" src=\"https:\/\/www.whw.hr\/wp-content\/uploads\/2025\/10\/nolan-oswald-dennis_2-1.jpg\" alt=\"\" width=\"7504\" height=\"5005\" srcset=\"https:\/\/www.whw.hr\/wp-content\/uploads\/2025\/10\/nolan-oswald-dennis_2-1.jpg 7504w, https:\/\/www.whw.hr\/wp-content\/uploads\/2025\/10\/nolan-oswald-dennis_2-1-1600x1067.jpg 1600w, https:\/\/www.whw.hr\/wp-content\/uploads\/2025\/10\/nolan-oswald-dennis_2-1-735x490.jpg 735w, https:\/\/www.whw.hr\/wp-content\/uploads\/2025\/10\/nolan-oswald-dennis_2-1-450x300.jpg 450w\" sizes=\"auto, (max-width: 7504px) 100vw, 7504px\" \/><figcaption id=\"caption-attachment-4996\" class=\"wp-caption-text\">Nolan Oswald Dennis, <em>\/\/hii!gaeb cluster (shrine, strand, yardie, promise, acts, &amp; graves)<\/em>, 2022, Rendered by Lameeze Davis and Thobile Ndenze<\/figcaption><\/figure>\n<p><strong>Sharon Hayes<\/strong><\/p>\n<p><em>I March In The Parade of Liberty But As Long As I Love You I<\/em><em>\u2019<\/em><em>m Not Free<\/em>, 2007 &#8211; 2008<\/p>\n<p>Sharon Hayes has built a practice through conversation and collective acts, dismantling the grammars\u2014linguistic, affective, and sonic\u2014through which political resistance manifests. For the eight-part performance <em>I March In The Parade of Liberty But As Long As I Love You I<\/em><em>\u2019<\/em><em>m Not Free <\/em>(2007-2008), the artist walked from New York\u2019s New Museum of Contemporary Art to sites of public speech such as Union Square, Tompkins Square, Christopher Street Park, and Chinatown\u2019s Confucius Square. Wielding a bullhorn along her way, Hayes read aloud a love letter compiled from sources such as newspaper reportage from NYC from the early days of the Gay Liberation Movement, slogans from queer rights protests from 1969 to 1993, and Oscar Wilde\u2019s \u201cDe Profundis\u201d (1897), the letter he wrote to Lord Alfred Douglas from prison. As the artist describes, \u201cThis work attempts to speak about certain intersections between love and politics that aren\u2019t so often talked about.\u201d<\/p>\n<p>Sharon Hayes is an artist who uses video, performance, sound, and public sculpture to expose specific intersections between history, politics, and speech. Hayes has had numerous solo exhibitions, including at n.b.k. (Neue Berliner Kunstverein), Berlin (2022); Moderna Museet, Stockholm (2019); the Whitney Museum of American Art, New York (2012); and the Museo Nacional Centro de Arte Reina Sofia, Madrid (2012). Her work has also been exhibited at the Whitney Biennial (2024), Venice Biennale (2013), the Solomon R. Guggenheim Museum, and the Museum of Modern Art in New York. She is Chair of the Department of Fine Arts, Weitzman School of Design, University of Pennsylvania, where she has been teaching since 2015.<\/p>\n<figure id=\"attachment_4998\" aria-describedby=\"caption-attachment-4998\" style=\"width: 3024px\" class=\"wp-caption alignnone\"><img loading=\"lazy\" decoding=\"async\" class=\"size-full wp-image-4998\" src=\"https:\/\/www.whw.hr\/wp-content\/uploads\/2025\/10\/Photo-Mar-15-3-37-24-PM-1.jpg\" alt=\"\" width=\"3024\" height=\"4032\" srcset=\"https:\/\/www.whw.hr\/wp-content\/uploads\/2025\/10\/Photo-Mar-15-3-37-24-PM-1.jpg 3024w, https:\/\/www.whw.hr\/wp-content\/uploads\/2025\/10\/Photo-Mar-15-3-37-24-PM-1-1600x2133.jpg 1600w, https:\/\/www.whw.hr\/wp-content\/uploads\/2025\/10\/Photo-Mar-15-3-37-24-PM-1-735x980.jpg 735w, https:\/\/www.whw.hr\/wp-content\/uploads\/2025\/10\/Photo-Mar-15-3-37-24-PM-1-450x600.jpg 450w\" sizes=\"auto, (max-width: 3024px) 100vw, 3024px\" \/><figcaption id=\"caption-attachment-4998\" class=\"wp-caption-text\">Sharon Hayes, <em>I March In The Parade Of Liberty But As Long As I Love You I\u2019m Not Free<\/em>, 2007\/2008, Courtesy of the artist and Tanya Leighton Gallery<\/figcaption><\/figure>\n<p><strong>Belinda Kazeem-Kami\u0144ski<\/strong><\/p>\n<p><em>In Remembrance to the Man Who Became Known as Angelo Soliman, (Ante Mortem) I &amp; (Post Mortem) II<\/em>, 2015<\/p>\n<p>This two-part photographic work deals with the display of the body of Angelo Soliman (unknown-1790) in the former Imperial and Royal Court Museum and Natural History Museum in Vienna. The man who became known as Angelo Soliman was abducted from the African continent as a child, enslaved, and ended up serving the Prince of Liechtenstein. Immediately following his death from what was most likely a stroke, his body was stuffed and later exhibited. In this work, Belinda Kazeem-Kaminski concentrates on items that were assigned to Soliman\u2014a turban; pyramidal objects; a metal lion; red, blue, and white feathers\u2014and used to objectify him both during his lifetime (ante mortem) and after his death (post mortem). The objectified human is absent, whereas the tools of his objectification remain and become the objects of artistic inquiry. In employing this perspective, Kazeem-Kaminski contradicts the voyeuristic compulsion and racist prejudices that foreground (Western) museal (ethnographic) representation. But this diptych does not simply show the display cases containing Soliman\u2019s props: both photographs also feature two arms, decked in black sleeves with white gloves, that hold the cases, evoking the figure of the custodian or restorer. In creating this effect of a frame within a frame, the work insists on the museal apparatus and its relentless logics of collecting, preserving, and exhibiting. &nbsp;Anne Faucheret and Belinda Kazeem-Kaminski<\/p>\n<p>Belinda Kazeem-Kami\u0144ski is a Vienna-based writer, artist, and researcher whose work spans text, video installation, photography, and performance. Rooted in Black feminist theory and practice, her research-driven approach investigates the complexities of Black life within the African diaspora, with a focus on the German-speaking context. Her projects often start with archival residues and interweave multiple spaces and temporalities, challenging boundaries between documentary and speculation. Her first monograph, <em>H(a)untings \/ Heim-Suchungen<\/em>, was published by Sternberg Press in 2023. She is currently developing a long-term research project exploring African Diaspora temporalities, funded by the Austrian Academy of Sciences. Her work has been shown at Art Encounters, Timi\u015foara (2025), Art X Lagos (2023), the Liverpool Biennial (2023), Les Rencontres d\u2019Arles (2022), Camera Austria Graz (2022), and Kunsthalle Wien (2021), and screened at the International Film Festival Rotterdam and Vancouver International Film Festival. She has been awarded with the Otto Mauer Prize (2023), the Art X Prize for Africa Diaspora (2022), and the Camera Austria Award (2021).<\/p>\n<figure id=\"attachment_5001\" aria-describedby=\"caption-attachment-5001\" style=\"width: 8268px\" class=\"wp-caption alignnone\"><img loading=\"lazy\" decoding=\"async\" class=\"size-full wp-image-5001\" src=\"https:\/\/www.whw.hr\/wp-content\/uploads\/2025\/10\/01_Belinda_In-Remembrance-to-the-Man-who-Became-Known-As-Angelo-Soliman-Ante-Mortem-I-and-Post-Mortem-I_final_1-Kopie-1.jpg\" alt=\"\" width=\"8268\" height=\"5516\" srcset=\"https:\/\/www.whw.hr\/wp-content\/uploads\/2025\/10\/01_Belinda_In-Remembrance-to-the-Man-who-Became-Known-As-Angelo-Soliman-Ante-Mortem-I-and-Post-Mortem-I_final_1-Kopie-1.jpg 8268w, https:\/\/www.whw.hr\/wp-content\/uploads\/2025\/10\/01_Belinda_In-Remembrance-to-the-Man-who-Became-Known-As-Angelo-Soliman-Ante-Mortem-I-and-Post-Mortem-I_final_1-Kopie-1-1600x1067.jpg 1600w, https:\/\/www.whw.hr\/wp-content\/uploads\/2025\/10\/01_Belinda_In-Remembrance-to-the-Man-who-Became-Known-As-Angelo-Soliman-Ante-Mortem-I-and-Post-Mortem-I_final_1-Kopie-1-735x490.jpg 735w, https:\/\/www.whw.hr\/wp-content\/uploads\/2025\/10\/01_Belinda_In-Remembrance-to-the-Man-who-Became-Known-As-Angelo-Soliman-Ante-Mortem-I-and-Post-Mortem-I_final_1-Kopie-1-450x300.jpg 450w\" sizes=\"auto, (max-width: 8268px) 100vw, 8268px\" \/><figcaption id=\"caption-attachment-5001\" class=\"wp-caption-text\">Belinda Kazeem-Kami\u0144ski, <em>In Remembrance to the man who became known as Angelo Soliman, (ante mortem) I and (post mortem) II<\/em>, 2015, Courtesy of the artist<\/figcaption><\/figure>\n<p><strong>Glorija Lizde<\/strong><\/p>\n<p><em>Fearless Youth<\/em>, 2024<\/p>\n<p>The photography series \u201cFearless Youth\u201d (2024) is based on the eponymous, unpublished autobiography of my grandfather Hasan (1928\u20132011) in which he recalls, among other things, his experiences in World War II. His upbringing in a Muslim village in Bosnia and Herzegovina (then Yugoslavia) was abruptly interrupted when he, following in the footsteps of his older brothers, joined the fascist Ustashe army in 1943. In 1945, he surrendered and joined the Partisan movement, National Liberation Army. Following my grandfather\u2019s descriptions, maps, and routes and using his book as a compass, I traveled 1800 km through Croatia, Bosnia and Herzegovina, and Slovenia to visit the places he describes, burdened by history and marked by traumatic events. Through the act of photography, they became personal monuments of our relationship, a meeting point of the past and the present.&nbsp;Like an unwanted family heirloom, the past is passed down from generation to generation, we are born into it and we carry it even if we never witnessed it. Using archival material along with the landscapes and self-portraits, I am weaving a map of intertwined personal and collective history to establish a dialogue with my late grandfather\u2019s past, a past that is inevitably mine. Glorija Lizde<\/p>\n<p>Glorija Lizde, based in Split, holds a BA in Film and Video from the Arts Academy in Split and an MA in Photography from the Academy of Dramatic Art in Zagreb. Her work explores themes of family dynamics, inheritance, and memory, using both documentary and staged photography. She has held several solo exhibitions and participated in numerous group shows in Croatia and internationally, including the O21 OSTRALE Biennale;&nbsp;\u201cShe Who Starts the Song\u201d for the&nbsp;17th Gjon Mili International Exhibition of Photography and Moving Image, Prishtina;&nbsp;\u201cFamiliar Fantoms,\u201d Residency Unlimited, New York;<em>&nbsp;<\/em>Athens Photo Festival<em>, <\/em>Benaki Museum, Athens; and \u201cFloodlit Room \u2013 Women\u2019s Photographic Practices in Croatia,\u201d for The 57th Zagreb Salon. In 2022, she received the Dr. \u00c9va Kah\u00e1n Foundation Scholarship and Residency and was awarded the Radoslav Putar Award for the best young visual artist in Croatia.<\/p>\n<figure id=\"attachment_5003\" aria-describedby=\"caption-attachment-5003\" style=\"width: 4000px\" class=\"wp-caption alignnone\"><img loading=\"lazy\" decoding=\"async\" class=\"size-full wp-image-5003\" src=\"https:\/\/www.whw.hr\/wp-content\/uploads\/2025\/10\/01_Neustrasiva-mladost-Glorija-Lizde-2024-1.jpg\" alt=\"\" width=\"4000\" height=\"3429\" srcset=\"https:\/\/www.whw.hr\/wp-content\/uploads\/2025\/10\/01_Neustrasiva-mladost-Glorija-Lizde-2024-1.jpg 4000w, https:\/\/www.whw.hr\/wp-content\/uploads\/2025\/10\/01_Neustrasiva-mladost-Glorija-Lizde-2024-1-1600x1372.jpg 1600w, https:\/\/www.whw.hr\/wp-content\/uploads\/2025\/10\/01_Neustrasiva-mladost-Glorija-Lizde-2024-1-735x630.jpg 735w, https:\/\/www.whw.hr\/wp-content\/uploads\/2025\/10\/01_Neustrasiva-mladost-Glorija-Lizde-2024-1-450x386.jpg 450w\" sizes=\"auto, (max-width: 4000px) 100vw, 4000px\" \/><figcaption id=\"caption-attachment-5003\" class=\"wp-caption-text\">Glorija Lizde, <i><span style=\"font-weight: 400;\">Fearless youth, <\/span><\/i><span style=\"font-weight: 400;\">2024, <\/span><span style=\"font-weight: 400;\">Courtesy of the artist&nbsp;<\/span><\/figcaption><\/figure>\n<p><strong>Alban Muja<\/strong><\/p>\n<p><em>I Believe the Portrait Saved Me, <\/em>2025.<\/p>\n<p><em>I Believe the Portrait Saved Me<\/em> (2025) is rooted in a deeply personal story of survival during the Kosovo War. Twenty-five years after his abduction, my father, the painter Skender Muja, recounts the harrowing months he and many others endured when they were captured while fleeing Mitrovica and detained in a repurposed school. Through his narration, the film explores how art became more than expression\u2014it became a lifeline. The work interweaves his memories with reflections on the transformative role of painting, demonstrating how creativity can serve as a form of resistance, resilience, and survival under oppressive conditions. This piece is both a remembrance of a painful history and a meditation on the enduring capacity of art to preserve one\u2019s voice, dignity, and humanity, even when everything else is stripped away.<\/p>\n<p>&#8211; Alban Muja<\/p>\n<p>Alban Muja is a Kosovan contemporary artist and filmmaker based in Berlin and Prishtina. His work is primarily influenced by the social, political, and economic transformation processes in the wider Balkan region. Through a multidisciplinary practice, he investigates history and socio-political themes, often linking them to his own position in Kosovo today. In 2019, Muja represented the Republic of Kosovo at the 58th Venice Biennale with his three-channel video installation <em>Family Album<\/em>. His work has been presented in numerous international exhibitions and festivals, including the 75th Berlinale (Forum Expanded); Art Encounters Biennial, Timi\u0219oara; Sarajevo Film Festival; Manifesta 14, Prishtina; Ludwig Museum, Budapest; MAXXI Museum, Rome; 3rd Industrial Art Biennial, Istria, Croatia; MOMus Experimental Center for the Arts, Thessaloniki; Kumu Art Museum, Tallinn; Guangdong Museum of Art; Museum of Contemporary Art, Skopje; Forum Stadtpark, Graz; Zache\u0328ta National Gallery of Art, Warsaw; National Gallery of Kosovo; Staatliche Kunsthalle, Baden-Baden; the 28th Ljubljana Graphic Biennale; the National Gallery of Arts, Tirana; and the Cetinje Biennale, among others.<\/p>\n<figure id=\"attachment_5004\" aria-describedby=\"caption-attachment-5004\" style=\"width: 1482px\" class=\"wp-caption alignnone\"><img loading=\"lazy\" decoding=\"async\" class=\"size-full wp-image-5004\" src=\"https:\/\/www.whw.hr\/wp-content\/uploads\/2025\/10\/Alban-Muja-1.jpg\" alt=\"\" width=\"1482\" height=\"1080\" srcset=\"https:\/\/www.whw.hr\/wp-content\/uploads\/2025\/10\/Alban-Muja-1.jpg 1482w, https:\/\/www.whw.hr\/wp-content\/uploads\/2025\/10\/Alban-Muja-1-735x536.jpg 735w, https:\/\/www.whw.hr\/wp-content\/uploads\/2025\/10\/Alban-Muja-1-450x328.jpg 450w\" sizes=\"auto, (max-width: 1482px) 100vw, 1482px\" \/><figcaption id=\"caption-attachment-5004\" class=\"wp-caption-text\">Alban Muja, <em>I Believe the Portrait Saved Me<\/em>, 2025, Courtesy of the artist<\/figcaption><\/figure>\n<p><strong>Fette Sans<\/strong><\/p>\n<p><em>Prophecies so accurate they had to be buried, <\/em>2025.<\/p>\n<p>These objects are to be worn in battle\u2014to contest what keeps us shackled to the position in which it is easier to expect the end of the world than to imagine an end to capitalism. Perhaps optimism is devotional, perhaps it takes a certain kind of litany for superstition to become a weapon, to turn ornamental. Each piece is a divination mirror is a unique assemblage of found objects is a scepter against sovereignty.<\/p>\n<p>Each piece kills fascists. Fette Sans<\/p>\n<p>Fette Sans is a Zagreb-based conceptual artist whose films, performances, writings, and installations consider how reality is performed and mediated by images\u2014particularly via screens. Her multi-disciplinary practice explores states of being and belonging, stemming from existing as an aging neuro-divergent, queer body, and weaves in durational and devotional ideas of total communication. Collaboration is primordial. She has been developing many actions alongside actors, musicians, and writers\u2014often with origins outside of \u201cprofessional fields,\u201d subsequently producing printed materials which she insists on distributing with open-hand as to divert from the hegemony of the-everything-online-all-the-time.<\/p>\n<figure id=\"attachment_5006\" aria-describedby=\"caption-attachment-5006\" style=\"width: 2000px\" class=\"wp-caption alignnone\"><img loading=\"lazy\" decoding=\"async\" class=\"size-full wp-image-5006\" src=\"https:\/\/www.whw.hr\/wp-content\/uploads\/2025\/10\/Fette-Sans-1.jpg\" alt=\"\" width=\"2000\" height=\"2667\" srcset=\"https:\/\/www.whw.hr\/wp-content\/uploads\/2025\/10\/Fette-Sans-1.jpg 2000w, https:\/\/www.whw.hr\/wp-content\/uploads\/2025\/10\/Fette-Sans-1-1600x2134.jpg 1600w, https:\/\/www.whw.hr\/wp-content\/uploads\/2025\/10\/Fette-Sans-1-735x980.jpg 735w, https:\/\/www.whw.hr\/wp-content\/uploads\/2025\/10\/Fette-Sans-1-450x600.jpg 450w\" sizes=\"auto, (max-width: 2000px) 100vw, 2000px\" \/><figcaption id=\"caption-attachment-5006\" class=\"wp-caption-text\">Fette Sans, <em>Prophecies so accurate they had to be buried<\/em>, 2025, objects, Courtesy of the artist<\/figcaption><\/figure>\n<p><strong>Milo\u0161 Trakilovi\u0107<\/strong><\/p>\n<p><em>Colorless Green Freedoms Sleep Furiously<\/em>, 2023<\/p>\n<p>In <em>Colorless Green Freedoms Sleep<\/em> <em>Furiously<\/em> (2023), the color green poetically weaves through different storylines about freedom, visibility, and memory. The work is based on conversations between Milo\u0161 Trakilovi\u0107 and his mother, in which they discussed their lives during the war in Bosnia and their arrival in the Netherlands as refugees. In the film, the artist\u2019s mother shares how a patch of grass at the refugee center\u2014so alive, green, and lush\u2014momentarily freed her from the experience of being in a warzone. The work attempts to retrace and recreate that moment through diverse visualization techniques, shifting fluidly between simulated and existing landscapes. Filmed in the Netherlands and Bosnia and Herzegovina, the work unfolds as an inquisitive and poetic dream sequence that challenges the hegemonic role of truth in narratives of war, displacement, and visual culture at large, ultimately invoking the invisible, unrelenting spectral forces that shape the memory and experience of war.<\/p>\n<p>Milo\u0161 Trakilovi\u0107 is an artist based in Berlin who primarily works with digital and time-based media, focusing on themes of dissolution, fragmentation, memory, and loss. His recent work examines the role of vision in shaping meaning and producing power in the wake of the digital turn, investigating how technological advancements and digitalization influence human perception. He holds a BFA and MFA from the University of the Arts in Berlin, where he studied in the Experimental Film and New Media Art department. His work has been presented at Kunst Werke, Berlin (2025); National Art Center, Tokyo (2024); Grazer Kunstverein, Graz (2023); Traf\u00f3 Gallery, Budapest (2023); Stedelijk Museum, Amsterdam (2022);&nbsp; Badischer Kunstverein, Karlsruhe (2021); Ljubljana Biennale of Graphic Arts (2021); Kunsthalle Wien, Vienna (2020); Neuer Berliner Kunstverein, Berlin (2019), among others.&nbsp; His work is held in public collections including the Museum of Modern Art, Warsaw, and Neuer Berliner Kunstverein (n.b.k.), Berlin. Trakilovi\u0107 was a resident at the Rijksakademie van Beeldende Kunsten in Amsterdam from 2022 to 2024.<\/p>\n<figure id=\"attachment_5007\" aria-describedby=\"caption-attachment-5007\" style=\"width: 2048px\" class=\"wp-caption alignnone\"><img loading=\"lazy\" decoding=\"async\" class=\"size-full wp-image-5007\" src=\"https:\/\/www.whw.hr\/wp-content\/uploads\/2025\/10\/milos_still_2.jpg\" alt=\"\" width=\"2048\" height=\"1152\" srcset=\"https:\/\/www.whw.hr\/wp-content\/uploads\/2025\/10\/milos_still_2.jpg 2048w, https:\/\/www.whw.hr\/wp-content\/uploads\/2025\/10\/milos_still_2-1600x900.jpg 1600w, https:\/\/www.whw.hr\/wp-content\/uploads\/2025\/10\/milos_still_2-735x413.jpg 735w, https:\/\/www.whw.hr\/wp-content\/uploads\/2025\/10\/milos_still_2-450x253.jpg 450w\" sizes=\"auto, (max-width: 2048px) 100vw, 2048px\" \/><figcaption id=\"caption-attachment-5007\" class=\"wp-caption-text\">Milo\u0161 Trakilovi\u0107, Colorless Green Freedoms Sleep Furiously, 2023, Courtesy of the artist<\/figcaption><\/figure>\n<p><strong>&nbsp;<br \/>\n<\/strong><\/p>\n<p><strong>PERFORMANCE PROGRAM<\/strong><\/p>\n<p>For this exhibition, <strong>Tea Kantoci<\/strong> curated a series of performances taking place in the storage of the Ethnographic Museum, featuring <strong>selma banich<\/strong>, <strong>Anna Javoran<\/strong>, and <strong>Nika Pe\u0107arina<\/strong>.<\/p>\n<p>The performance program unfolds as a dramaturgy in which the works merge into one another, establishing relationships beyond the hierarchy and logic of the museum order. In direct defiance of this order, Nika Pe\u0107arina\u2019s work imagines destiny through the lens of reincarnation, unmooring the individual and freeing time from linearity. This serves as a kind of segue into the practice of selma banich, which gives form to an identity that inhabits absent spaces and develops objects of memory and knowledge. From these fragments emerges the performance of Anna Javoran, which kindles a collective spark of poly-erotic imagination, drawing on traces of past and future possibilities. Each performance contextualizes the other, establishing a nuanced choreography of relations through which the collection, identity, memory, and imagination become open fields of inscription and transformation, eluding finality and stability and turning voice, body, movement, and image into facilitators of a shared, plural being. Tea Kantoci<\/p>\n<p><strong>Tea Kantoci<\/strong> is a curator and researcher based in Zagreb, working at the intersection of performance, experimental formats, and interdisciplinary artistic practices. She is part of the curatorial-organizational team of both Antisezona, a year-round program of contemporary dance, new media, and related practices at the Museum of Contemporary Art Zagreb (MSU), and the festival Improspekcije \/ PoslijeSvijet, which explores embodied futures through the performing arts. Her practice is based on long-term, process-oriented collaborations and the development of infrastructural imagination. She is actively involved in local initiatives such as Klaonica, which advocates repurposing the former city slaughterhouse into an autonomous space for artistic production, and Arhiv odozdo (Archive from Below), which focuses on organizational memory as a tool for sustainability and care in cultural work. She co-coordinates Dru\u0161tvo 11 lisica, a feminist reading-and-viewing club, together with dramaturg Nina Goji\u0107. She collaborates with MSU Zagreb, Muzej susjedstva Tre\u0161njevka, and organizations such as BLOK, Kurziv, Kulturtreger, Kik Melone, and Divert. She holds an MA in Journalism from the Faculty of Political Science (FPZG), an MA in Theory and Culture of Fashion from the Faculty of Textile Technology (TTF), and an MA in Museology and Heritage Management from the Faculty of Humanities and Social Sciences in Zagreb, and she completed the Education Program of the Center for Women\u2019s Studies in Zagreb.<\/p>\n<p><strong>&nbsp;<\/strong><\/p>\n<p><strong>selma banich<\/strong><\/p>\n<p><em>Yugo-Palestinian<\/em>, 2025<\/p>\n<p>selma banich\u2019s performance embodies a Yugo-Palestinian entity, conceived as a voice and a body that inhabits personal, political, and collective space. One-to-one encounters are shaped as intimate rituals of trust, in which somatic practices summon and form objects of knowledge, memory, and impulse. What emerges in these encounters is given and entrusted to the Ethnographic Museum\u2019s collection, as heritage yet to be interpreted. The work unfolds as a process of archiving through touch, breath, and shared imagination, where the present becomes something written anew, from within.<\/p>\n<p><strong>selma banich<\/strong> is an artist, activist, community organizer, and expressive art therapy practitioner. Her artistic practice is rooted in process-based, research-driven, and activist work, and is politically inspired by anarchism and feminism. She works both independently and in collaboration with other artists and curators, as well as groups, communities, and initiatives across the Balkans, Europe, and the United States. She has participated in numerous dance, theater, opera, and film productions as a choreographer and performer. She takes part in local and transnational solidarity initiatives focused on feminist, anti-fascist, migrant, and workers\u2019 struggles; at present, these include Zagreb grad-uto\u010di\u0161te, Solidarityline Balkans, Za KRUH, and \u0160trajk za Gazu. She is the recipient of several grants and awards, including ArtsLink International Fellowships (New York, 2019); the Jackman Goldwasser International Visiting Artist Residency (Chicago, 2019); Akademie Schloss Solitude (Stuttgart, 2023); the MuseumsQuartier Artist-in-Residence Program (Vienna, 2025); and the Nada Dimi\u0107 Award with the collectives \u017dene \u017eenama (2020) and Sloga (2021).<\/p>\n<figure id=\"attachment_5008\" aria-describedby=\"caption-attachment-5008\" style=\"width: 2738px\" class=\"wp-caption alignnone\"><img loading=\"lazy\" decoding=\"async\" class=\"size-full wp-image-5008\" src=\"https:\/\/www.whw.hr\/wp-content\/uploads\/2025\/10\/Urlici-_-Howls-foto-by-Tomislav-Jagar-1.jpg\" alt=\"\" width=\"2738\" height=\"1825\" srcset=\"https:\/\/www.whw.hr\/wp-content\/uploads\/2025\/10\/Urlici-_-Howls-foto-by-Tomislav-Jagar-1.jpg 2738w, https:\/\/www.whw.hr\/wp-content\/uploads\/2025\/10\/Urlici-_-Howls-foto-by-Tomislav-Jagar-1-1600x1066.jpg 1600w, https:\/\/www.whw.hr\/wp-content\/uploads\/2025\/10\/Urlici-_-Howls-foto-by-Tomislav-Jagar-1-735x490.jpg 735w, https:\/\/www.whw.hr\/wp-content\/uploads\/2025\/10\/Urlici-_-Howls-foto-by-Tomislav-Jagar-1-450x300.jpg 450w\" sizes=\"auto, (max-width: 2738px) 100vw, 2738px\" \/><figcaption id=\"caption-attachment-5008\" class=\"wp-caption-text\">selma banich, <em>Howls<\/em>, photo by: Tomislav Jagar<\/figcaption><\/figure>\n<p><strong>Anna Javoran<\/strong><\/p>\n<p><em>Politpraxis \u2013<\/em> <em>Voicing Desire<\/em>, 2025<\/p>\n<p>The work unfolds as a lecture-performance of the artist\u2019s ongoing praxis, developing and staging the idea of a \u201cpoly-erotic imagination.\u201d Drawing on the legacy of the Yugoslav Black Wave as a socio-political, artistic phenomenon, <em>Politpraxis &#8211; Voicing Desire <\/em>(2025) transforms Eros, play, and diverse subjectivities into tools for examining how revolutionary trajectories, identity, and political imagination are shaped, inscribed, and constrained through images and the sensuousness of the body. The piece explores the boundary between emancipation and exploitation, between desire and coercion. In this context, the performance uses reading, the body, and a collective spark to create a space for voicing and testing new erotic-political narratives.<\/p>\n<p><strong>Anna Javoran<\/strong> is a young choreographer, performer, and dramaturg from Novi Sad, Serbia. In Zagreb, she completed the Contemporary Dance (Performance) program at the Academy of Dramatic Art, followed by an MA in Performance Dramaturgy. As a performer, her notable work includes collaborations with Sonja Pregrad on <em>D O W L<\/em> (2021) and <em>O<\/em> (2023), as well as the auto-bio-choreography <em>j\u00e9r\u00f4me bel<\/em> as part of the STAGES project (HNK Zagreb, 2023). As a movement collaborator and assistant dramaturg, she has worked with directors such as Oliver Frlji\u0107, \u00c1rp\u00e1d Schilling, Dino Mustafi\u0107, Vedrana Klepica, Ivan Plazibat, and \u017diva Bizovi\u010dar; as a dramaturg, she has collaborated with Mia \u0160tark (<em>Da nam padne rosna ki\u0161a<\/em>, 2022) and with Dora Pocedi\u0107 and Linda Tarnovski (<em>co-la\u017eiranje<\/em>, 2024). She occasionally contributes to the <em>Kulturpunkt.hr<\/em> magazine. Her works as an author include <em>stasis: to visit<\/em> (with Ariana Prpi\u0107, 2020); the online collaborative <em>project Na\u0111ena koreografija <\/em>(2020); <em>Tajni vrt<\/em> (with Irma Unu\u0161i\u0107 and Sabrina Fraternali, 2022); the mobile phone score <em>One Mississippi Two Mississippi<\/em> (2024); and the performance <em>Strahovi malih razlika <\/em>(with Viktorija Bubalo, 2022), which has won awards from professional contemporary dance associations.<\/p>\n<figure id=\"attachment_5009\" aria-describedby=\"caption-attachment-5009\" style=\"width: 1200px\" class=\"wp-caption alignnone\"><img loading=\"lazy\" decoding=\"async\" class=\"size-full wp-image-5009\" src=\"https:\/\/www.whw.hr\/wp-content\/uploads\/2025\/10\/Novi-sad-blokada-tri-mosta-01.02.2025.-Foto_-Ana-Javoran.jpeg\" alt=\"\" width=\"1200\" height=\"1600\" srcset=\"https:\/\/www.whw.hr\/wp-content\/uploads\/2025\/10\/Novi-sad-blokada-tri-mosta-01.02.2025.-Foto_-Ana-Javoran.jpeg 1200w, https:\/\/www.whw.hr\/wp-content\/uploads\/2025\/10\/Novi-sad-blokada-tri-mosta-01.02.2025.-Foto_-Ana-Javoran-735x980.jpeg 735w, https:\/\/www.whw.hr\/wp-content\/uploads\/2025\/10\/Novi-sad-blokada-tri-mosta-01.02.2025.-Foto_-Ana-Javoran-450x600.jpeg 450w\" sizes=\"auto, (max-width: 1200px) 100vw, 1200px\" \/><figcaption id=\"caption-attachment-5009\" class=\"wp-caption-text\">Anna Javoran, Novi Sad, blockade of three bridges, February 1st 2025, photo by: Anna Javoran<\/figcaption><\/figure>\n<p><strong>Nika Pe\u0107arina <\/strong><\/p>\n<p><em>In the Grace of Miracles or Misfortunes<\/em>, 2025<\/p>\n<p>The work proposes imagining destiny through the prism of a performative intervention into the archival holdings of the Ethnographic Museum. It builds on the premise that destiny is structured by a collective temporal process that enables an intimate encounter with deindividualization. It treats time as an infrastructure within which access to materials found in the museum\u2019s collections storage offers new insights and opens the possibility of rearticulating minor historical experiences, while also addressing the issue of negotiating with the predetermined course of time.<\/p>\n<div dir=\"auto\"><i><strong>In the Grace of Miracles or Misfortunes<\/strong>&nbsp;<\/i>is part of the performance series&nbsp;<i><b>G<\/b><strong>roup events<\/strong><\/i>, conceived as a gallery encounter for careful listening to themed sound compilations. Events in public space encourage a practice of focused, collective attention to sound in the venue and to the experience of listening as such. By selecting a theme,&nbsp;<b><i>G<\/i><\/b><i><b>roup&nbsp;events<\/b>&nbsp;<\/i>explores its small twists and medium narratives alongside conceptual, experimental, and diverse sound, i.e., musical recordings.&nbsp;&nbsp;<\/div>\n<p><strong>Nika Pe\u0107arina<\/strong> holds an MA in New Media Art from the Academy of Fine Arts in Zagreb. He works at the intersection of audiovisual and performing arts, cultivating a practice of experimentation and improvisation. He approaches sound and text critically, bringing lyric, analytic, and sensory aspects into his work. His interest extends to acoustemology, performance, and various strands of artistic research, which often materializes as ceramics, film, sound, or poetry. He is dedicated to processes of knowledge whose interweaving brings together the material, the bodily, and the spiritual.<\/p>\n<figure id=\"attachment_5017\" aria-describedby=\"caption-attachment-5017\" style=\"width: 2048px\" class=\"wp-caption alignnone\"><img loading=\"lazy\" decoding=\"async\" class=\"size-full wp-image-5017\" src=\"https:\/\/www.whw.hr\/wp-content\/uploads\/2025\/10\/Primijenjena-pucka-umjetnost-Etnografski-muzej-Zagreb-Jovan-Batinic-svibanj-1935.jpg\" alt=\"\" width=\"2048\" height=\"1493\" srcset=\"https:\/\/www.whw.hr\/wp-content\/uploads\/2025\/10\/Primijenjena-pucka-umjetnost-Etnografski-muzej-Zagreb-Jovan-Batinic-svibanj-1935.jpg 2048w, https:\/\/www.whw.hr\/wp-content\/uploads\/2025\/10\/Primijenjena-pucka-umjetnost-Etnografski-muzej-Zagreb-Jovan-Batinic-svibanj-1935-1600x1166.jpg 1600w, https:\/\/www.whw.hr\/wp-content\/uploads\/2025\/10\/Primijenjena-pucka-umjetnost-Etnografski-muzej-Zagreb-Jovan-Batinic-svibanj-1935-735x536.jpg 735w, https:\/\/www.whw.hr\/wp-content\/uploads\/2025\/10\/Primijenjena-pucka-umjetnost-Etnografski-muzej-Zagreb-Jovan-Batinic-svibanj-1935-450x328.jpg 450w\" sizes=\"auto, (max-width: 2048px) 100vw, 2048px\" \/><figcaption id=\"caption-attachment-5017\" class=\"wp-caption-text\">Nika Pe\u0107arina, <span style=\"font-weight: 400;\"><em>Applied folk art<\/em>, Ethnographic Museum, Zagreb, Photo by: Jovan Batini\u0107, May 1935<\/span><\/figcaption><\/figure>\n<p><strong><br \/>\nFILM PROGRAM<\/strong><\/p>\n<p><em>Afterlives: Restless Archives<\/em> film screening<\/p>\n<p><strong>Kent Chan, Onyeka Igwe, Belinda Kazeem-Kami<\/strong><strong>\u0144ski, Nii Kwate Owoo<\/strong><\/p>\n<p>programmed by Belinda Kazeem-Kami\u0144ski<\/p>\n<p><em>Afterlives: Restless Archives <\/em>features four films that drift through museums and archives, lingering with objects, images, and traces that bear the weight of colonial histories. Each work is propelled by an urge to search for what has been hidden, lost, or refused, and to listen to what institutions seem to silence.<\/p>\n<p>In <strong>Nii Kwate Owoo<\/strong>\u2019<strong>s <em>You Hide Me<\/em> (1970)<\/strong>, the camera descends into the basements of the British Museum, where African artifacts lie packed away, unseen, their concealment echoing histories of displacement. <strong>Onyeka Igwe<\/strong>\u2019<strong>s <em>No Archive Can Restore You<\/em> (2020)<\/strong> moves through the abandoned Nigerian Film Unit in Lagos, where dust, broken clocks, and rusting reels evoke the shadows of films that remain invisible, yet their traces insist on being remembered. <strong>Kent Chan<\/strong>\u2019<strong>s <\/strong><strong><em>Tell Tale<\/em><\/strong><strong> (2023)<\/strong> listens in to the whispers within one museum&#8217;s storage. Replicas of displaced objects, all cast in ocean blue, share their stories about journeys across seas and centuries. <strong>Belinda Kazeem-Kami\u0144ski<\/strong>\u2019<strong>s <em>Unearthing. In Conversation<\/em> (2017)<\/strong> stages an uncanny dialogue with ethnographic photographs, exposing the violence embedded in the act of looking and the persistence of colonial modes of representation.<\/p>\n<p>Together, these films do not offer restoration or closure. Instead, they circle around absence and resonance, summoning past presences as fragile, restless, and unfinished. They remind us that archives and museums are never neutral repositories, but charged spaces where past and present continue to clash and converge, inviting us to imagine otherwise.<\/p>\n<p>&nbsp;<\/p>\n<p><strong>Nii Kwate Owoo<\/strong><\/p>\n<p><em>You Hide Me<\/em>, 1970<\/p>\n<p>Shot over 50 years ago, <em>You Hide Me<\/em> (1970) revealed for the first time previously unseen, rare Asante art treasures stolen by the British after the Sagrenti War and the invasion of Kumasi by Field Marshall Garnet Woseley in the 1870s. In 1970, Ghanaian filmmaker Nii Kwate Owoo managed to outsmart the directors of the British Museum and its security system to gain access to the museum\u2019s secret underground vaults and film valuable African artifacts stowed away there. One day was enough to shoot this short film revealing the extent of the theft of African artifacts, stashed in plastic bags and wooden crates\u2014and in doing so, to make a case for their restitution.<\/p>\n<p>Born and raised in Ghana, Nii Kwate Owoo has been producing and directing films since the early 1970s. After graduating from the London Film School, he formed the first independent African film production company (Ifriqiyah Films) in the UK under which he produced and directed his first film, <em>You Hide Me<\/em>, a now widely acclaimed film on the colonization of African art in the British Museum. He served as the Editorial Manager of \u00c9crans d\u2019Afrique, published by FEPACI, The Pan African Federation of Film Producers. He has been active in the movement for a Pan African Cinema and co-produced and directed the feature documentary film <em>OUAGA <\/em><em>\u2013 <\/em><em>African Cinema Now<\/em> (1988) and <em>Ama: An African Voyage of Discovery <\/em>(1991) with Dr. Kwesi Owusu.<\/p>\n<p>This version of the film is based on the original 16mm picture negative and was made possible by a collaboration between Arsenal \u2013 Institut f\u00fcr Film und Videokunst, the British Film Institute (BFI), and Nii Kwate Owoo.<\/p>\n<figure id=\"attachment_5010\" aria-describedby=\"caption-attachment-5010\" style=\"width: 1501px\" class=\"wp-caption alignnone\"><img loading=\"lazy\" decoding=\"async\" class=\"size-full wp-image-5010\" src=\"https:\/\/www.whw.hr\/wp-content\/uploads\/2025\/10\/Nii-Kwate-Owoo-1.jpg\" alt=\"\" width=\"1501\" height=\"1080\" srcset=\"https:\/\/www.whw.hr\/wp-content\/uploads\/2025\/10\/Nii-Kwate-Owoo-1.jpg 1501w, https:\/\/www.whw.hr\/wp-content\/uploads\/2025\/10\/Nii-Kwate-Owoo-1-735x529.jpg 735w, https:\/\/www.whw.hr\/wp-content\/uploads\/2025\/10\/Nii-Kwate-Owoo-1-450x324.jpg 450w\" sizes=\"auto, (max-width: 1501px) 100vw, 1501px\" \/><figcaption id=\"caption-attachment-5010\" class=\"wp-caption-text\">Nii Kwate Owoo, You Hide Me, 1970, Courtesy of Arsenal \u2013 Institut f\u00fcr Film und Videokunst e.V.<\/figcaption><\/figure>\n<p><strong>Onyeka Igwe<\/strong><\/p>\n<p><em>a so-called archive<\/em><em>,<\/em> 2020<\/p>\n<p>A so-called &#8216;archive&#8217; depicts a former colonial archive, imagining its \u201clost\u201d films, using distinctive soundscapes, choral arrangements, and a radio play within the confines of images from a disembodied tour of the exquisite corpse of this building. This archive continues to be home to purulent images that we cannot, will not, or choose not to see.<\/p>\n<p>Onyeka Igwe is a London-based moving-image artist and researcher. Her&nbsp;work is aimed at the question: how do we live together? She does not seek to provide a rigid&nbsp;answer as such, but to pull apart the nuances of mutuality, co-existence and multiplicity. Onyeka\u2019s practice figures sensorial, spatial and counter-hegemonic ways of knowing as central to that task. She has had solo\/duo shows at MoMA PS1, New York (2023); High Line, New York (2022); Mercer Union, Toronto (2021); Jerwood Arts, London (2019); and Trinity Square Video, London (2018). In 2024, she was included in \u201cNigeria Imaginary\u201d at the National Pavilion of Nigeria for the 60th Venice Biennial.<\/p>\n<figure id=\"attachment_5011\" aria-describedby=\"caption-attachment-5011\" style=\"width: 1920px\" class=\"wp-caption alignnone\"><img loading=\"lazy\" decoding=\"async\" class=\"size-full wp-image-5011\" src=\"https:\/\/www.whw.hr\/wp-content\/uploads\/2025\/10\/NACRY_3_OnyekaIgwe2020.png\" alt=\"\" width=\"1920\" height=\"1080\" srcset=\"https:\/\/www.whw.hr\/wp-content\/uploads\/2025\/10\/NACRY_3_OnyekaIgwe2020.png 1920w, https:\/\/www.whw.hr\/wp-content\/uploads\/2025\/10\/NACRY_3_OnyekaIgwe2020-1600x900.png 1600w, https:\/\/www.whw.hr\/wp-content\/uploads\/2025\/10\/NACRY_3_OnyekaIgwe2020-735x413.png 735w, https:\/\/www.whw.hr\/wp-content\/uploads\/2025\/10\/NACRY_3_OnyekaIgwe2020-450x253.png 450w\" sizes=\"auto, (max-width: 1920px) 100vw, 1920px\" \/><figcaption id=\"caption-attachment-5011\" class=\"wp-caption-text\">Onyeka Igwe<b>, <\/b><i><span style=\"font-weight: 400;\">a so-called archive, <\/span><\/i><span style=\"font-weight: 400;\">2020, Courtesy of the artist<\/span><\/figcaption><\/figure>\n<p><strong>Kent Chan<\/strong><\/p>\n<p><em>tell-tale (feathers), tell-tale (idols), tell-tale (fire), <\/em>2023<\/p>\n<p>Feathers, idols, fire. A series of images-turned-videos delves into the collections of the National Museum Liverpool (NML), pointing to Liverpool\u2019s past prosperity as a major port city. Items from faraway tropical lands that know or have been shaped by heat are stashed away in the museum storage. Artworks or artifacts, kept alive or stay dead? What conversations might these items have away from human ears?<\/p>\n<p>Kent Chan is an artist, curator, and filmmaker based in the Netherlands and Singapore. His practice revolves around our encounters with art, fiction, and cinema\u2014a triumvirate of practices porous in form, content, and context. He holds particular interest in tropical imaginary; the past and future relationships between heat and art; and contestations to the legacies of modernity as the epistemology par excellence. His works have taken the form of moving-image, text, performances, and exhibitions.<\/p>\n<figure id=\"attachment_5012\" aria-describedby=\"caption-attachment-5012\" style=\"width: 2001px\" class=\"wp-caption alignnone\"><img loading=\"lazy\" decoding=\"async\" class=\"size-full wp-image-5012\" src=\"https:\/\/www.whw.hr\/wp-content\/uploads\/2025\/10\/Kent-Chan-\u2018Hot-House-2020-ongoing.-Liverpool-Biennial-2023-at-The-Bluecoat.-Courtesy-of-Liverpool-Biennial.-Photography-by-Stuart-Whipps-4.jpg\" alt=\"\" width=\"2001\" height=\"3000\" srcset=\"https:\/\/www.whw.hr\/wp-content\/uploads\/2025\/10\/Kent-Chan-\u2018Hot-House-2020-ongoing.-Liverpool-Biennial-2023-at-The-Bluecoat.-Courtesy-of-Liverpool-Biennial.-Photography-by-Stuart-Whipps-4.jpg 2001w, https:\/\/www.whw.hr\/wp-content\/uploads\/2025\/10\/Kent-Chan-\u2018Hot-House-2020-ongoing.-Liverpool-Biennial-2023-at-The-Bluecoat.-Courtesy-of-Liverpool-Biennial.-Photography-by-Stuart-Whipps-4-1600x2399.jpg 1600w, https:\/\/www.whw.hr\/wp-content\/uploads\/2025\/10\/Kent-Chan-\u2018Hot-House-2020-ongoing.-Liverpool-Biennial-2023-at-The-Bluecoat.-Courtesy-of-Liverpool-Biennial.-Photography-by-Stuart-Whipps-4-735x1102.jpg 735w, https:\/\/www.whw.hr\/wp-content\/uploads\/2025\/10\/Kent-Chan-\u2018Hot-House-2020-ongoing.-Liverpool-Biennial-2023-at-The-Bluecoat.-Courtesy-of-Liverpool-Biennial.-Photography-by-Stuart-Whipps-4-450x675.jpg 450w\" sizes=\"auto, (max-width: 2001px) 100vw, 2001px\" \/><figcaption id=\"caption-attachment-5012\" class=\"wp-caption-text\">Kent Chan,<em> tell-tale (feathers), tell-tale (idols), tell-tale (fire)<\/em>, 2023, Installation Liverpool biennal, Courtesy of the artist<\/figcaption><\/figure>\n<p><strong>Belinda Kazeem-Kami\u0144ski<\/strong><\/p>\n<p><em>Unearthing. In Conversation<\/em>, 2017<\/p>\n<p>In <em>Unearthing. In Conversation<\/em> (2017), Belinda Kazeem-Kami\u0144ski confronts the colonial archive through photographs of people from the former Belgian Congo by Austrian-Czech missionary and ethnographer Paul Schebesta.&nbsp;While editing and interrogating the photographs to resist the voyeuristic colonial gaze, the artist addresses both the depicted subjects and us, the audience, searching for ways to speak beyond the violence of representation. The work interrogates how history and looking are shaped by colonial legacies, while imagining futures \u201chaunted\u201d by past failures. Memory here becomes a strategy to open up other presents and possibilities beyond the trauma of Othering.<\/p>\n<figure id=\"attachment_5013\" aria-describedby=\"caption-attachment-5013\" style=\"width: 2000px\" class=\"wp-caption alignnone\"><img loading=\"lazy\" decoding=\"async\" class=\"size-full wp-image-5013\" src=\"https:\/\/www.whw.hr\/wp-content\/uploads\/2025\/10\/UnearthingStill_5-1.jpg\" alt=\"\" width=\"2000\" height=\"1078\" srcset=\"https:\/\/www.whw.hr\/wp-content\/uploads\/2025\/10\/UnearthingStill_5-1.jpg 2000w, https:\/\/www.whw.hr\/wp-content\/uploads\/2025\/10\/UnearthingStill_5-1-1600x862.jpg 1600w, https:\/\/www.whw.hr\/wp-content\/uploads\/2025\/10\/UnearthingStill_5-1-735x396.jpg 735w, https:\/\/www.whw.hr\/wp-content\/uploads\/2025\/10\/UnearthingStill_5-1-450x243.jpg 450w\" sizes=\"auto, (max-width: 2000px) 100vw, 2000px\" \/><figcaption id=\"caption-attachment-5013\" class=\"wp-caption-text\">Belinda Kazeem-Kami\u0144ski, Unearthing. In Conversation, 2017, Courtesy of the artist<\/figcaption><\/figure>\n<p>&nbsp;<\/p>\n<p>Produced by Petar Sarjanovi\u0107.<\/p>\n<p>Special thanks to Ethnographic Museum Zagreb for hosting us.<\/p>\n<p>The exhibition and programs are supported by:<br \/>\nCity Office for Culture and Civil Society of the City of Zagreb<br \/>\nMinistry of Culture and Media of the Republic of Croatia<br \/>\nKultura Nova Foundation<br \/>\nCroatian Audiovisual Centre<\/p>\n<p>Sponsors:<br \/>\nBeton Lu\u010dko<br \/>\nPinky-S<br \/>\n<img loading=\"lazy\" decoding=\"async\" class=\"alignnone wp-image-5045\" src=\"https:\/\/www.whw.hr\/wp-content\/uploads\/2025\/10\/logo-B.L._page-0001.jpg\" alt=\"\" width=\"104\" height=\"104\" srcset=\"https:\/\/www.whw.hr\/wp-content\/uploads\/2025\/10\/logo-B.L._page-0001.jpg 1182w, https:\/\/www.whw.hr\/wp-content\/uploads\/2025\/10\/logo-B.L._page-0001-735x735.jpg 735w, https:\/\/www.whw.hr\/wp-content\/uploads\/2025\/10\/logo-B.L._page-0001-450x450.jpg 450w\" sizes=\"auto, (max-width: 104px) 100vw, 104px\" \/><img loading=\"lazy\" decoding=\"async\" class=\"alignnone wp-image-5048\" src=\"https:\/\/www.whw.hr\/wp-content\/uploads\/2025\/10\/PINKY_S_page-0001-1-1.jpg\" alt=\"\" width=\"253\" height=\"86\" srcset=\"https:\/\/www.whw.hr\/wp-content\/uploads\/2025\/10\/PINKY_S_page-0001-1-1.jpg 962w, https:\/\/www.whw.hr\/wp-content\/uploads\/2025\/10\/PINKY_S_page-0001-1-1-735x249.jpg 735w, https:\/\/www.whw.hr\/wp-content\/uploads\/2025\/10\/PINKY_S_page-0001-1-1-450x152.jpg 450w\" sizes=\"auto, (max-width: 253px) 100vw, 253px\" \/><\/p>\n","protected":false},"excerpt":{"rendered":"<p>In 1939, Aim\u00e9 C\u00e9saire (1913-2008) first published his extended poem, Return to My Native Land. Now considered a hymn to the African diaspora and a pivotal text of the N\u00e9gritude movement, the poem launched a compelling critique of the French colonial system. While first and foremost a poet, C\u00e9saire had also built an extensive career [&hellip;]<\/p>\n","protected":false},"author":2,"featured_media":4994,"menu_order":0,"template":"","meta":{"footnotes":""},"categories":[925],"tags":[956,938,959,958,955,40,949,948,415,957,953,950,954,951,952],"class_list":["post-4980","dogadjanja","type-dogadjanja","status-publish","has-post-thumbnail","hentry","category-izlozbe","tag-alban-muja","tag-belinda-kazeem-kaminski","tag-etnografski-muzej","tag-fette-sans","tag-glorija-lizde","tag-izlozba","tag-kent-chan","tag-majd-abdel-hamid","tag-milos-trakilovic","tag-nii-kwate-owoo","tag-nikom-pecarinom-i-annom-javoran","tag-nolan-oswald-dennis","tag-onyeka-igwe","tag-sharon-hayes","tag-tea-kantoci-sa-selmom-banich"],"acf":[],"yoast_head":"<!-- This site is optimized with the Yoast SEO plugin v19.14 - https:\/\/yoast.com\/wordpress\/plugins\/seo\/ -->\n<title>At the End of the Small Hours<\/title>\n<meta name=\"description\" content=\"In 1939, Aim\u00e9 C\u00e9saire (1913-2008) first published his extended poem, Return to My Native Land. Now considered a hymn to the African diaspora and a pivotal text of the N\u00e9gritude movement, the poem launched a compelling critique of the French colonial system. While first and foremost a poet, C\u00e9saire had also built an extensive career&hellip;\" \/>\n<meta name=\"robots\" content=\"index, follow, max-snippet:-1, max-image-preview:large, max-video-preview:-1\" \/>\n<link rel=\"canonical\" href=\"https:\/\/www.whw.hr\/%dogadjanja-slug%\/na-izmaku-svitanja\/\" \/>\n<meta property=\"og:locale\" content=\"en_US\" \/>\n<meta property=\"og:type\" content=\"article\" \/>\n<meta property=\"og:title\" content=\"At the End of the Small Hours\" \/>\n<meta property=\"og:description\" content=\"In 1939, Aim\u00e9 C\u00e9saire (1913-2008) first published his extended poem, Return to My Native Land. Now considered a hymn to the African diaspora and a pivotal text of the N\u00e9gritude movement, the poem launched a compelling critique of the French colonial system. While first and foremost a poet, C\u00e9saire had also built an extensive career&hellip;\" \/>\n<meta property=\"og:url\" content=\"https:\/\/www.whw.hr\/%dogadjanja-slug%\/na-izmaku-svitanja\/\" \/>\n<meta property=\"og:site_name\" content=\"whw\" \/>\n<meta property=\"article:publisher\" content=\"https:\/\/www.facebook.com\/galerijanova\" \/>\n<meta property=\"article:modified_time\" content=\"2025-12-03T10:37:39+00:00\" \/>\n<meta property=\"og:image\" content=\"https:\/\/www.whw.hr\/wp-content\/uploads\/2025\/10\/Sea-Lines-cotton-1.jpg\" \/>\n\t<meta property=\"og:image:width\" content=\"2086\" \/>\n\t<meta property=\"og:image:height\" content=\"2017\" \/>\n\t<meta property=\"og:image:type\" content=\"image\/jpeg\" \/>\n<meta name=\"twitter:card\" content=\"summary_large_image\" \/>\n<meta name=\"twitter:label1\" content=\"Est. reading time\" \/>\n\t<meta name=\"twitter:data1\" content=\"31 minutes\" \/>\n<script type=\"application\/ld+json\" class=\"yoast-schema-graph\">{\"@context\":\"https:\/\/schema.org\",\"@graph\":[{\"@type\":\"WebPage\",\"@id\":\"https:\/\/www.whw.hr\/%dogadjanja-slug%\/na-izmaku-svitanja\/\",\"url\":\"https:\/\/www.whw.hr\/%dogadjanja-slug%\/na-izmaku-svitanja\/\",\"name\":\"Na izmaku svitanja &ndash; whw\",\"isPartOf\":{\"@id\":\"https:\/\/www.whw.hr\/#website\"},\"datePublished\":\"2025-10-15T15:24:14+00:00\",\"dateModified\":\"2025-12-03T10:37:39+00:00\",\"description\":\"Naslov izlo\u017ebe Na izmaku svitanja stih je koji se ponavlja kroz prozno-poetsku poemu Bilje\u017enica povratka u zavi\u010daj Aim\u00e9a C\u00e9sairea (1913. - 2008.),\",\"breadcrumb\":{\"@id\":\"https:\/\/www.whw.hr\/%dogadjanja-slug%\/na-izmaku-svitanja\/#breadcrumb\"},\"inLanguage\":\"en-US\",\"potentialAction\":[{\"@type\":\"ReadAction\",\"target\":[\"https:\/\/www.whw.hr\/%dogadjanja-slug%\/na-izmaku-svitanja\/\"]}]},{\"@type\":\"BreadcrumbList\",\"@id\":\"https:\/\/www.whw.hr\/%dogadjanja-slug%\/na-izmaku-svitanja\/#breadcrumb\",\"itemListElement\":[{\"@type\":\"ListItem\",\"position\":1,\"name\":\"Po\u010detna stranica\",\"item\":\"https:\/\/www.whw.hr\/\"},{\"@type\":\"ListItem\",\"position\":2,\"name\":\"Na izmaku svitanja\"}]},{\"@type\":\"WebSite\",\"@id\":\"https:\/\/www.whw.hr\/#website\",\"url\":\"https:\/\/www.whw.hr\/\",\"name\":\"whw \/ what, how & for whom\",\"description\":\"what, how & for whom\",\"publisher\":{\"@id\":\"https:\/\/www.whw.hr\/#organization\"},\"alternateName\":\"whw\",\"potentialAction\":[{\"@type\":\"SearchAction\",\"target\":{\"@type\":\"EntryPoint\",\"urlTemplate\":\"https:\/\/www.whw.hr\/?s={search_term_string}\"},\"query-input\":\"required name=search_term_string\"}],\"inLanguage\":\"en-US\"},{\"@type\":\"Organization\",\"@id\":\"https:\/\/www.whw.hr\/#organization\",\"name\":\"whw \/ what, how & for whom\",\"alternateName\":\"whw\",\"url\":\"https:\/\/www.whw.hr\/\",\"logo\":{\"@type\":\"ImageObject\",\"inLanguage\":\"en-US\",\"@id\":\"https:\/\/www.whw.hr\/#\/schema\/logo\/image\/\",\"url\":\"https:\/\/www.whw.hr\/wp-content\/uploads\/2022\/12\/jmm-68-1-2.jpg\",\"contentUrl\":\"https:\/\/www.whw.hr\/wp-content\/uploads\/2022\/12\/jmm-68-1-2.jpg\",\"width\":2000,\"height\":1333,\"caption\":\"whw \/ what, how & for whom\"},\"image\":{\"@id\":\"https:\/\/www.whw.hr\/#\/schema\/logo\/image\/\"},\"sameAs\":[\"https:\/\/www.instagram.com\/whw_what.how.for.whom\/\",\"https:\/\/www.youtube.com\/channel\/UCYplGnLkNqPXZSBaJgv4mZw\",\"https:\/\/www.facebook.com\/galerijanova\"]}]}<\/script>\n<!-- \/ Yoast SEO plugin. -->","yoast_head_json":{"title":"At the End of the Small Hours","description":"In 1939, Aim\u00e9 C\u00e9saire (1913-2008) first published his extended poem, Return to My Native Land. Now considered a hymn to the African diaspora and a pivotal text of the N\u00e9gritude movement, the poem launched a compelling critique of the French colonial system. While first and foremost a poet, C\u00e9saire had also built an extensive career&hellip;","robots":{"index":"index","follow":"follow","max-snippet":"max-snippet:-1","max-image-preview":"max-image-preview:large","max-video-preview":"max-video-preview:-1"},"canonical":"https:\/\/www.whw.hr\/%dogadjanja-slug%\/na-izmaku-svitanja\/","og_locale":"en_US","og_type":"article","og_title":"At the End of the Small Hours","og_description":"In 1939, Aim\u00e9 C\u00e9saire (1913-2008) first published his extended poem, Return to My Native Land. Now considered a hymn to the African diaspora and a pivotal text of the N\u00e9gritude movement, the poem launched a compelling critique of the French colonial system. While first and foremost a poet, C\u00e9saire had also built an extensive career&hellip;","og_url":"https:\/\/www.whw.hr\/%dogadjanja-slug%\/na-izmaku-svitanja\/","og_site_name":"whw","article_publisher":"https:\/\/www.facebook.com\/galerijanova","article_modified_time":"2025-12-03T10:37:39+00:00","og_image":[{"width":2086,"height":2017,"url":"https:\/\/www.whw.hr\/wp-content\/uploads\/2025\/10\/Sea-Lines-cotton-1.jpg","type":"image\/jpeg"}],"twitter_card":"summary_large_image","twitter_misc":{"Est. reading time":"31 minutes"},"schema":{"@context":"https:\/\/schema.org","@graph":[{"@type":"WebPage","@id":"https:\/\/www.whw.hr\/%dogadjanja-slug%\/na-izmaku-svitanja\/","url":"https:\/\/www.whw.hr\/%dogadjanja-slug%\/na-izmaku-svitanja\/","name":"Na izmaku svitanja &ndash; whw","isPartOf":{"@id":"https:\/\/www.whw.hr\/#website"},"datePublished":"2025-10-15T15:24:14+00:00","dateModified":"2025-12-03T10:37:39+00:00","description":"Naslov izlo\u017ebe Na izmaku svitanja stih je koji se ponavlja kroz prozno-poetsku poemu Bilje\u017enica povratka u zavi\u010daj Aim\u00e9a C\u00e9sairea (1913. - 2008.),","breadcrumb":{"@id":"https:\/\/www.whw.hr\/%dogadjanja-slug%\/na-izmaku-svitanja\/#breadcrumb"},"inLanguage":"en-US","potentialAction":[{"@type":"ReadAction","target":["https:\/\/www.whw.hr\/%dogadjanja-slug%\/na-izmaku-svitanja\/"]}]},{"@type":"BreadcrumbList","@id":"https:\/\/www.whw.hr\/%dogadjanja-slug%\/na-izmaku-svitanja\/#breadcrumb","itemListElement":[{"@type":"ListItem","position":1,"name":"Po\u010detna stranica","item":"https:\/\/www.whw.hr\/"},{"@type":"ListItem","position":2,"name":"Na izmaku svitanja"}]},{"@type":"WebSite","@id":"https:\/\/www.whw.hr\/#website","url":"https:\/\/www.whw.hr\/","name":"whw \/ what, how & for whom","description":"what, how & for whom","publisher":{"@id":"https:\/\/www.whw.hr\/#organization"},"alternateName":"whw","potentialAction":[{"@type":"SearchAction","target":{"@type":"EntryPoint","urlTemplate":"https:\/\/www.whw.hr\/?s={search_term_string}"},"query-input":"required name=search_term_string"}],"inLanguage":"en-US"},{"@type":"Organization","@id":"https:\/\/www.whw.hr\/#organization","name":"whw \/ what, how & for whom","alternateName":"whw","url":"https:\/\/www.whw.hr\/","logo":{"@type":"ImageObject","inLanguage":"en-US","@id":"https:\/\/www.whw.hr\/#\/schema\/logo\/image\/","url":"https:\/\/www.whw.hr\/wp-content\/uploads\/2022\/12\/jmm-68-1-2.jpg","contentUrl":"https:\/\/www.whw.hr\/wp-content\/uploads\/2022\/12\/jmm-68-1-2.jpg","width":2000,"height":1333,"caption":"whw \/ what, how & for whom"},"image":{"@id":"https:\/\/www.whw.hr\/#\/schema\/logo\/image\/"},"sameAs":["https:\/\/www.instagram.com\/whw_what.how.for.whom\/","https:\/\/www.youtube.com\/channel\/UCYplGnLkNqPXZSBaJgv4mZw","https:\/\/www.facebook.com\/galerijanova"]}]}},"_links":{"self":[{"href":"https:\/\/www.whw.hr\/wp-json\/wp\/v2\/dogadjanja\/4980","targetHints":{"allow":["GET"]}}],"collection":[{"href":"https:\/\/www.whw.hr\/wp-json\/wp\/v2\/dogadjanja"}],"about":[{"href":"https:\/\/www.whw.hr\/wp-json\/wp\/v2\/types\/dogadjanja"}],"author":[{"embeddable":true,"href":"https:\/\/www.whw.hr\/wp-json\/wp\/v2\/users\/2"}],"version-history":[{"count":23,"href":"https:\/\/www.whw.hr\/wp-json\/wp\/v2\/dogadjanja\/4980\/revisions"}],"predecessor-version":[{"id":5117,"href":"https:\/\/www.whw.hr\/wp-json\/wp\/v2\/dogadjanja\/4980\/revisions\/5117"}],"wp:featuredmedia":[{"embeddable":true,"href":"https:\/\/www.whw.hr\/wp-json\/wp\/v2\/media\/4994"}],"wp:attachment":[{"href":"https:\/\/www.whw.hr\/wp-json\/wp\/v2\/media?parent=4980"}],"wp:term":[{"taxonomy":"category","embeddable":true,"href":"https:\/\/www.whw.hr\/wp-json\/wp\/v2\/categories?post=4980"},{"taxonomy":"post_tag","embeddable":true,"href":"https:\/\/www.whw.hr\/wp-json\/wp\/v2\/tags?post=4980"}],"curies":[{"name":"wp","href":"https:\/\/api.w.org\/{rel}","templated":true}]}}