{"id":4328,"date":"2024-06-30T21:46:12","date_gmt":"2024-06-30T19:46:12","guid":{"rendered":"https:\/\/www.whw.hr\/program\/\/"},"modified":"2024-09-09T21:03:52","modified_gmt":"2024-09-09T19:03:52","slug":"post-scriptum-devetoj-medunarodnoj-konferenciji-o-odrastu","status":"publish","type":"dogadjanja","link":"https:\/\/www.whw.hr\/%dogadjanja-slug%\/post-scriptum-devetoj-medunarodnoj-konferenciji-o-odrastu\/","title":{"rendered":"I know what you did last summer, Post scriptum to the 9th International Degrowth Conference"},"content":{"rendered":"<p>Our last event before the summer break is a conversation with sociologist Jelena Pu\u0111ak and philosopher Mladen Domazet about the different receptions of degrowth in the Croatian media. Jelena Pu\u0111ak and Mladen Domazet were part of the team for the <a href=\"https:\/\/odrast.hr\/\" target=\"_blank\" rel=\"noopener\">9th International Degrowth Conference<\/a>, which was held in Zagreb last year. We will discuss the reception of topics related to degrowth in the local and global contexts. The conference in Zagreb was the first live event on degrowth after the global pandemic, and a key point in the official organizing of the global degrowth movement.<\/p>\n<p>Despite the large attendance and the diversity of the program, the conference was met with media resistance and caused a series of strong reactions, even mockery from some media outlets, in spite of the key guest appearance of the co-chair of the Intergovernmental Panel on Climate Change (IPCC) and the presence of researchers and activists for global justice from Croatia and abroad.<\/p>\n<figure id=\"attachment_4330\" aria-describedby=\"caption-attachment-4330\" style=\"width: 2100px\" class=\"wp-caption alignnone\"><img loading=\"lazy\" decoding=\"async\" class=\"wp-image-4330 size-full\" src=\"https:\/\/www.whw.hr\/wp-content\/uploads\/2024\/06\/4O4A5992.jpg\" alt=\"\" width=\"2100\" height=\"1400\" srcset=\"https:\/\/www.whw.hr\/wp-content\/uploads\/2024\/06\/4O4A5992.jpg 2100w, https:\/\/www.whw.hr\/wp-content\/uploads\/2024\/06\/4O4A5992-1600x1067.jpg 1600w, https:\/\/www.whw.hr\/wp-content\/uploads\/2024\/06\/4O4A5992-735x490.jpg 735w, https:\/\/www.whw.hr\/wp-content\/uploads\/2024\/06\/4O4A5992-450x300.jpg 450w\" sizes=\"auto, (max-width: 2100px) 100vw, 2100px\" \/><figcaption id=\"caption-attachment-4330\" class=\"wp-caption-text\">Fran\u00e7oise Verg\u00e8s, 9th International Degrowth Conference, Zagreb, 2023 (Photo: Bojan Mr\u0111enovi\u0107)<\/figcaption><\/figure>\n<p>The latest reports from IPCC and IPBES suggest that degrowth policies should be taken into account in the fight against climate change and biodiversity loss, respectively. Researchers in ecological economics and broader post-growth cultural shift have been increasingly cooperating on transdisciplinary research through a growing number of international events, alongside a series of international degrowth conferences that, since 2008, have provided a platform for international discussion on these topics from scientific, activist and cultural perspectives.<\/p>\n<p>Previous research shows a strong environmental concern of the population of Zagreb and Croatia, although their willingness to step up to the systematic prevention of ecological collapse is lower than that in Westen Europe. Despite being among the poorest EU countries, support for values and social norms consistent with degrowth in Zagreb is comparable to, or even greater than, in wealthier European regions.<\/p>\n<p>This lecture contrasts such views with the representation of degrowth in media. Discourse analysis of degrowth-themed articles from newspapers and online publications reveals different conceptual framings of degrowth in the media. This presentation is based on research that draws lessons for initiatives seeking a democratic transition away from growth dependence, highlighting the gap between media portrayals and public attitudes about degrowth. Are we witnessing a transformation of the elite&#8217;s stance on degrowth, from neglect to active mockery and suppression? &#8220;First they ignore you, then they laugh at you, then they attack you, and then you win.&#8221; (N. Klein, trade union activist, 1918)<\/p>\n<p>Dr. <strong>Mladen Domazet<\/strong> is a co-founder and researcher at the Institute for Political Ecology. He works as a senior research associate at the Institute of Philosophy in Zagreb. His commitment to philosophy and the degrowth movement dates back to the time of the Group 22 seminar. He was the scientific director of the 5th International Degrowth Conference in Budapest in 2016, and one of the organizers of the 9th International Degrowth Conference in Zagreb in 2023. He published scientific papers on the philosophy of science and attitudes about growing up in Eastern Europe. He claims that he is still convinced that degrowth is a sober vision of mitigating climate catastrophe.<\/p>\n<p>Dr. <strong>Jelena Pu\u0111ak<\/strong> is a research associate at the Institute of Social Sciences Ivo Pilar (Zagreb) in the period 2008-2017 and 2019-present. She also taught at the University of Zagreb (Department of Sociology at the Faculty of Croatian Studies) from 2014 to 2019. Her areas of interest are social ecology, sustainable development, ecological economics and social dimensions of climate change, and qualitative research methodologies.<br \/>\nSince 2008, she has been continuously working on Croatian and international research projects and is an active member of non-governmental professional organizations, the Croatian Environmental Knowledge Center and the Croatian Panel for Climate Change, which operate in the field of sustainability and climate change. She has published several scientific papers and two books.<\/p>\n<p>The talk is part of the WHW discursive program<em> History of Art and Society: Conversations on Degrowth<\/em>.<\/p>\n<p>The program is supported by:<br \/>\nCity Office for Culture and Civil Society of the City of Zagreb<br \/>\nKultura Nova Foundation<\/p>\n","protected":false},"excerpt":{"rendered":"<p>Our last event before the summer break is a conversation with sociologist Jelena Pu\u0111ak and philosopher Mladen Domazet about the different receptions of degrowth in the Croatian media.<\/p>\n","protected":false},"author":2,"featured_media":4333,"menu_order":0,"template":"","meta":{"footnotes":""},"categories":[17],"tags":[881,908,160,161,903],"class_list":["post-4328","dogadjanja","type-dogadjanja","status-publish","has-post-thumbnail","hentry","category-ostalo","tag-degrowth","tag-jelena-pudak","tag-mladen-domazet","tag-odrast","tag-povijest-umjetnosti-i-drustva-razgovori-o-odrastu"],"acf":[],"yoast_head":"<!-- This site is optimized with the Yoast SEO plugin v19.14 - https:\/\/yoast.com\/wordpress\/plugins\/seo\/ -->\n<title>I know what you did last summer, Post scriptum to the 9th International Degrowth Conference<\/title>\n<meta name=\"description\" content=\"Our last event before the summer break is a conversation with sociologist Jelena Pu\u0111ak and philosopher Mladen Domazet about the different receptions of degrowth in the Croatian media.\" \/>\n<meta name=\"robots\" content=\"index, follow, max-snippet:-1, max-image-preview:large, max-video-preview:-1\" \/>\n<link rel=\"canonical\" href=\"https:\/\/www.whw.hr\/%dogadjanja-slug%\/post-scriptum-devetoj-medunarodnoj-konferenciji-o-odrastu\/\" \/>\n<meta property=\"og:locale\" content=\"en_US\" \/>\n<meta property=\"og:type\" content=\"article\" \/>\n<meta property=\"og:title\" content=\"I know what you did last summer, Post scriptum to the 9th International Degrowth Conference\" \/>\n<meta property=\"og:description\" content=\"Our last event before the summer break is a conversation with sociologist Jelena Pu\u0111ak and philosopher Mladen Domazet about the different receptions of degrowth in the Croatian media.\" \/>\n<meta property=\"og:url\" content=\"https:\/\/www.whw.hr\/%dogadjanja-slug%\/post-scriptum-devetoj-medunarodnoj-konferenciji-o-odrastu\/\" \/>\n<meta property=\"og:site_name\" content=\"whw\" \/>\n<meta property=\"article:publisher\" content=\"https:\/\/www.facebook.com\/galerijanova\" \/>\n<meta property=\"article:modified_time\" content=\"2024-09-09T19:03:52+00:00\" \/>\n<meta property=\"og:image\" content=\"https:\/\/www.whw.hr\/wp-content\/uploads\/2024\/06\/4O4A3452.jpg\" \/>\n\t<meta property=\"og:image:width\" content=\"2100\" \/>\n\t<meta property=\"og:image:height\" content=\"1400\" \/>\n\t<meta property=\"og:image:type\" content=\"image\/jpeg\" \/>\n<meta name=\"twitter:card\" content=\"summary_large_image\" \/>\n<meta name=\"twitter:label1\" content=\"Est. reading time\" \/>\n\t<meta name=\"twitter:data1\" content=\"4 minutes\" \/>\n<script type=\"application\/ld+json\" class=\"yoast-schema-graph\">{\"@context\":\"https:\/\/schema.org\",\"@graph\":[{\"@type\":\"WebPage\",\"@id\":\"https:\/\/www.whw.hr\/%dogadjanja-slug%\/post-scriptum-devetoj-medunarodnoj-konferenciji-o-odrastu\/\",\"url\":\"https:\/\/www.whw.hr\/%dogadjanja-slug%\/post-scriptum-devetoj-medunarodnoj-konferenciji-o-odrastu\/\",\"name\":\"Znam \u0161to si radila pro\u0161log ljeta, post scriptum Devetoj me\u0111unarodnoj konferenciji o odrastu &ndash; whw\",\"isPartOf\":{\"@id\":\"https:\/\/www.whw.hr\/#website\"},\"datePublished\":\"2024-06-30T19:46:12+00:00\",\"dateModified\":\"2024-09-09T19:03:52+00:00\",\"description\":\"U zadnjem susretu prije ljetne pauze razgovaramo sa sociologinjom Jelenom Pu\u0111ak i filozofom Mladenom Domazetom o razli\u010ditim recepcijama odrasta (degrowtha) u hrvatskim medijima.\",\"breadcrumb\":{\"@id\":\"https:\/\/www.whw.hr\/%dogadjanja-slug%\/post-scriptum-devetoj-medunarodnoj-konferenciji-o-odrastu\/#breadcrumb\"},\"inLanguage\":\"en-US\",\"potentialAction\":[{\"@type\":\"ReadAction\",\"target\":[\"https:\/\/www.whw.hr\/%dogadjanja-slug%\/post-scriptum-devetoj-medunarodnoj-konferenciji-o-odrastu\/\"]}]},{\"@type\":\"BreadcrumbList\",\"@id\":\"https:\/\/www.whw.hr\/%dogadjanja-slug%\/post-scriptum-devetoj-medunarodnoj-konferenciji-o-odrastu\/#breadcrumb\",\"itemListElement\":[{\"@type\":\"ListItem\",\"position\":1,\"name\":\"Po\u010detna stranica\",\"item\":\"https:\/\/www.whw.hr\/\"},{\"@type\":\"ListItem\",\"position\":2,\"name\":\"Znam \u0161to si radila pro\u0161log ljeta, post scriptum Devetoj me\u0111unarodnoj konferenciji o odrastu\"}]},{\"@type\":\"WebSite\",\"@id\":\"https:\/\/www.whw.hr\/#website\",\"url\":\"https:\/\/www.whw.hr\/\",\"name\":\"whw \/ what, how & for whom\",\"description\":\"what, how & for whom\",\"publisher\":{\"@id\":\"https:\/\/www.whw.hr\/#organization\"},\"alternateName\":\"whw\",\"potentialAction\":[{\"@type\":\"SearchAction\",\"target\":{\"@type\":\"EntryPoint\",\"urlTemplate\":\"https:\/\/www.whw.hr\/?s={search_term_string}\"},\"query-input\":\"required name=search_term_string\"}],\"inLanguage\":\"en-US\"},{\"@type\":\"Organization\",\"@id\":\"https:\/\/www.whw.hr\/#organization\",\"name\":\"whw \/ what, how & for whom\",\"alternateName\":\"whw\",\"url\":\"https:\/\/www.whw.hr\/\",\"logo\":{\"@type\":\"ImageObject\",\"inLanguage\":\"en-US\",\"@id\":\"https:\/\/www.whw.hr\/#\/schema\/logo\/image\/\",\"url\":\"https:\/\/www.whw.hr\/wp-content\/uploads\/2022\/12\/jmm-68-1-2.jpg\",\"contentUrl\":\"https:\/\/www.whw.hr\/wp-content\/uploads\/2022\/12\/jmm-68-1-2.jpg\",\"width\":2000,\"height\":1333,\"caption\":\"whw \/ what, how & for whom\"},\"image\":{\"@id\":\"https:\/\/www.whw.hr\/#\/schema\/logo\/image\/\"},\"sameAs\":[\"https:\/\/www.instagram.com\/whw_what.how.for.whom\/\",\"https:\/\/www.youtube.com\/channel\/UCYplGnLkNqPXZSBaJgv4mZw\",\"https:\/\/www.facebook.com\/galerijanova\"]}]}<\/script>\n<!-- \/ Yoast SEO plugin. -->","yoast_head_json":{"title":"I know what you did last summer, Post scriptum to the 9th International Degrowth Conference","description":"Our last event before the summer break is a conversation with sociologist Jelena Pu\u0111ak and philosopher Mladen Domazet about the different receptions of degrowth in the Croatian media.","robots":{"index":"index","follow":"follow","max-snippet":"max-snippet:-1","max-image-preview":"max-image-preview:large","max-video-preview":"max-video-preview:-1"},"canonical":"https:\/\/www.whw.hr\/%dogadjanja-slug%\/post-scriptum-devetoj-medunarodnoj-konferenciji-o-odrastu\/","og_locale":"en_US","og_type":"article","og_title":"I know what you did last summer, Post scriptum to the 9th International Degrowth Conference","og_description":"Our last event before the summer break is a conversation with sociologist Jelena Pu\u0111ak and philosopher Mladen Domazet about the different receptions of degrowth in the Croatian media.","og_url":"https:\/\/www.whw.hr\/%dogadjanja-slug%\/post-scriptum-devetoj-medunarodnoj-konferenciji-o-odrastu\/","og_site_name":"whw","article_publisher":"https:\/\/www.facebook.com\/galerijanova","article_modified_time":"2024-09-09T19:03:52+00:00","og_image":[{"width":2100,"height":1400,"url":"https:\/\/www.whw.hr\/wp-content\/uploads\/2024\/06\/4O4A3452.jpg","type":"image\/jpeg"}],"twitter_card":"summary_large_image","twitter_misc":{"Est. reading time":"4 minutes"},"schema":{"@context":"https:\/\/schema.org","@graph":[{"@type":"WebPage","@id":"https:\/\/www.whw.hr\/%dogadjanja-slug%\/post-scriptum-devetoj-medunarodnoj-konferenciji-o-odrastu\/","url":"https:\/\/www.whw.hr\/%dogadjanja-slug%\/post-scriptum-devetoj-medunarodnoj-konferenciji-o-odrastu\/","name":"Znam \u0161to si radila pro\u0161log ljeta, post scriptum Devetoj me\u0111unarodnoj konferenciji o odrastu &ndash; whw","isPartOf":{"@id":"https:\/\/www.whw.hr\/#website"},"datePublished":"2024-06-30T19:46:12+00:00","dateModified":"2024-09-09T19:03:52+00:00","description":"U zadnjem susretu prije ljetne pauze razgovaramo sa sociologinjom Jelenom Pu\u0111ak i filozofom Mladenom Domazetom o razli\u010ditim recepcijama odrasta (degrowtha) u hrvatskim medijima.","breadcrumb":{"@id":"https:\/\/www.whw.hr\/%dogadjanja-slug%\/post-scriptum-devetoj-medunarodnoj-konferenciji-o-odrastu\/#breadcrumb"},"inLanguage":"en-US","potentialAction":[{"@type":"ReadAction","target":["https:\/\/www.whw.hr\/%dogadjanja-slug%\/post-scriptum-devetoj-medunarodnoj-konferenciji-o-odrastu\/"]}]},{"@type":"BreadcrumbList","@id":"https:\/\/www.whw.hr\/%dogadjanja-slug%\/post-scriptum-devetoj-medunarodnoj-konferenciji-o-odrastu\/#breadcrumb","itemListElement":[{"@type":"ListItem","position":1,"name":"Po\u010detna stranica","item":"https:\/\/www.whw.hr\/"},{"@type":"ListItem","position":2,"name":"Znam \u0161to si radila pro\u0161log ljeta, post scriptum Devetoj me\u0111unarodnoj konferenciji o odrastu"}]},{"@type":"WebSite","@id":"https:\/\/www.whw.hr\/#website","url":"https:\/\/www.whw.hr\/","name":"whw \/ what, how & for whom","description":"what, how & for whom","publisher":{"@id":"https:\/\/www.whw.hr\/#organization"},"alternateName":"whw","potentialAction":[{"@type":"SearchAction","target":{"@type":"EntryPoint","urlTemplate":"https:\/\/www.whw.hr\/?s={search_term_string}"},"query-input":"required name=search_term_string"}],"inLanguage":"en-US"},{"@type":"Organization","@id":"https:\/\/www.whw.hr\/#organization","name":"whw \/ what, how & for whom","alternateName":"whw","url":"https:\/\/www.whw.hr\/","logo":{"@type":"ImageObject","inLanguage":"en-US","@id":"https:\/\/www.whw.hr\/#\/schema\/logo\/image\/","url":"https:\/\/www.whw.hr\/wp-content\/uploads\/2022\/12\/jmm-68-1-2.jpg","contentUrl":"https:\/\/www.whw.hr\/wp-content\/uploads\/2022\/12\/jmm-68-1-2.jpg","width":2000,"height":1333,"caption":"whw \/ what, how & for whom"},"image":{"@id":"https:\/\/www.whw.hr\/#\/schema\/logo\/image\/"},"sameAs":["https:\/\/www.instagram.com\/whw_what.how.for.whom\/","https:\/\/www.youtube.com\/channel\/UCYplGnLkNqPXZSBaJgv4mZw","https:\/\/www.facebook.com\/galerijanova"]}]}},"_links":{"self":[{"href":"https:\/\/www.whw.hr\/wp-json\/wp\/v2\/dogadjanja\/4328","targetHints":{"allow":["GET"]}}],"collection":[{"href":"https:\/\/www.whw.hr\/wp-json\/wp\/v2\/dogadjanja"}],"about":[{"href":"https:\/\/www.whw.hr\/wp-json\/wp\/v2\/types\/dogadjanja"}],"author":[{"embeddable":true,"href":"https:\/\/www.whw.hr\/wp-json\/wp\/v2\/users\/2"}],"version-history":[{"count":12,"href":"https:\/\/www.whw.hr\/wp-json\/wp\/v2\/dogadjanja\/4328\/revisions"}],"predecessor-version":[{"id":4443,"href":"https:\/\/www.whw.hr\/wp-json\/wp\/v2\/dogadjanja\/4328\/revisions\/4443"}],"wp:featuredmedia":[{"embeddable":true,"href":"https:\/\/www.whw.hr\/wp-json\/wp\/v2\/media\/4333"}],"wp:attachment":[{"href":"https:\/\/www.whw.hr\/wp-json\/wp\/v2\/media?parent=4328"}],"wp:term":[{"taxonomy":"category","embeddable":true,"href":"https:\/\/www.whw.hr\/wp-json\/wp\/v2\/categories?post=4328"},{"taxonomy":"post_tag","embeddable":true,"href":"https:\/\/www.whw.hr\/wp-json\/wp\/v2\/tags?post=4328"}],"curies":[{"name":"wp","href":"https:\/\/api.w.org\/{rel}","templated":true}]}}