{"id":4006,"date":"2023-09-24T13:35:57","date_gmt":"2023-09-24T11:35:57","guid":{"rendered":"https:\/\/www.whw.hr\/program\/\/"},"modified":"2023-12-03T19:03:50","modified_gmt":"2023-12-03T18:03:50","slug":"razgovor-s-francoise-verges-dekolonijalni-feminizam","status":"publish","type":"dogadjanja","link":"https:\/\/www.whw.hr\/%dogadjanja-slug%\/razgovor-s-francoise-verges-dekolonijalni-feminizam\/","title":{"rendered":"A conversation with Fran\u00e7oise Verg\u00e8s: A Decolonial Feminism"},"content":{"rendered":"<p>The promotion of <strong>Fran\u00e7oise Verg\u00e8s&#8217;<\/strong> essay <em>Decolonial Feminism<\/em> is taking place before the opening of the exhibition <em><a href=\"https:\/\/www.whw.hr\/en\/programme\/planet-ljudi-skrb-to-se-zove-odrast\/\" target=\"_blank\" rel=\"noopener\">Planet, People, Care-It Spells Degrowth!<\/a> <\/em>at HDLU. In conversation with <strong>Petar Milat<\/strong> and<strong> Milena Ostoji\u0107<\/strong>, Verg\u00e8s will present the Croatian translation of her essay, published by the Multimedia Institute, and will talk about her reflections on the colonial beginnings of universal museums like the Louvre.<\/p>\n<p><strong>Fran\u00e7oise Verg\u00e8s<\/strong> (Reunion Island) is a political theorist, an antiracist and decolonial feminist and independent curator. She has written extensively on the afterlives of slavery, South-South solidarities, the decolonization of the public space and of the museum, Aim\u00e9 C\u00e9saire, Frantz Fanon, decolonial feminism, the circulation of textiles, ideas and tastes, neoliberalism and the economy of predation. A co-founder of the non-profit Decolonize the Arts (Paris,2015-2020), she has been convening L\u2019Atelier a workshop cum public performance with artists and activists of color, contributes to The Nomad Colony created by artist Kader Attia and organizes decolonial visits in museums. Recent publications: <em>Programme de d\u00e9sordre absolu. D\u00e9coloniser le mus\u00e9e<\/em> (2023), <em>A Feminist Theory of Violence. A Decolonial Perspective<\/em> (2022), <em>A Decolonial Feminism<\/em> (2020), <em>De la violence coloniale dans l\u2019espace public<\/em> (2021) <em>Resolutely Black. Conversations with Aim\u00e9 C\u00e9saire<\/em> (2019), <em>The Wombs of Women: Race, Capital, Feminism<\/em> (2020).<\/p>\n","protected":false},"excerpt":{"rendered":"<p>Neposredno prije otvorenja izlo\u017ebe Planet, ljudi, skrb \u2013 to se zove odrast! u HDLU-u, odr\u017eava se promocija ogleda Fran\u00e7oise Verg\u00e8s Dekolonijalni feminizam.\u00a0<\/p>\n","protected":false},"author":2,"featured_media":4007,"menu_order":0,"template":"","meta":{"footnotes":""},"categories":[17],"tags":[885,884,161],"class_list":["post-4006","dogadjanja","type-dogadjanja","status-publish","has-post-thumbnail","hentry","category-ostalo","tag-dekolonijalni-feminizam","tag-francoise-verges","tag-odrast"],"acf":[],"yoast_head":"<!-- This site is optimized with the Yoast SEO plugin v19.14 - https:\/\/yoast.com\/wordpress\/plugins\/seo\/ -->\n<title>A conversation with Fran\u00e7oise Verg\u00e8s: A Decolonial Feminism<\/title>\n<meta name=\"description\" content=\"The promotion of Fran\u00e7oise Verg\u00e8s&#039; essay Decolonial Feminism is taking place before the opening of the exhibition Planet, People, Care-It Spells Degrowth! at HDLU. In conversation with Petar Milat and Milena Ostoji\u0107, Verg\u00e8s will present the Croatian translation of her essay, published by the Multimedia Institute, and will talk about her reflections on the colonial&hellip;\" \/>\n<meta name=\"robots\" content=\"index, follow, max-snippet:-1, max-image-preview:large, max-video-preview:-1\" \/>\n<link rel=\"canonical\" href=\"https:\/\/www.whw.hr\/%dogadjanja-slug%\/razgovor-s-francoise-verges-dekolonijalni-feminizam\/\" \/>\n<meta property=\"og:locale\" content=\"en_US\" \/>\n<meta property=\"og:type\" content=\"article\" \/>\n<meta property=\"og:title\" content=\"A conversation with Fran\u00e7oise Verg\u00e8s: A Decolonial Feminism\" \/>\n<meta property=\"og:description\" content=\"The promotion of Fran\u00e7oise Verg\u00e8s&#039; essay Decolonial Feminism is taking place before the opening of the exhibition Planet, People, Care-It Spells Degrowth! at HDLU. In conversation with Petar Milat and Milena Ostoji\u0107, Verg\u00e8s will present the Croatian translation of her essay, published by the Multimedia Institute, and will talk about her reflections on the colonial&hellip;\" \/>\n<meta property=\"og:url\" content=\"https:\/\/www.whw.hr\/%dogadjanja-slug%\/razgovor-s-francoise-verges-dekolonijalni-feminizam\/\" \/>\n<meta property=\"og:site_name\" content=\"whw\" \/>\n<meta property=\"article:publisher\" content=\"https:\/\/www.facebook.com\/galerijanova\" \/>\n<meta property=\"article:modified_time\" content=\"2023-12-03T18:03:50+00:00\" \/>\n<meta property=\"og:image\" content=\"https:\/\/www.whw.hr\/wp-content\/uploads\/2023\/09\/promocija-knjige_14.jpg\" \/>\n\t<meta property=\"og:image:width\" content=\"1470\" \/>\n\t<meta property=\"og:image:height\" content=\"1043\" \/>\n\t<meta property=\"og:image:type\" content=\"image\/jpeg\" \/>\n<meta name=\"twitter:card\" content=\"summary_large_image\" \/>\n<meta name=\"twitter:label1\" content=\"Est. reading time\" \/>\n\t<meta name=\"twitter:data1\" content=\"1 minute\" \/>\n<script type=\"application\/ld+json\" class=\"yoast-schema-graph\">{\"@context\":\"https:\/\/schema.org\",\"@graph\":[{\"@type\":\"WebPage\",\"@id\":\"https:\/\/www.whw.hr\/%dogadjanja-slug%\/razgovor-s-francoise-verges-dekolonijalni-feminizam\/\",\"url\":\"https:\/\/www.whw.hr\/%dogadjanja-slug%\/razgovor-s-francoise-verges-dekolonijalni-feminizam\/\",\"name\":\"Razgovor s Fran\u00e7oise Verg\u00e8s, Dekolonijalni feminizam &ndash; whw\",\"isPartOf\":{\"@id\":\"https:\/\/www.whw.hr\/#website\"},\"datePublished\":\"2023-09-24T11:35:57+00:00\",\"dateModified\":\"2023-12-03T18:03:50+00:00\",\"description\":\"Neposredno prije otvorenja izlo\u017ebe Planet, ljudi, skrb \u2013 to se zove odrast! u HDLU-u, odr\u017eava se promocija ogleda Fran\u00e7oise Verg\u00e8s Dekolonijalni feminizam.\u00a0\",\"breadcrumb\":{\"@id\":\"https:\/\/www.whw.hr\/%dogadjanja-slug%\/razgovor-s-francoise-verges-dekolonijalni-feminizam\/#breadcrumb\"},\"inLanguage\":\"en-US\",\"potentialAction\":[{\"@type\":\"ReadAction\",\"target\":[\"https:\/\/www.whw.hr\/%dogadjanja-slug%\/razgovor-s-francoise-verges-dekolonijalni-feminizam\/\"]}]},{\"@type\":\"BreadcrumbList\",\"@id\":\"https:\/\/www.whw.hr\/%dogadjanja-slug%\/razgovor-s-francoise-verges-dekolonijalni-feminizam\/#breadcrumb\",\"itemListElement\":[{\"@type\":\"ListItem\",\"position\":1,\"name\":\"Po\u010detna stranica\",\"item\":\"https:\/\/www.whw.hr\/\"},{\"@type\":\"ListItem\",\"position\":2,\"name\":\"Razgovor s Fran\u00e7oise Verg\u00e8s, Dekolonijalni feminizam\"}]},{\"@type\":\"WebSite\",\"@id\":\"https:\/\/www.whw.hr\/#website\",\"url\":\"https:\/\/www.whw.hr\/\",\"name\":\"whw \/ what, how & for whom\",\"description\":\"what, how & for whom\",\"publisher\":{\"@id\":\"https:\/\/www.whw.hr\/#organization\"},\"alternateName\":\"whw\",\"potentialAction\":[{\"@type\":\"SearchAction\",\"target\":{\"@type\":\"EntryPoint\",\"urlTemplate\":\"https:\/\/www.whw.hr\/?s={search_term_string}\"},\"query-input\":\"required name=search_term_string\"}],\"inLanguage\":\"en-US\"},{\"@type\":\"Organization\",\"@id\":\"https:\/\/www.whw.hr\/#organization\",\"name\":\"whw \/ what, how & for whom\",\"alternateName\":\"whw\",\"url\":\"https:\/\/www.whw.hr\/\",\"logo\":{\"@type\":\"ImageObject\",\"inLanguage\":\"en-US\",\"@id\":\"https:\/\/www.whw.hr\/#\/schema\/logo\/image\/\",\"url\":\"https:\/\/www.whw.hr\/wp-content\/uploads\/2022\/12\/jmm-68-1-2.jpg\",\"contentUrl\":\"https:\/\/www.whw.hr\/wp-content\/uploads\/2022\/12\/jmm-68-1-2.jpg\",\"width\":2000,\"height\":1333,\"caption\":\"whw \/ what, how & for whom\"},\"image\":{\"@id\":\"https:\/\/www.whw.hr\/#\/schema\/logo\/image\/\"},\"sameAs\":[\"https:\/\/www.instagram.com\/whw_what.how.for.whom\/\",\"https:\/\/www.youtube.com\/channel\/UCYplGnLkNqPXZSBaJgv4mZw\",\"https:\/\/www.facebook.com\/galerijanova\"]}]}<\/script>\n<!-- \/ Yoast SEO plugin. -->","yoast_head_json":{"title":"A conversation with Fran\u00e7oise Verg\u00e8s: A Decolonial Feminism","description":"The promotion of Fran\u00e7oise Verg\u00e8s' essay Decolonial Feminism is taking place before the opening of the exhibition Planet, People, Care-It Spells Degrowth! at HDLU. In conversation with Petar Milat and Milena Ostoji\u0107, Verg\u00e8s will present the Croatian translation of her essay, published by the Multimedia Institute, and will talk about her reflections on the colonial&hellip;","robots":{"index":"index","follow":"follow","max-snippet":"max-snippet:-1","max-image-preview":"max-image-preview:large","max-video-preview":"max-video-preview:-1"},"canonical":"https:\/\/www.whw.hr\/%dogadjanja-slug%\/razgovor-s-francoise-verges-dekolonijalni-feminizam\/","og_locale":"en_US","og_type":"article","og_title":"A conversation with Fran\u00e7oise Verg\u00e8s: A Decolonial Feminism","og_description":"The promotion of Fran\u00e7oise Verg\u00e8s' essay Decolonial Feminism is taking place before the opening of the exhibition Planet, People, Care-It Spells Degrowth! at HDLU. In conversation with Petar Milat and Milena Ostoji\u0107, Verg\u00e8s will present the Croatian translation of her essay, published by the Multimedia Institute, and will talk about her reflections on the colonial&hellip;","og_url":"https:\/\/www.whw.hr\/%dogadjanja-slug%\/razgovor-s-francoise-verges-dekolonijalni-feminizam\/","og_site_name":"whw","article_publisher":"https:\/\/www.facebook.com\/galerijanova","article_modified_time":"2023-12-03T18:03:50+00:00","og_image":[{"width":1470,"height":1043,"url":"https:\/\/www.whw.hr\/wp-content\/uploads\/2023\/09\/promocija-knjige_14.jpg","type":"image\/jpeg"}],"twitter_card":"summary_large_image","twitter_misc":{"Est. reading time":"1 minute"},"schema":{"@context":"https:\/\/schema.org","@graph":[{"@type":"WebPage","@id":"https:\/\/www.whw.hr\/%dogadjanja-slug%\/razgovor-s-francoise-verges-dekolonijalni-feminizam\/","url":"https:\/\/www.whw.hr\/%dogadjanja-slug%\/razgovor-s-francoise-verges-dekolonijalni-feminizam\/","name":"Razgovor s Fran\u00e7oise Verg\u00e8s, Dekolonijalni feminizam &ndash; whw","isPartOf":{"@id":"https:\/\/www.whw.hr\/#website"},"datePublished":"2023-09-24T11:35:57+00:00","dateModified":"2023-12-03T18:03:50+00:00","description":"Neposredno prije otvorenja izlo\u017ebe Planet, ljudi, skrb \u2013 to se zove odrast! u HDLU-u, odr\u017eava se promocija ogleda Fran\u00e7oise Verg\u00e8s Dekolonijalni feminizam.\u00a0","breadcrumb":{"@id":"https:\/\/www.whw.hr\/%dogadjanja-slug%\/razgovor-s-francoise-verges-dekolonijalni-feminizam\/#breadcrumb"},"inLanguage":"en-US","potentialAction":[{"@type":"ReadAction","target":["https:\/\/www.whw.hr\/%dogadjanja-slug%\/razgovor-s-francoise-verges-dekolonijalni-feminizam\/"]}]},{"@type":"BreadcrumbList","@id":"https:\/\/www.whw.hr\/%dogadjanja-slug%\/razgovor-s-francoise-verges-dekolonijalni-feminizam\/#breadcrumb","itemListElement":[{"@type":"ListItem","position":1,"name":"Po\u010detna stranica","item":"https:\/\/www.whw.hr\/"},{"@type":"ListItem","position":2,"name":"Razgovor s Fran\u00e7oise Verg\u00e8s, Dekolonijalni feminizam"}]},{"@type":"WebSite","@id":"https:\/\/www.whw.hr\/#website","url":"https:\/\/www.whw.hr\/","name":"whw \/ what, how & for whom","description":"what, how & for whom","publisher":{"@id":"https:\/\/www.whw.hr\/#organization"},"alternateName":"whw","potentialAction":[{"@type":"SearchAction","target":{"@type":"EntryPoint","urlTemplate":"https:\/\/www.whw.hr\/?s={search_term_string}"},"query-input":"required name=search_term_string"}],"inLanguage":"en-US"},{"@type":"Organization","@id":"https:\/\/www.whw.hr\/#organization","name":"whw \/ what, how & for whom","alternateName":"whw","url":"https:\/\/www.whw.hr\/","logo":{"@type":"ImageObject","inLanguage":"en-US","@id":"https:\/\/www.whw.hr\/#\/schema\/logo\/image\/","url":"https:\/\/www.whw.hr\/wp-content\/uploads\/2022\/12\/jmm-68-1-2.jpg","contentUrl":"https:\/\/www.whw.hr\/wp-content\/uploads\/2022\/12\/jmm-68-1-2.jpg","width":2000,"height":1333,"caption":"whw \/ what, how & for whom"},"image":{"@id":"https:\/\/www.whw.hr\/#\/schema\/logo\/image\/"},"sameAs":["https:\/\/www.instagram.com\/whw_what.how.for.whom\/","https:\/\/www.youtube.com\/channel\/UCYplGnLkNqPXZSBaJgv4mZw","https:\/\/www.facebook.com\/galerijanova"]}]}},"_links":{"self":[{"href":"https:\/\/www.whw.hr\/wp-json\/wp\/v2\/dogadjanja\/4006","targetHints":{"allow":["GET"]}}],"collection":[{"href":"https:\/\/www.whw.hr\/wp-json\/wp\/v2\/dogadjanja"}],"about":[{"href":"https:\/\/www.whw.hr\/wp-json\/wp\/v2\/types\/dogadjanja"}],"author":[{"embeddable":true,"href":"https:\/\/www.whw.hr\/wp-json\/wp\/v2\/users\/2"}],"version-history":[{"count":6,"href":"https:\/\/www.whw.hr\/wp-json\/wp\/v2\/dogadjanja\/4006\/revisions"}],"predecessor-version":[{"id":4083,"href":"https:\/\/www.whw.hr\/wp-json\/wp\/v2\/dogadjanja\/4006\/revisions\/4083"}],"wp:featuredmedia":[{"embeddable":true,"href":"https:\/\/www.whw.hr\/wp-json\/wp\/v2\/media\/4007"}],"wp:attachment":[{"href":"https:\/\/www.whw.hr\/wp-json\/wp\/v2\/media?parent=4006"}],"wp:term":[{"taxonomy":"category","embeddable":true,"href":"https:\/\/www.whw.hr\/wp-json\/wp\/v2\/categories?post=4006"},{"taxonomy":"post_tag","embeddable":true,"href":"https:\/\/www.whw.hr\/wp-json\/wp\/v2\/tags?post=4006"}],"curies":[{"name":"wp","href":"https:\/\/api.w.org\/{rel}","templated":true}]}}