{"id":3056,"date":"2023-01-22T17:41:32","date_gmt":"2023-01-22T16:41:32","guid":{"rendered":"https:\/\/www.whw.hr\/program\/\/"},"modified":"2023-01-22T18:00:40","modified_gmt":"2023-01-22T17:00:40","slug":"sto-da-se-radi-prijeka-potreba-za-borbom","status":"publish","type":"dogadjanja","link":"https:\/\/www.whw.hr\/%dogadjanja-slug%\/sto-da-se-radi-prijeka-potreba-za-borbom\/","title":{"rendered":"\u0160to da se radi? ... prijeka potreba za borbom"},"content":{"rendered":"<p>Utemeljena 2003. godine u Petersburgu, platforma\u00a0<strong>Chto delat?<\/strong>, \u010diji naziv dolazi iz romana ruskog pisca\u00a0<strong>Nikolaja \u010cerni\u0161evskog<\/strong>, i\u00a0<strong>Lenjinovog<\/strong>\u00a0politi\u010dkog teksta\u00a0<em>\u0160to da se radi?<\/em>\u00a0iz 1902., kolektivna je inicijativa usmjerena prema stvaranju i razvoju dijaloga izme\u0111u teorije, umjetnosti i aktivizma, i o mjestu umjetnosti i poetike u tom procesu.\u00a0<em>Chto delat?<\/em>\u00a0uklju\u010duje umjetnike, kriti\u010dare, filozofe i pisce, i od 2003. godine izdaje novine namijenjene repolitizaciji ruske intelektualne kulture u njenom \u0161irem me\u0111unarodnom kontekstu.<\/p>\n<p>U okviru izlo\u017ebe u Galeriji Nova, koja je ujedno i prva samostalna izlo\u017eba u sedam godina djelovanja kolektiva,\u00a0<strong>Chto delat?<\/strong>\u00a0je uredio posebni broj novina pod nazivom\u00a0<em>Kako raditi politi\u010dki film<\/em>\u00a0s tekstovima\u00a0<strong>Jean-Luca Godarda<\/strong>,\u00a0<strong>Stefana Jonssona<\/strong>,\u00a0<strong>Joanne Richardson<\/strong>,\u00a0<strong>Hito Steyerl<\/strong>,\u00a0<strong>Dmitrija Vilenskog<\/strong>\u00a0i\u00a0<strong>Petera Watkinsa<\/strong>.<\/p>\n<p>Izlo\u017ebena instalacija, koja uklju\u010duje zidne slike\u00a0<strong>Nikolaya Oleynikova<\/strong>\u00a0kreirane za prostor galerije i presjek video stvaranja kolektiva u proteklih sedam godina rada, reflektira se na potencijal politi\u010dkih projekata dru\u0161tvene emancipacije i kolektivizma. Izlo\u017eba ujedno postavlja pitanje o povijesnoj nu\u017enosti i djelotvornosti odre\u0111ene umjetni\u010dke metode u pojedinom dru\u0161tvenom kontektu, propituju\u0107i na\u010dine djelovanja i klju\u010dne utjecaje na rad kolektiva\u00a0<strong>Chto Delat?<\/strong>.<\/p>\n<p><em>Video Graditelji<\/em>\u00a0(2005) inspiriran je slikom\u00a0<strong>Viktora Popkova<\/strong>\u00a0<em>Graditelji Bratska<\/em>\u00a0iz 1961. godine, i postavlja pitanje o tome \u0161to doista zna\u010di biti protagonist odre\u0111enog povijesnog trenutka, ne samo stajati na pragu velikih promjena, nego i mo\u0107i shvatiti u \u010demu je bit transformacije dru\u0161tva, te je realizirati.<\/p>\n<p><em>Ljuti ljudi sendvi\u010di ili u pohvalu dijalektike<\/em>\u00a0(2006) temelji se jednoj od najsna\u017enijih\u00a0<strong>Brechtovih<\/strong>\u00a0pjesama. Nastao u suradnji s aktivisti\u010dkim grupama\u00a0<strong>Radni\u010dka demokracija<\/strong>\u00a0i\u00a0<strong>Pokret otpora Pjotr Aleksejev<\/strong>, video vizualizira mogu\u0107nosti protesta u obliku teatralnog performansa u urbanom prostoru.<\/p>\n<p><em>Kronika perestrojke<\/em>\u00a0(2008, autor\u00a0<strong>Dmitry Vilensky<\/strong>) sastoji se od arhivskih snimaka demonstracija u Lenjingradu u periodu od 1987-1991. Kako perestrojka polako odlazi u povijest, danas je vidimo na druga\u010diji na\u010din nego prije dvadeset godina, i video se reflektira na nju iz kriti\u010dke perspektive dana\u0161njeg stanja cinizma i otu\u0111enja u Rusiji.<\/p>\n<p><em>2+2 vje\u017ebanje Godarda<\/em>\u00a0(2009) nastao je nakon policijske racije na seminar\u00a0<strong>Chto delat?<\/strong>\u00a0u Ni\u017enom Novgorodu, kada je policija tra\u017eila od sudionika seminara da izbri\u0161u sve video zapise. Suprotno uvjerenju da je brisanje video zapisa ujedno i uni\u0161tenje pam\u0107enja,\u00a0<em>2+2 vje\u017ebanje Godarda<\/em>\u00a0pokazuje da mo\u017eemo ne samo dokumentirati represiju, ve\u0107 i oblikovati svoj vlastiti prostor interpretacije, i pisati svoju vlastitu povijest.<\/p>\n<p>Video radovi koji \u010dine\u00a0<em>Songspiel trilogiju<\/em>\u00a0&#8211;\u00a0<em>Perestroika<\/em>&#8211;<em>Songspiel<\/em>\u00a0(2008-2009),\u00a0<em>Partisan Songspiel<\/em>.\u00a0<em>Beogradska pri\u010da<\/em>\u00a0(2009), i najnoviji rad kolektiva &#8211;\u00a0<em>Songspiel nebodera<\/em>\u00a0(2010), strukturirani su kao anti\u010dke tragedije; dramatis personae su podijeljene u kor i grupu protagonista. Likovi u\u00a0<em>Perestroika<\/em>&#8211;<em>Songspiel<\/em>\u00a0klju\u010dni su tipovi vremena perestrojke, svaki sa svojom posebnom vizijom: demokrat, poslovni \u010dovjek, revolucionar, nacionalista, feministkinja. Sli\u010dno strukturirana,\u00a0<em>Partisan Songspiel<\/em>\u00a0bavi se transformacijom socijalisti\u010dke pro\u0161losti u dana\u0161nji neo-liberalni sistem, i istra\u017euje intelektualne posljedice promjena nastalih nakon 1989. Liberali, nacionalisti, ratni veterani, raspravljaju o promjenama u vlastitoj politi\u010dkoj poziciji od vremena raspada\u00a0<strong>Titove<\/strong>\u00a0Jugoslavije do danas.\u00a0<em>Songspiel nebodera<\/em>\u00a0temelji se na analizi konflikta nastalog oko planiranog Okhta centra i Gazprom nebodera u Petrogradu, i na dokumentima iz dru\u0161tvenog i politi\u010dkog \u017eivota Rusije.<\/p>\n<p>Dosada\u0161nji brojevi novina\u00a0<strong>Chto delat?<\/strong> mogu se na\u0107i na <a href=\"http:\/\/www.chtodelat.org\/\" target=\"_blank\" rel=\"noopener\">internet stranici<\/a> kolektiva.<\/p>\n<p><strong>Podr\u0161ka:<\/strong><br \/>\nMinistarstvo kulture Republike Hrvatske<br \/>\nGradski ured za kulturu, obrazovanje i \u0161port Grada Zagreba<br \/>\nNacionalna zaklada za razvoj civilnog dru\u0161tva<\/p>\n","protected":false},"excerpt":{"rendered":"<p>Utemeljena 2003. godine u Petersburgu, platforma\u00a0Chto delat?, \u010diji naziv dolazi iz romana ruskog pisca\u00a0Nikolaja \u010cerni\u0161evskog, i\u00a0Lenjinovog\u00a0politi\u010dkog teksta\u00a0\u0160to da se radi?\u00a0iz 1902., kolektivna je inicijativa usmjerena prema stvaranju i razvoju dijaloga izme\u0111u teorije, umjetnosti i aktivizma, i o mjestu umjetnosti i poetike u tom procesu.\u00a0Chto delat?\u00a0uklju\u010duje umjetnike, kriti\u010dare, filozofe i pisce, i od 2003. godine izdaje [&hellip;]<\/p>\n","protected":false},"author":2,"featured_media":3057,"menu_order":0,"template":"","meta":{"footnotes":""},"categories":[8],"tags":[377],"class_list":["post-3056","dogadjanja","type-dogadjanja","status-publish","has-post-thumbnail","hentry","category-galerijanova","tag-chto-delat"],"acf":[],"yoast_head":"<!-- This site is optimized with the Yoast SEO plugin v19.14 - https:\/\/yoast.com\/wordpress\/plugins\/seo\/ -->\n<title>\u0160to da se radi? ... prijeka potreba za borbom<\/title>\n<meta name=\"description\" content=\"Utemeljena 2003. godine u Petersburgu, platforma\u00a0Chto delat?, \u010diji naziv dolazi iz romana ruskog pisca\u00a0Nikolaja \u010cerni\u0161evskog, i\u00a0Lenjinovog\u00a0politi\u010dkog teksta\u00a0\u0160to da se radi?\u00a0iz 1902., kolektivna je inicijativa usmjerena prema stvaranju i razvoju dijaloga izme\u0111u teorije, umjetnosti i aktivizma, i o mjestu umjetnosti i poetike u tom procesu.\u00a0Chto delat?\u00a0uklju\u010duje umjetnike, kriti\u010dare, filozofe i pisce, i od 2003. godine izdaje&hellip;\" \/>\n<meta name=\"robots\" content=\"index, follow, max-snippet:-1, max-image-preview:large, max-video-preview:-1\" \/>\n<link rel=\"canonical\" href=\"https:\/\/www.whw.hr\/%dogadjanja-slug%\/sto-da-se-radi-prijeka-potreba-za-borbom\/\" \/>\n<meta property=\"og:locale\" content=\"en_US\" \/>\n<meta property=\"og:type\" content=\"article\" \/>\n<meta property=\"og:title\" content=\"\u0160to da se radi? ... prijeka potreba za borbom\" \/>\n<meta property=\"og:description\" content=\"Utemeljena 2003. godine u Petersburgu, platforma\u00a0Chto delat?, \u010diji naziv dolazi iz romana ruskog pisca\u00a0Nikolaja \u010cerni\u0161evskog, i\u00a0Lenjinovog\u00a0politi\u010dkog teksta\u00a0\u0160to da se radi?\u00a0iz 1902., kolektivna je inicijativa usmjerena prema stvaranju i razvoju dijaloga izme\u0111u teorije, umjetnosti i aktivizma, i o mjestu umjetnosti i poetike u tom procesu.\u00a0Chto delat?\u00a0uklju\u010duje umjetnike, kriti\u010dare, filozofe i pisce, i od 2003. godine izdaje&hellip;\" \/>\n<meta property=\"og:url\" content=\"https:\/\/www.whw.hr\/%dogadjanja-slug%\/sto-da-se-radi-prijeka-potreba-za-borbom\/\" \/>\n<meta property=\"og:site_name\" content=\"whw\" \/>\n<meta property=\"article:publisher\" content=\"https:\/\/www.facebook.com\/galerijanova\" \/>\n<meta property=\"article:modified_time\" content=\"2023-01-22T17:00:40+00:00\" \/>\n<meta property=\"og:image\" content=\"https:\/\/www.whw.hr\/wp-content\/uploads\/2023\/01\/INK3201-1.jpg\" \/>\n\t<meta property=\"og:image:width\" content=\"2300\" \/>\n\t<meta property=\"og:image:height\" content=\"1530\" \/>\n\t<meta property=\"og:image:type\" content=\"image\/jpeg\" \/>\n<meta name=\"twitter:card\" content=\"summary_large_image\" \/>\n<meta name=\"twitter:label1\" content=\"Est. reading time\" \/>\n\t<meta name=\"twitter:data1\" content=\"3 minutes\" \/>\n<script type=\"application\/ld+json\" class=\"yoast-schema-graph\">{\"@context\":\"https:\/\/schema.org\",\"@graph\":[{\"@type\":\"WebPage\",\"@id\":\"https:\/\/www.whw.hr\/%dogadjanja-slug%\/sto-da-se-radi-prijeka-potreba-za-borbom\/\",\"url\":\"https:\/\/www.whw.hr\/%dogadjanja-slug%\/sto-da-se-radi-prijeka-potreba-za-borbom\/\",\"name\":\"\u0160to da se radi? ... prijeka potreba za borbom &ndash; whw\",\"isPartOf\":{\"@id\":\"https:\/\/www.whw.hr\/#website\"},\"datePublished\":\"2023-01-22T16:41:32+00:00\",\"dateModified\":\"2023-01-22T17:00:40+00:00\",\"description\":\"Utemeljena 2003. godine u Petersburgu, platforma\u00a0Chto delat?, \u010diji naziv dolazi iz romana ruskog pisca\u00a0Nikolaja \u010cerni\u0161evskog, i\u00a0Lenjinovog\u00a0politi\u010dkog\",\"breadcrumb\":{\"@id\":\"https:\/\/www.whw.hr\/%dogadjanja-slug%\/sto-da-se-radi-prijeka-potreba-za-borbom\/#breadcrumb\"},\"inLanguage\":\"en-US\",\"potentialAction\":[{\"@type\":\"ReadAction\",\"target\":[\"https:\/\/www.whw.hr\/%dogadjanja-slug%\/sto-da-se-radi-prijeka-potreba-za-borbom\/\"]}]},{\"@type\":\"BreadcrumbList\",\"@id\":\"https:\/\/www.whw.hr\/%dogadjanja-slug%\/sto-da-se-radi-prijeka-potreba-za-borbom\/#breadcrumb\",\"itemListElement\":[{\"@type\":\"ListItem\",\"position\":1,\"name\":\"Po\u010detna stranica\",\"item\":\"https:\/\/www.whw.hr\/\"},{\"@type\":\"ListItem\",\"position\":2,\"name\":\"\u0160to da se radi? &#8230; prijeka potreba za borbom\"}]},{\"@type\":\"WebSite\",\"@id\":\"https:\/\/www.whw.hr\/#website\",\"url\":\"https:\/\/www.whw.hr\/\",\"name\":\"whw \/ what, how & for whom\",\"description\":\"what, how & for whom\",\"publisher\":{\"@id\":\"https:\/\/www.whw.hr\/#organization\"},\"alternateName\":\"whw\",\"potentialAction\":[{\"@type\":\"SearchAction\",\"target\":{\"@type\":\"EntryPoint\",\"urlTemplate\":\"https:\/\/www.whw.hr\/?s={search_term_string}\"},\"query-input\":\"required name=search_term_string\"}],\"inLanguage\":\"en-US\"},{\"@type\":\"Organization\",\"@id\":\"https:\/\/www.whw.hr\/#organization\",\"name\":\"whw \/ what, how & for whom\",\"alternateName\":\"whw\",\"url\":\"https:\/\/www.whw.hr\/\",\"logo\":{\"@type\":\"ImageObject\",\"inLanguage\":\"en-US\",\"@id\":\"https:\/\/www.whw.hr\/#\/schema\/logo\/image\/\",\"url\":\"https:\/\/www.whw.hr\/wp-content\/uploads\/2022\/12\/jmm-68-1-2.jpg\",\"contentUrl\":\"https:\/\/www.whw.hr\/wp-content\/uploads\/2022\/12\/jmm-68-1-2.jpg\",\"width\":2000,\"height\":1333,\"caption\":\"whw \/ what, how & for whom\"},\"image\":{\"@id\":\"https:\/\/www.whw.hr\/#\/schema\/logo\/image\/\"},\"sameAs\":[\"https:\/\/www.instagram.com\/whw_what.how.for.whom\/\",\"https:\/\/www.youtube.com\/channel\/UCYplGnLkNqPXZSBaJgv4mZw\",\"https:\/\/www.facebook.com\/galerijanova\"]}]}<\/script>\n<!-- \/ Yoast SEO plugin. -->","yoast_head_json":{"title":"\u0160to da se radi? ... prijeka potreba za borbom","description":"Utemeljena 2003. godine u Petersburgu, platforma\u00a0Chto delat?, \u010diji naziv dolazi iz romana ruskog pisca\u00a0Nikolaja \u010cerni\u0161evskog, i\u00a0Lenjinovog\u00a0politi\u010dkog teksta\u00a0\u0160to da se radi?\u00a0iz 1902., kolektivna je inicijativa usmjerena prema stvaranju i razvoju dijaloga izme\u0111u teorije, umjetnosti i aktivizma, i o mjestu umjetnosti i poetike u tom procesu.\u00a0Chto delat?\u00a0uklju\u010duje umjetnike, kriti\u010dare, filozofe i pisce, i od 2003. godine izdaje&hellip;","robots":{"index":"index","follow":"follow","max-snippet":"max-snippet:-1","max-image-preview":"max-image-preview:large","max-video-preview":"max-video-preview:-1"},"canonical":"https:\/\/www.whw.hr\/%dogadjanja-slug%\/sto-da-se-radi-prijeka-potreba-za-borbom\/","og_locale":"en_US","og_type":"article","og_title":"\u0160to da se radi? ... prijeka potreba za borbom","og_description":"Utemeljena 2003. godine u Petersburgu, platforma\u00a0Chto delat?, \u010diji naziv dolazi iz romana ruskog pisca\u00a0Nikolaja \u010cerni\u0161evskog, i\u00a0Lenjinovog\u00a0politi\u010dkog teksta\u00a0\u0160to da se radi?\u00a0iz 1902., kolektivna je inicijativa usmjerena prema stvaranju i razvoju dijaloga izme\u0111u teorije, umjetnosti i aktivizma, i o mjestu umjetnosti i poetike u tom procesu.\u00a0Chto delat?\u00a0uklju\u010duje umjetnike, kriti\u010dare, filozofe i pisce, i od 2003. godine izdaje&hellip;","og_url":"https:\/\/www.whw.hr\/%dogadjanja-slug%\/sto-da-se-radi-prijeka-potreba-za-borbom\/","og_site_name":"whw","article_publisher":"https:\/\/www.facebook.com\/galerijanova","article_modified_time":"2023-01-22T17:00:40+00:00","og_image":[{"width":2300,"height":1530,"url":"https:\/\/www.whw.hr\/wp-content\/uploads\/2023\/01\/INK3201-1.jpg","type":"image\/jpeg"}],"twitter_card":"summary_large_image","twitter_misc":{"Est. reading time":"3 minutes"},"schema":{"@context":"https:\/\/schema.org","@graph":[{"@type":"WebPage","@id":"https:\/\/www.whw.hr\/%dogadjanja-slug%\/sto-da-se-radi-prijeka-potreba-za-borbom\/","url":"https:\/\/www.whw.hr\/%dogadjanja-slug%\/sto-da-se-radi-prijeka-potreba-za-borbom\/","name":"\u0160to da se radi? ... prijeka potreba za borbom &ndash; whw","isPartOf":{"@id":"https:\/\/www.whw.hr\/#website"},"datePublished":"2023-01-22T16:41:32+00:00","dateModified":"2023-01-22T17:00:40+00:00","description":"Utemeljena 2003. godine u Petersburgu, platforma\u00a0Chto delat?, \u010diji naziv dolazi iz romana ruskog pisca\u00a0Nikolaja \u010cerni\u0161evskog, i\u00a0Lenjinovog\u00a0politi\u010dkog","breadcrumb":{"@id":"https:\/\/www.whw.hr\/%dogadjanja-slug%\/sto-da-se-radi-prijeka-potreba-za-borbom\/#breadcrumb"},"inLanguage":"en-US","potentialAction":[{"@type":"ReadAction","target":["https:\/\/www.whw.hr\/%dogadjanja-slug%\/sto-da-se-radi-prijeka-potreba-za-borbom\/"]}]},{"@type":"BreadcrumbList","@id":"https:\/\/www.whw.hr\/%dogadjanja-slug%\/sto-da-se-radi-prijeka-potreba-za-borbom\/#breadcrumb","itemListElement":[{"@type":"ListItem","position":1,"name":"Po\u010detna stranica","item":"https:\/\/www.whw.hr\/"},{"@type":"ListItem","position":2,"name":"\u0160to da se radi? &#8230; prijeka potreba za borbom"}]},{"@type":"WebSite","@id":"https:\/\/www.whw.hr\/#website","url":"https:\/\/www.whw.hr\/","name":"whw \/ what, how & for whom","description":"what, how & for whom","publisher":{"@id":"https:\/\/www.whw.hr\/#organization"},"alternateName":"whw","potentialAction":[{"@type":"SearchAction","target":{"@type":"EntryPoint","urlTemplate":"https:\/\/www.whw.hr\/?s={search_term_string}"},"query-input":"required name=search_term_string"}],"inLanguage":"en-US"},{"@type":"Organization","@id":"https:\/\/www.whw.hr\/#organization","name":"whw \/ what, how & for whom","alternateName":"whw","url":"https:\/\/www.whw.hr\/","logo":{"@type":"ImageObject","inLanguage":"en-US","@id":"https:\/\/www.whw.hr\/#\/schema\/logo\/image\/","url":"https:\/\/www.whw.hr\/wp-content\/uploads\/2022\/12\/jmm-68-1-2.jpg","contentUrl":"https:\/\/www.whw.hr\/wp-content\/uploads\/2022\/12\/jmm-68-1-2.jpg","width":2000,"height":1333,"caption":"whw \/ what, how & for whom"},"image":{"@id":"https:\/\/www.whw.hr\/#\/schema\/logo\/image\/"},"sameAs":["https:\/\/www.instagram.com\/whw_what.how.for.whom\/","https:\/\/www.youtube.com\/channel\/UCYplGnLkNqPXZSBaJgv4mZw","https:\/\/www.facebook.com\/galerijanova"]}]}},"_links":{"self":[{"href":"https:\/\/www.whw.hr\/wp-json\/wp\/v2\/dogadjanja\/3056","targetHints":{"allow":["GET"]}}],"collection":[{"href":"https:\/\/www.whw.hr\/wp-json\/wp\/v2\/dogadjanja"}],"about":[{"href":"https:\/\/www.whw.hr\/wp-json\/wp\/v2\/types\/dogadjanja"}],"author":[{"embeddable":true,"href":"https:\/\/www.whw.hr\/wp-json\/wp\/v2\/users\/2"}],"version-history":[{"count":1,"href":"https:\/\/www.whw.hr\/wp-json\/wp\/v2\/dogadjanja\/3056\/revisions"}],"predecessor-version":[{"id":3058,"href":"https:\/\/www.whw.hr\/wp-json\/wp\/v2\/dogadjanja\/3056\/revisions\/3058"}],"wp:featuredmedia":[{"embeddable":true,"href":"https:\/\/www.whw.hr\/wp-json\/wp\/v2\/media\/3057"}],"wp:attachment":[{"href":"https:\/\/www.whw.hr\/wp-json\/wp\/v2\/media?parent=3056"}],"wp:term":[{"taxonomy":"category","embeddable":true,"href":"https:\/\/www.whw.hr\/wp-json\/wp\/v2\/categories?post=3056"},{"taxonomy":"post_tag","embeddable":true,"href":"https:\/\/www.whw.hr\/wp-json\/wp\/v2\/tags?post=3056"}],"curies":[{"name":"wp","href":"https:\/\/api.w.org\/{rel}","templated":true}]}}