{"id":2783,"date":"2022-12-20T19:52:24","date_gmt":"2022-12-20T18:52:24","guid":{"rendered":"https:\/\/www.whw.hr\/program\/\/"},"modified":"2022-12-20T19:52:43","modified_gmt":"2022-12-20T18:52:43","slug":"thomas-keenan-mengeleova-lubanja-zaceci-forenzicke-estetike","status":"publish","type":"dogadjanja","link":"https:\/\/www.whw.hr\/%dogadjanja-slug%\/thomas-keenan-mengeleova-lubanja-zaceci-forenzicke-estetike\/","title":{"rendered":"Thomas Keenan, Mengeleova lubanja: za\u010deci forenzi\u010dke estetike"},"content":{"rendered":"<p>U Jeruzalemu je 1960. odr\u017ean sudski proces\u00a0<strong>Adolfu Eichmannu<\/strong>\u00a0i po\u010delo je &#8220;doba svjedoka&#8221;. Grupa forenzi\u010dara je 1985. otkrila tijelo\u00a0<strong>Josefa Mengelea<\/strong>\u00a0u Brazilu i time promijenila shva\u0107anje dokaza u diskursu o ljudskim pravima. U predavanju \u0107e se istra\u017eivati nastanak objekta u procesuiranju ratnih zlo\u010dina, uvjeti njegove prezentacije, kao i estetske operacije uklju\u010dene u de\u0161ifriranje &#8220;govora stvari&#8221;.<\/p>\n<p>Knjiga\u00a0<em>Mengeleova lubanja: za\u010deci forenzi\u010dke estetike<\/em>\u00a0izlazi u izdanju Multimedijalnog instituta, u prijevodu\u00a0<strong>Tihane Bertek<\/strong>.<\/p>\n<p><strong>Thomas Keenan<\/strong>\u00a0predaje knji\u017eevnu teoriju i ljudska prava na Bard College, gdje vodi Human Rights Project. Autor je knjiga\u00a0<em>Fables of Responsibility: Aberrations and Predicament in Ethicss and Politics (<\/em>Stanford University Press, 1997), a s Wendy Chun uredio je\u00a0<em>New Media, Old Media: A History and Theory Reader\u00a0<\/em>(Routledge, 2006). S Eyalom Weizmanom koautor je knjige\u00a0<em>Mengele&#8217;s Skull\u00a0<\/em>(Sternberg, 2012). Izlo\u017eba\u00a0<em>Antiphotojournalism<\/em>, koju je kurirao s Carlesom Guerrom, odr\u017eana je u La Virreina u Barceloni i u FOAM u Amsterdamu 2010-11; za festival Zoom kurirao je i\u00a0<em>Aid and Abet<\/em>, projekt s fotografima iz VII Photo Agency.<\/p>\n<p>Gostovanje Thomasa Keenana suorganiziraju WHW i Multimedijalni institut mi2<\/p>\n<p>Podr\u0161ka:<br \/>\nMinistarstvo kulture Republike Hrvatske<br \/>\nGradski ured za kulturu, obrazovanje i sport grada Zagreba<br \/>\nTrust for Mutual Understanding<\/p>\n<p>program Europske Unije Kultura 2007-2013<\/p>\n","protected":false},"excerpt":{"rendered":"<p>U Jeruzalemu je 1960. odr\u017ean sudski proces\u00a0Adolfu Eichmannu\u00a0i po\u010delo je &#8220;doba svjedoka&#8221;. Grupa forenzi\u010dara je 1985. otkrila tijelo\u00a0Josefa Mengelea\u00a0u Brazilu i time promijenila shva\u0107anje dokaza u diskursu o ljudskim pravima. U predavanju \u0107e se istra\u017eivati nastanak objekta u procesuiranju ratnih zlo\u010dina, uvjeti njegove prezentacije, kao i estetske operacije uklju\u010dene u de\u0161ifriranje &#8220;govora stvari&#8221;. Knjiga\u00a0Mengeleova lubanja: [&hellip;]<\/p>\n","protected":false},"author":2,"featured_media":2784,"menu_order":0,"template":"","meta":{"footnotes":""},"categories":[8],"tags":[621,646],"class_list":["post-2783","dogadjanja","type-dogadjanja","status-publish","has-post-thumbnail","hentry","category-galerijanova","tag-multimedijalni-institut","tag-thomas-keenan"],"acf":[],"yoast_head":"<!-- This site is optimized with the Yoast SEO plugin v19.14 - https:\/\/yoast.com\/wordpress\/plugins\/seo\/ -->\n<title>Thomas Keenan, Mengeleova lubanja: za\u010deci forenzi\u010dke estetike<\/title>\n<meta name=\"description\" content=\"U Jeruzalemu je 1960. odr\u017ean sudski proces\u00a0Adolfu Eichmannu\u00a0i po\u010delo je &quot;doba svjedoka&quot;. Grupa forenzi\u010dara je 1985. otkrila tijelo\u00a0Josefa Mengelea\u00a0u Brazilu i time promijenila shva\u0107anje dokaza u diskursu o ljudskim pravima. U predavanju \u0107e se istra\u017eivati nastanak objekta u procesuiranju ratnih zlo\u010dina, uvjeti njegove prezentacije, kao i estetske operacije uklju\u010dene u de\u0161ifriranje &quot;govora stvari&quot;. Knjiga\u00a0Mengeleova lubanja:&hellip;\" \/>\n<meta name=\"robots\" content=\"index, follow, max-snippet:-1, max-image-preview:large, max-video-preview:-1\" \/>\n<link rel=\"canonical\" href=\"https:\/\/www.whw.hr\/%dogadjanja-slug%\/thomas-keenan-mengeleova-lubanja-zaceci-forenzicke-estetike\/\" \/>\n<meta property=\"og:locale\" content=\"en_US\" \/>\n<meta property=\"og:type\" content=\"article\" \/>\n<meta property=\"og:title\" content=\"Thomas Keenan, Mengeleova lubanja: za\u010deci forenzi\u010dke estetike\" \/>\n<meta property=\"og:description\" content=\"U Jeruzalemu je 1960. odr\u017ean sudski proces\u00a0Adolfu Eichmannu\u00a0i po\u010delo je &quot;doba svjedoka&quot;. Grupa forenzi\u010dara je 1985. otkrila tijelo\u00a0Josefa Mengelea\u00a0u Brazilu i time promijenila shva\u0107anje dokaza u diskursu o ljudskim pravima. U predavanju \u0107e se istra\u017eivati nastanak objekta u procesuiranju ratnih zlo\u010dina, uvjeti njegove prezentacije, kao i estetske operacije uklju\u010dene u de\u0161ifriranje &quot;govora stvari&quot;. Knjiga\u00a0Mengeleova lubanja:&hellip;\" \/>\n<meta property=\"og:url\" content=\"https:\/\/www.whw.hr\/%dogadjanja-slug%\/thomas-keenan-mengeleova-lubanja-zaceci-forenzicke-estetike\/\" \/>\n<meta property=\"og:site_name\" content=\"whw\" \/>\n<meta property=\"article:publisher\" content=\"https:\/\/www.facebook.com\/galerijanova\" \/>\n<meta property=\"article:modified_time\" content=\"2022-12-20T18:52:43+00:00\" \/>\n<meta property=\"og:image\" content=\"https:\/\/www.whw.hr\/wp-content\/uploads\/2022\/12\/Mengele-forenzics23-1.jpg\" \/>\n\t<meta property=\"og:image:width\" content=\"640\" \/>\n\t<meta property=\"og:image:height\" content=\"449\" \/>\n\t<meta property=\"og:image:type\" content=\"image\/jpeg\" \/>\n<meta name=\"twitter:card\" content=\"summary_large_image\" \/>\n<meta name=\"twitter:label1\" content=\"Est. reading time\" \/>\n\t<meta name=\"twitter:data1\" content=\"1 minute\" \/>\n<script type=\"application\/ld+json\" class=\"yoast-schema-graph\">{\"@context\":\"https:\/\/schema.org\",\"@graph\":[{\"@type\":\"WebPage\",\"@id\":\"https:\/\/www.whw.hr\/%dogadjanja-slug%\/thomas-keenan-mengeleova-lubanja-zaceci-forenzicke-estetike\/\",\"url\":\"https:\/\/www.whw.hr\/%dogadjanja-slug%\/thomas-keenan-mengeleova-lubanja-zaceci-forenzicke-estetike\/\",\"name\":\"Thomas Keenan, Mengeleova lubanja: za\u010deci forenzi\u010dke estetike &ndash; whw\",\"isPartOf\":{\"@id\":\"https:\/\/www.whw.hr\/#website\"},\"datePublished\":\"2022-12-20T18:52:24+00:00\",\"dateModified\":\"2022-12-20T18:52:43+00:00\",\"description\":\"U Jeruzalemu je 1960. odr\u017ean sudski proces\u00a0Adolfu Eichmannu\u00a0i po\u010delo je \\\"doba svjedoka\\\". Grupa forenzi\u010dara je 1985. otkrila tijelo\u00a0Josefa Mengelea\u00a0u\",\"breadcrumb\":{\"@id\":\"https:\/\/www.whw.hr\/%dogadjanja-slug%\/thomas-keenan-mengeleova-lubanja-zaceci-forenzicke-estetike\/#breadcrumb\"},\"inLanguage\":\"en-US\",\"potentialAction\":[{\"@type\":\"ReadAction\",\"target\":[\"https:\/\/www.whw.hr\/%dogadjanja-slug%\/thomas-keenan-mengeleova-lubanja-zaceci-forenzicke-estetike\/\"]}]},{\"@type\":\"BreadcrumbList\",\"@id\":\"https:\/\/www.whw.hr\/%dogadjanja-slug%\/thomas-keenan-mengeleova-lubanja-zaceci-forenzicke-estetike\/#breadcrumb\",\"itemListElement\":[{\"@type\":\"ListItem\",\"position\":1,\"name\":\"Po\u010detna stranica\",\"item\":\"https:\/\/www.whw.hr\/\"},{\"@type\":\"ListItem\",\"position\":2,\"name\":\"Thomas Keenan, Mengeleova lubanja: za\u010deci forenzi\u010dke estetike\"}]},{\"@type\":\"WebSite\",\"@id\":\"https:\/\/www.whw.hr\/#website\",\"url\":\"https:\/\/www.whw.hr\/\",\"name\":\"whw \/ what, how & for whom\",\"description\":\"what, how & for whom\",\"publisher\":{\"@id\":\"https:\/\/www.whw.hr\/#organization\"},\"alternateName\":\"whw\",\"potentialAction\":[{\"@type\":\"SearchAction\",\"target\":{\"@type\":\"EntryPoint\",\"urlTemplate\":\"https:\/\/www.whw.hr\/?s={search_term_string}\"},\"query-input\":\"required name=search_term_string\"}],\"inLanguage\":\"en-US\"},{\"@type\":\"Organization\",\"@id\":\"https:\/\/www.whw.hr\/#organization\",\"name\":\"whw \/ what, how & for whom\",\"alternateName\":\"whw\",\"url\":\"https:\/\/www.whw.hr\/\",\"logo\":{\"@type\":\"ImageObject\",\"inLanguage\":\"en-US\",\"@id\":\"https:\/\/www.whw.hr\/#\/schema\/logo\/image\/\",\"url\":\"https:\/\/www.whw.hr\/wp-content\/uploads\/2022\/12\/jmm-68-1-2.jpg\",\"contentUrl\":\"https:\/\/www.whw.hr\/wp-content\/uploads\/2022\/12\/jmm-68-1-2.jpg\",\"width\":2000,\"height\":1333,\"caption\":\"whw \/ what, how & for whom\"},\"image\":{\"@id\":\"https:\/\/www.whw.hr\/#\/schema\/logo\/image\/\"},\"sameAs\":[\"https:\/\/www.instagram.com\/whw_what.how.for.whom\/\",\"https:\/\/www.youtube.com\/channel\/UCYplGnLkNqPXZSBaJgv4mZw\",\"https:\/\/www.facebook.com\/galerijanova\"]}]}<\/script>\n<!-- \/ Yoast SEO plugin. -->","yoast_head_json":{"title":"Thomas Keenan, Mengeleova lubanja: za\u010deci forenzi\u010dke estetike","description":"U Jeruzalemu je 1960. odr\u017ean sudski proces\u00a0Adolfu Eichmannu\u00a0i po\u010delo je \"doba svjedoka\". Grupa forenzi\u010dara je 1985. otkrila tijelo\u00a0Josefa Mengelea\u00a0u Brazilu i time promijenila shva\u0107anje dokaza u diskursu o ljudskim pravima. U predavanju \u0107e se istra\u017eivati nastanak objekta u procesuiranju ratnih zlo\u010dina, uvjeti njegove prezentacije, kao i estetske operacije uklju\u010dene u de\u0161ifriranje \"govora stvari\". Knjiga\u00a0Mengeleova lubanja:&hellip;","robots":{"index":"index","follow":"follow","max-snippet":"max-snippet:-1","max-image-preview":"max-image-preview:large","max-video-preview":"max-video-preview:-1"},"canonical":"https:\/\/www.whw.hr\/%dogadjanja-slug%\/thomas-keenan-mengeleova-lubanja-zaceci-forenzicke-estetike\/","og_locale":"en_US","og_type":"article","og_title":"Thomas Keenan, Mengeleova lubanja: za\u010deci forenzi\u010dke estetike","og_description":"U Jeruzalemu je 1960. odr\u017ean sudski proces\u00a0Adolfu Eichmannu\u00a0i po\u010delo je \"doba svjedoka\". Grupa forenzi\u010dara je 1985. otkrila tijelo\u00a0Josefa Mengelea\u00a0u Brazilu i time promijenila shva\u0107anje dokaza u diskursu o ljudskim pravima. U predavanju \u0107e se istra\u017eivati nastanak objekta u procesuiranju ratnih zlo\u010dina, uvjeti njegove prezentacije, kao i estetske operacije uklju\u010dene u de\u0161ifriranje \"govora stvari\". Knjiga\u00a0Mengeleova lubanja:&hellip;","og_url":"https:\/\/www.whw.hr\/%dogadjanja-slug%\/thomas-keenan-mengeleova-lubanja-zaceci-forenzicke-estetike\/","og_site_name":"whw","article_publisher":"https:\/\/www.facebook.com\/galerijanova","article_modified_time":"2022-12-20T18:52:43+00:00","og_image":[{"width":640,"height":449,"url":"https:\/\/www.whw.hr\/wp-content\/uploads\/2022\/12\/Mengele-forenzics23-1.jpg","type":"image\/jpeg"}],"twitter_card":"summary_large_image","twitter_misc":{"Est. reading time":"1 minute"},"schema":{"@context":"https:\/\/schema.org","@graph":[{"@type":"WebPage","@id":"https:\/\/www.whw.hr\/%dogadjanja-slug%\/thomas-keenan-mengeleova-lubanja-zaceci-forenzicke-estetike\/","url":"https:\/\/www.whw.hr\/%dogadjanja-slug%\/thomas-keenan-mengeleova-lubanja-zaceci-forenzicke-estetike\/","name":"Thomas Keenan, Mengeleova lubanja: za\u010deci forenzi\u010dke estetike &ndash; whw","isPartOf":{"@id":"https:\/\/www.whw.hr\/#website"},"datePublished":"2022-12-20T18:52:24+00:00","dateModified":"2022-12-20T18:52:43+00:00","description":"U Jeruzalemu je 1960. odr\u017ean sudski proces\u00a0Adolfu Eichmannu\u00a0i po\u010delo je \"doba svjedoka\". Grupa forenzi\u010dara je 1985. otkrila tijelo\u00a0Josefa Mengelea\u00a0u","breadcrumb":{"@id":"https:\/\/www.whw.hr\/%dogadjanja-slug%\/thomas-keenan-mengeleova-lubanja-zaceci-forenzicke-estetike\/#breadcrumb"},"inLanguage":"en-US","potentialAction":[{"@type":"ReadAction","target":["https:\/\/www.whw.hr\/%dogadjanja-slug%\/thomas-keenan-mengeleova-lubanja-zaceci-forenzicke-estetike\/"]}]},{"@type":"BreadcrumbList","@id":"https:\/\/www.whw.hr\/%dogadjanja-slug%\/thomas-keenan-mengeleova-lubanja-zaceci-forenzicke-estetike\/#breadcrumb","itemListElement":[{"@type":"ListItem","position":1,"name":"Po\u010detna stranica","item":"https:\/\/www.whw.hr\/"},{"@type":"ListItem","position":2,"name":"Thomas Keenan, Mengeleova lubanja: za\u010deci forenzi\u010dke estetike"}]},{"@type":"WebSite","@id":"https:\/\/www.whw.hr\/#website","url":"https:\/\/www.whw.hr\/","name":"whw \/ what, how & for whom","description":"what, how & for whom","publisher":{"@id":"https:\/\/www.whw.hr\/#organization"},"alternateName":"whw","potentialAction":[{"@type":"SearchAction","target":{"@type":"EntryPoint","urlTemplate":"https:\/\/www.whw.hr\/?s={search_term_string}"},"query-input":"required name=search_term_string"}],"inLanguage":"en-US"},{"@type":"Organization","@id":"https:\/\/www.whw.hr\/#organization","name":"whw \/ what, how & for whom","alternateName":"whw","url":"https:\/\/www.whw.hr\/","logo":{"@type":"ImageObject","inLanguage":"en-US","@id":"https:\/\/www.whw.hr\/#\/schema\/logo\/image\/","url":"https:\/\/www.whw.hr\/wp-content\/uploads\/2022\/12\/jmm-68-1-2.jpg","contentUrl":"https:\/\/www.whw.hr\/wp-content\/uploads\/2022\/12\/jmm-68-1-2.jpg","width":2000,"height":1333,"caption":"whw \/ what, how & for whom"},"image":{"@id":"https:\/\/www.whw.hr\/#\/schema\/logo\/image\/"},"sameAs":["https:\/\/www.instagram.com\/whw_what.how.for.whom\/","https:\/\/www.youtube.com\/channel\/UCYplGnLkNqPXZSBaJgv4mZw","https:\/\/www.facebook.com\/galerijanova"]}]}},"_links":{"self":[{"href":"https:\/\/www.whw.hr\/wp-json\/wp\/v2\/dogadjanja\/2783","targetHints":{"allow":["GET"]}}],"collection":[{"href":"https:\/\/www.whw.hr\/wp-json\/wp\/v2\/dogadjanja"}],"about":[{"href":"https:\/\/www.whw.hr\/wp-json\/wp\/v2\/types\/dogadjanja"}],"author":[{"embeddable":true,"href":"https:\/\/www.whw.hr\/wp-json\/wp\/v2\/users\/2"}],"version-history":[{"count":2,"href":"https:\/\/www.whw.hr\/wp-json\/wp\/v2\/dogadjanja\/2783\/revisions"}],"predecessor-version":[{"id":2786,"href":"https:\/\/www.whw.hr\/wp-json\/wp\/v2\/dogadjanja\/2783\/revisions\/2786"}],"wp:featuredmedia":[{"embeddable":true,"href":"https:\/\/www.whw.hr\/wp-json\/wp\/v2\/media\/2784"}],"wp:attachment":[{"href":"https:\/\/www.whw.hr\/wp-json\/wp\/v2\/media?parent=2783"}],"wp:term":[{"taxonomy":"category","embeddable":true,"href":"https:\/\/www.whw.hr\/wp-json\/wp\/v2\/categories?post=2783"},{"taxonomy":"post_tag","embeddable":true,"href":"https:\/\/www.whw.hr\/wp-json\/wp\/v2\/tags?post=2783"}],"curies":[{"name":"wp","href":"https:\/\/api.w.org\/{rel}","templated":true}]}}