{"id":1962,"date":"2022-10-22T14:48:06","date_gmt":"2022-10-22T12:48:06","guid":{"rendered":"https:\/\/www.whw.hr\/dogadjanja\/\/"},"modified":"2023-03-12T18:43:51","modified_gmt":"2023-03-12T17:43:51","slug":"nema-diskursa-bez-diska","status":"publish","type":"dogadjanja","link":"https:\/\/www.whw.hr\/%dogadjanja-slug%\/nema-diskursa-bez-diska\/","title":{"rendered":"YOU CAN\u2019T DISCOURSE WITHOUT DISCO"},"content":{"rendered":"<p dir=\"ltr\">Beginning in March 2022, the 4th edition of <strong>WHW Akademija<\/strong> has evolved as a process of collaborative and reciprocal learning, facilitated by a group of <a href=\"https:\/\/akademija.whw.hr\/generation\/2022\"><u>invited professors<\/u><\/a> but also by the <a href=\"https:\/\/akademija.whw.hr\/fellows\/darko-aleksovski\" target=\"_blank\" rel=\"noopener\">twelve selected participants<\/a>, whose individual commitments have unfolded over time into an investigation of collectivity and the common. The final week in Galerija Nova is both a presentation and continuation of this process, an exhibitionary habitat for themes, questions, joys and anxieties that have accumulated through a host of online and onsite workshops, lectures, seminars, meetings, chat groups, collectively edited documents, excel sheets and mind maps. Conceived and organized by participants themselves, with the mentoring support of this year\u2019s resident professor independent scholar and writer <a href=\"https:\/\/akademija.whw.hr\/professors\/ivana-bago\" target=\"_blank\" rel=\"noopener\">Ivana Bago<\/a>, this final event is structured as a \u201cbase for artistic research,\u201d or simply <strong>a bar<\/strong> which will serve as an anchor point for a series of public events happening <strong>daily from 5 to 8 pm<\/strong> and constituting an exhibition-in-progress.&nbsp;<br \/>\n&nbsp;<\/p>\n<p dir=\"ltr\">Please check the detailed program of the week <a href=\"https:\/\/akademija.whw.hr\/posts\/you-cant-discourse-without-disco\"><u>here<\/u><\/a>, and follow the daily updates on <a href=\"https:\/\/www.instagram.com\/whwakademija\/\" target=\"_blank\" rel=\"noopener\"><u>Instagram.<\/u><\/a><\/p>\n<p><em>A monster walks into a bar and asks:<br \/>\n<\/em><em>Is this the Base for Artistic Research?<br \/>\n<\/em><em>In this turbo-future,<br \/>\n<\/em><em>there\u2019s a variety show,<br \/>\n<\/em><em>some evening activities.<br \/>\n<\/em><em>There\u2019s a man looking at a flower,<br \/>\n<\/em><em>a tight gathering is unfolding:<br \/>\n<\/em><em>hybrid artists sometimes singing,<br \/>\n<\/em><em>this is their last supper, rehearsing digestion.<\/em><em><br \/>\n<\/em><em><br \/>\nWhat will they leave behind?<br \/>\n<\/em><em>Will discourse lights b(l)ind them?<\/em><em><br \/>\n<\/em>&nbsp;<\/p>\n<p dir=\"ltr\">From <strong>24 to 29 October,<\/strong> the generation of <strong>WHW Akademija 2022<\/strong> will hold a program in Gallery Nova<strong> everyday<\/strong><strong> from 5 pm\u20138 pm.<\/strong><br \/>\n&nbsp;<\/p>\n<p dir=\"ltr\"><strong>The bar<\/strong> (Base for Artistic Research) and Exhibition in Progress public events:<br \/>\n&nbsp;<br \/>\n<strong>Monday, 24th October, 6\u20138 pm<br \/>\n<\/strong>Table Tennis Table<\/p>\n<p dir=\"ltr\"><strong>Tuesday, 25th October, 6\u20137 pm<\/strong><br \/>\nSpeed Dating<\/p>\n<p dir=\"ltr\"><strong>Wednesday, 26th October, 5\u20138 pm<br \/>\n<\/strong>Collective Weaving<\/p>\n<p dir=\"ltr\"><strong>Thursday, 27th October, 7 pm<br \/>\n<\/strong>Evenings with WHW Akademija: <em>Back to Square Zero<\/em>, a public lecture by<strong> Ivana Bago<\/strong><\/p>\n<p dir=\"ltr\"><strong>Friday, 28th October, 5\u20138 pm<br \/>\n<\/strong>Video Screening Programme<\/p>\n<p><strong>Saturday, 29th October, 6 pm<br \/>\n<\/strong><em>There is a man looking at a flower<\/em> \u2013 a collective performance by the participants<\/p>\n<p><img loading=\"lazy\" decoding=\"async\" class=\"alignnone size-full wp-image-1975\" src=\"https:\/\/www.whw.hr\/wp-content\/uploads\/2022\/10\/WHW-Akademija-Summer-School2-Zagreb-2022-phto-by-Sanja-Bistricic.jpg\" alt=\"\" width=\"1000\" height=\"667\" srcset=\"https:\/\/www.whw.hr\/wp-content\/uploads\/2022\/10\/WHW-Akademija-Summer-School2-Zagreb-2022-phto-by-Sanja-Bistricic.jpg 1000w, https:\/\/www.whw.hr\/wp-content\/uploads\/2022\/10\/WHW-Akademija-Summer-School2-Zagreb-2022-phto-by-Sanja-Bistricic-735x490.jpg 735w, https:\/\/www.whw.hr\/wp-content\/uploads\/2022\/10\/WHW-Akademija-Summer-School2-Zagreb-2022-phto-by-Sanja-Bistricic-450x300.jpg 450w\" sizes=\"auto, (max-width: 1000px) 100vw, 1000px\" \/><\/p>\n<p dir=\"ltr\">\nMore on the <a href=\"https:\/\/akademija.whw.hr\/posts\/you-cant-discourse-without-disco\" target=\"_blank\" rel=\"noopener\">link<\/a>.<\/p>\n<p>WHW Akademija is realized in partnership with&nbsp;<a href=\"https:\/\/www.kontakt-collection.org\/\" target=\"_blank\" rel=\"noopener\">Kontakt Collection<\/a>. The main funders of WHW Akademija are&nbsp;<a href=\"https:\/\/www.erstestiftung.org\/en\/\" target=\"_blank\" rel=\"noopener\">Kontakt \/ ERSTE Foundation<\/a>&nbsp;and&nbsp;<a href=\"https:\/\/ffaiarts.net\/\" target=\"_blank\" rel=\"noopener\">FfAI \u2013 Foundation for Arts Initiatives<\/a>.<\/p>\n<p>Lecture by Ivana Bago&nbsp; is part of the<em>&nbsp;History of Art and Society: Artistic Ecologies<\/em>&nbsp;program.&nbsp;&nbsp;<\/p>\n<p dir=\"ltr\">Program is supported by:<\/p>\n<p dir=\"ltr\">City Office for Culture, International Relations and Civil Society<br \/>\nKultura Nova Foundation<br \/>\nMinistry of Culture and Media of the Republic of Croatia<br \/>\nTrust for Mutual Understanding (TMU)<\/p>\n<p dir=\"ltr\">&nbsp;<\/p>\n","protected":false},"excerpt":{"rendered":"<p>The final week of the WHW Akademija is structured as a &#8220;base for artistic research&#8221; \u2013 a bar, which will serve as the focal point of public events designed and organized by this year&#8217;s participants.<\/p>\n","protected":false},"author":2,"featured_media":2008,"menu_order":0,"template":"","meta":{"footnotes":""},"categories":[8,1],"tags":[580,589,587,586,577,579,588,80,585,581,582,584,583,78,578],"class_list":["post-1962","dogadjanja","type-dogadjanja","status-publish","has-post-thumbnail","hentry","category-galerijanova","category-whwakademija","tag-adrijana-gvozdenovic","tag-baza-za-umjetnicko-istrazivanje","tag-bojan-stojcic","tag-christian-sleiman","tag-darko-aleksovski","tag-diana-cantarey","tag-huda-takriti","tag-ivana-bago","tag-kristina-pashkova","tag-maksym-khodak","tag-nadezda-kircanski","tag-ruoru-mou","tag-stela-mikulin","tag-whw-akademija","tag-zeljko-beljan"],"acf":[],"yoast_head":"<!-- This site is optimized with the Yoast SEO plugin v19.14 - https:\/\/yoast.com\/wordpress\/plugins\/seo\/ -->\n<title>YOU CAN\u2019T DISCOURSE WITHOUT DISCO<\/title>\n<meta name=\"description\" content=\"The final week of the WHW Akademija is structured as a &quot;base for artistic research&quot; \u2013 a bar, which will serve as the focal point of public events designed and organized by this year&#039;s participants.\" \/>\n<meta name=\"robots\" content=\"index, follow, max-snippet:-1, max-image-preview:large, max-video-preview:-1\" \/>\n<link rel=\"canonical\" href=\"https:\/\/www.whw.hr\/%dogadjanja-slug%\/nema-diskursa-bez-diska\/\" \/>\n<meta property=\"og:locale\" content=\"en_US\" \/>\n<meta property=\"og:type\" content=\"article\" \/>\n<meta property=\"og:title\" content=\"YOU CAN\u2019T DISCOURSE WITHOUT DISCO\" \/>\n<meta property=\"og:description\" content=\"The final week of the WHW Akademija is structured as a &quot;base for artistic research&quot; \u2013 a bar, which will serve as the focal point of public events designed and organized by this year&#039;s participants.\" \/>\n<meta property=\"og:url\" content=\"https:\/\/www.whw.hr\/%dogadjanja-slug%\/nema-diskursa-bez-diska\/\" \/>\n<meta property=\"og:site_name\" content=\"whw\" \/>\n<meta property=\"article:publisher\" content=\"https:\/\/www.facebook.com\/galerijanova\" \/>\n<meta property=\"article:modified_time\" content=\"2023-03-12T17:43:51+00:00\" \/>\n<meta property=\"og:image\" content=\"https:\/\/www.whw.hr\/wp-content\/uploads\/2022\/10\/Cant-discourse-visual-1-no-text-cut-e1666860920142.jpg\" \/>\n\t<meta property=\"og:image:width\" content=\"1573\" \/>\n\t<meta property=\"og:image:height\" content=\"1023\" \/>\n\t<meta property=\"og:image:type\" content=\"image\/jpeg\" \/>\n<meta name=\"twitter:card\" content=\"summary_large_image\" \/>\n<meta name=\"twitter:label1\" content=\"Est. reading time\" \/>\n\t<meta name=\"twitter:data1\" content=\"3 minutes\" \/>\n<script type=\"application\/ld+json\" class=\"yoast-schema-graph\">{\"@context\":\"https:\/\/schema.org\",\"@graph\":[{\"@type\":\"WebPage\",\"@id\":\"https:\/\/www.whw.hr\/%dogadjanja-slug%\/nema-diskursa-bez-diska\/\",\"url\":\"https:\/\/www.whw.hr\/%dogadjanja-slug%\/nema-diskursa-bez-diska\/\",\"name\":\"NEMA DISKURSA BEZ DISKA &ndash; whw\",\"isPartOf\":{\"@id\":\"https:\/\/www.whw.hr\/#website\"},\"datePublished\":\"2022-10-22T12:48:06+00:00\",\"dateModified\":\"2023-03-12T17:43:51+00:00\",\"description\":\"Zavr\u0161ni tjedan WHW Akademije strukturiran je kao \\\"baza za umjetni\u010dko istra\u017eivanje \/ base for artistic research\\\" \u2013 bar, koji \u0107e slu\u017eiti kao sredi\u0161nja to\u010dka javnih doga\u0111anja osmi\u0161ljenih i organiziranih od strane ovogodi\u0161njih sudionika_ca.\",\"breadcrumb\":{\"@id\":\"https:\/\/www.whw.hr\/%dogadjanja-slug%\/nema-diskursa-bez-diska\/#breadcrumb\"},\"inLanguage\":\"en-US\",\"potentialAction\":[{\"@type\":\"ReadAction\",\"target\":[\"https:\/\/www.whw.hr\/%dogadjanja-slug%\/nema-diskursa-bez-diska\/\"]}]},{\"@type\":\"BreadcrumbList\",\"@id\":\"https:\/\/www.whw.hr\/%dogadjanja-slug%\/nema-diskursa-bez-diska\/#breadcrumb\",\"itemListElement\":[{\"@type\":\"ListItem\",\"position\":1,\"name\":\"Po\u010detna stranica\",\"item\":\"https:\/\/www.whw.hr\/\"},{\"@type\":\"ListItem\",\"position\":2,\"name\":\"NEMA DISKURSA BEZ DISKA\"}]},{\"@type\":\"WebSite\",\"@id\":\"https:\/\/www.whw.hr\/#website\",\"url\":\"https:\/\/www.whw.hr\/\",\"name\":\"whw \/ what, how & for whom\",\"description\":\"what, how & for whom\",\"publisher\":{\"@id\":\"https:\/\/www.whw.hr\/#organization\"},\"alternateName\":\"whw\",\"potentialAction\":[{\"@type\":\"SearchAction\",\"target\":{\"@type\":\"EntryPoint\",\"urlTemplate\":\"https:\/\/www.whw.hr\/?s={search_term_string}\"},\"query-input\":\"required name=search_term_string\"}],\"inLanguage\":\"en-US\"},{\"@type\":\"Organization\",\"@id\":\"https:\/\/www.whw.hr\/#organization\",\"name\":\"whw \/ what, how & for whom\",\"alternateName\":\"whw\",\"url\":\"https:\/\/www.whw.hr\/\",\"logo\":{\"@type\":\"ImageObject\",\"inLanguage\":\"en-US\",\"@id\":\"https:\/\/www.whw.hr\/#\/schema\/logo\/image\/\",\"url\":\"https:\/\/www.whw.hr\/wp-content\/uploads\/2022\/12\/jmm-68-1-2.jpg\",\"contentUrl\":\"https:\/\/www.whw.hr\/wp-content\/uploads\/2022\/12\/jmm-68-1-2.jpg\",\"width\":2000,\"height\":1333,\"caption\":\"whw \/ what, how & for whom\"},\"image\":{\"@id\":\"https:\/\/www.whw.hr\/#\/schema\/logo\/image\/\"},\"sameAs\":[\"https:\/\/www.instagram.com\/whw_what.how.for.whom\/\",\"https:\/\/www.youtube.com\/channel\/UCYplGnLkNqPXZSBaJgv4mZw\",\"https:\/\/www.facebook.com\/galerijanova\"]}]}<\/script>\n<!-- \/ Yoast SEO plugin. -->","yoast_head_json":{"title":"YOU CAN\u2019T DISCOURSE WITHOUT DISCO","description":"The final week of the WHW Akademija is structured as a \"base for artistic research\" \u2013 a bar, which will serve as the focal point of public events designed and organized by this year's participants.","robots":{"index":"index","follow":"follow","max-snippet":"max-snippet:-1","max-image-preview":"max-image-preview:large","max-video-preview":"max-video-preview:-1"},"canonical":"https:\/\/www.whw.hr\/%dogadjanja-slug%\/nema-diskursa-bez-diska\/","og_locale":"en_US","og_type":"article","og_title":"YOU CAN\u2019T DISCOURSE WITHOUT DISCO","og_description":"The final week of the WHW Akademija is structured as a \"base for artistic research\" \u2013 a bar, which will serve as the focal point of public events designed and organized by this year's participants.","og_url":"https:\/\/www.whw.hr\/%dogadjanja-slug%\/nema-diskursa-bez-diska\/","og_site_name":"whw","article_publisher":"https:\/\/www.facebook.com\/galerijanova","article_modified_time":"2023-03-12T17:43:51+00:00","og_image":[{"width":1573,"height":1023,"url":"https:\/\/www.whw.hr\/wp-content\/uploads\/2022\/10\/Cant-discourse-visual-1-no-text-cut-e1666860920142.jpg","type":"image\/jpeg"}],"twitter_card":"summary_large_image","twitter_misc":{"Est. reading time":"3 minutes"},"schema":{"@context":"https:\/\/schema.org","@graph":[{"@type":"WebPage","@id":"https:\/\/www.whw.hr\/%dogadjanja-slug%\/nema-diskursa-bez-diska\/","url":"https:\/\/www.whw.hr\/%dogadjanja-slug%\/nema-diskursa-bez-diska\/","name":"NEMA DISKURSA BEZ DISKA &ndash; whw","isPartOf":{"@id":"https:\/\/www.whw.hr\/#website"},"datePublished":"2022-10-22T12:48:06+00:00","dateModified":"2023-03-12T17:43:51+00:00","description":"Zavr\u0161ni tjedan WHW Akademije strukturiran je kao \"baza za umjetni\u010dko istra\u017eivanje \/ base for artistic research\" \u2013 bar, koji \u0107e slu\u017eiti kao sredi\u0161nja to\u010dka javnih doga\u0111anja osmi\u0161ljenih i organiziranih od strane ovogodi\u0161njih sudionika_ca.","breadcrumb":{"@id":"https:\/\/www.whw.hr\/%dogadjanja-slug%\/nema-diskursa-bez-diska\/#breadcrumb"},"inLanguage":"en-US","potentialAction":[{"@type":"ReadAction","target":["https:\/\/www.whw.hr\/%dogadjanja-slug%\/nema-diskursa-bez-diska\/"]}]},{"@type":"BreadcrumbList","@id":"https:\/\/www.whw.hr\/%dogadjanja-slug%\/nema-diskursa-bez-diska\/#breadcrumb","itemListElement":[{"@type":"ListItem","position":1,"name":"Po\u010detna stranica","item":"https:\/\/www.whw.hr\/"},{"@type":"ListItem","position":2,"name":"NEMA DISKURSA BEZ DISKA"}]},{"@type":"WebSite","@id":"https:\/\/www.whw.hr\/#website","url":"https:\/\/www.whw.hr\/","name":"whw \/ what, how & for whom","description":"what, how & for whom","publisher":{"@id":"https:\/\/www.whw.hr\/#organization"},"alternateName":"whw","potentialAction":[{"@type":"SearchAction","target":{"@type":"EntryPoint","urlTemplate":"https:\/\/www.whw.hr\/?s={search_term_string}"},"query-input":"required name=search_term_string"}],"inLanguage":"en-US"},{"@type":"Organization","@id":"https:\/\/www.whw.hr\/#organization","name":"whw \/ what, how & for whom","alternateName":"whw","url":"https:\/\/www.whw.hr\/","logo":{"@type":"ImageObject","inLanguage":"en-US","@id":"https:\/\/www.whw.hr\/#\/schema\/logo\/image\/","url":"https:\/\/www.whw.hr\/wp-content\/uploads\/2022\/12\/jmm-68-1-2.jpg","contentUrl":"https:\/\/www.whw.hr\/wp-content\/uploads\/2022\/12\/jmm-68-1-2.jpg","width":2000,"height":1333,"caption":"whw \/ what, how & for whom"},"image":{"@id":"https:\/\/www.whw.hr\/#\/schema\/logo\/image\/"},"sameAs":["https:\/\/www.instagram.com\/whw_what.how.for.whom\/","https:\/\/www.youtube.com\/channel\/UCYplGnLkNqPXZSBaJgv4mZw","https:\/\/www.facebook.com\/galerijanova"]}]}},"_links":{"self":[{"href":"https:\/\/www.whw.hr\/wp-json\/wp\/v2\/dogadjanja\/1962","targetHints":{"allow":["GET"]}}],"collection":[{"href":"https:\/\/www.whw.hr\/wp-json\/wp\/v2\/dogadjanja"}],"about":[{"href":"https:\/\/www.whw.hr\/wp-json\/wp\/v2\/types\/dogadjanja"}],"author":[{"embeddable":true,"href":"https:\/\/www.whw.hr\/wp-json\/wp\/v2\/users\/2"}],"version-history":[{"count":10,"href":"https:\/\/www.whw.hr\/wp-json\/wp\/v2\/dogadjanja\/1962\/revisions"}],"predecessor-version":[{"id":3554,"href":"https:\/\/www.whw.hr\/wp-json\/wp\/v2\/dogadjanja\/1962\/revisions\/3554"}],"wp:featuredmedia":[{"embeddable":true,"href":"https:\/\/www.whw.hr\/wp-json\/wp\/v2\/media\/2008"}],"wp:attachment":[{"href":"https:\/\/www.whw.hr\/wp-json\/wp\/v2\/media?parent=1962"}],"wp:term":[{"taxonomy":"category","embeddable":true,"href":"https:\/\/www.whw.hr\/wp-json\/wp\/v2\/categories?post=1962"},{"taxonomy":"post_tag","embeddable":true,"href":"https:\/\/www.whw.hr\/wp-json\/wp\/v2\/tags?post=1962"}],"curies":[{"name":"wp","href":"https:\/\/api.w.org\/{rel}","templated":true}]}}