{"id":1344,"date":"2022-09-25T17:47:43","date_gmt":"2022-09-25T15:47:43","guid":{"rendered":"http:\/\/www.whw.hr\/hr\/dogadjanja\/\/"},"modified":"2022-09-25T18:10:28","modified_gmt":"2022-09-25T16:10:28","slug":"adria-julia-vruce-zeljezo","status":"publish","type":"dogadjanja","link":"https:\/\/www.whw.hr\/%dogadjanja-slug%\/adria-julia-vruce-zeljezo\/","title":{"rendered":"Adri\u00e0 Juli\u00e0, Vru\u0107e \u017eeljezo"},"content":{"rendered":"<p><strong>Adri\u00e0 Juli\u00e0<\/strong>\u00a0\u0107e predstaviti svoje dvije izlo\u017ebe,\u00a0<em>Vru\u0107e \u017eeljezo<\/em>\u00a0i\u00a0<em>Zabilje\u0161ke uz Vru\u0107e \u017eeljezo<\/em>\u00a0\u010dije je polazi\u0161te obiteljski fotografski arhiv koji katalogizira 556 romani\u010dkih crkava, ve\u0107inom s podru\u010dja Katalonije i ju\u017ene Francuske, snimljenih u periodu od 1950-ih do 1990-ih. Naslovi proizlaze iz izreke \u201e\u017eeljezo se kuje dok je vru\u0107e\u201c, \u0161to bi zna\u010dilo da priliku treba iskoristiti kada su uvjeti za to povoljni. Juli\u00e0 je nai\u0161ao na izraz \u201e\u017eeljezo je sad vru\u0107e\u201c u pismu iz 1917. u kojem\u00a0<strong>Gustavus T. Kirby<\/strong>, iz Ameri\u010dke umjetni\u010dke govori o komercijalnom interesu prikupljanja romani\u010dkih umjetni\u010dkih radova. U\u00a0<em>Vru\u0107em \u017eeljezu<\/em>\u00a0i\u00a0<em>Zabilje\u0161kama uz Vru\u0107e \u017eeljezo<\/em>, u\u010dinci ekonomskih transakcija uklju\u010denih u kulturni uvoz i izvor stavljeni su u odnos s naoko nepovezanim doga\u0111ajima poput prodaje katalonskih romani\u010dkih umjetnina ameri\u010dkim kupcima u ranom dvadesetom stolje\u0107u i uvo\u0111enja ameri\u010dkog nogometa u Barcelonu gotovo sto godina kasnije, ba\u0161 kad je Montju\u00efc transformiran u jedan od glavnih gradskih sportskih lokacija za Olimpijske igre. Ove konfiguracije presijecaju i druga podru\u010dja poput eksploatacije zemlje, kulturnog naslje\u0111a, \u017eenskog tijela, te ulogu fotografije i proizvodnje slike u redefiniranju kulture kroz nametanje turizma i sporta.<\/p>\n<p>Kroz instalacije, film, video, fotografiju i publikacije,\u00a0<strong>Adri\u00e0 Juli\u00e0<\/strong>\u00a0propituje sredstva reprezentacije i recepcije doga\u0111aja, onih od osobnog zna\u010daja kao i onih od kolektivnog povijesnog zna\u010daja, te na\u010dine na koje se kroz njih pregovaraju sje\u0107anje, otpor, izmije\u0161tanje i pre\u017eivljavanje. Ro\u0111en u Barceloni,\u00a0<strong>Juli\u00e0<\/strong>\u00a0\u017eivi i radi u Los Angelesu i Bergenu gdje od 2016. predaje na Umjetni\u010dkoj akademiji Bergenskog sveu\u010dili\u0161ta. Njegove recentne izlo\u017ebe odr\u017eane su u Tabakaleri u San Sebastianu, Miro Fondaciji u Barceloni, Project Art Centru u Dublinu, Muzeju Tamayo u Mexico Cityju, Orange County Museum of Art u Newport Beachu, LAXART-u u Los Angelesu, Artist Spaceu u New Yorku; Insa Art Spaceu u Seoulu. Sudjelovao je u grupnim izlo\u017ebama u njujor\u0161kom Metropolitan Muzeju, Muzeju Reina Sofia u Madridu; roterdamskom Witte de With, Seoul Museum of Art u Seoulu; na Lyonskom bijenalu; u be\u010dkoj Generali Fondaciji, na 7. Mercusur bijenalu u Porto Alegreu u Brazilu te berlinskoj Akademie der K\u00fcnste.<\/p>\n<p>Doga\u0111anje je realizirano u suradnji s Institutom za suvremenu umjetnost \/ Tehni\u010dki univerzitet Graz.<\/p>\n<p>Program podr\u017eavaju:<br \/>\nFoundation for Arts Initiatives<br \/>\nGradski ured za kulturu, obrazovanje i sport Grada Zagreba<br \/>\nHrvatski audiovizualni centar HAVC<br \/>\nMinistarstvo kulture Republike Hrvatske<br \/>\nZaklada Kultura nova<\/p>\n","protected":false},"excerpt":{"rendered":"<p>Adri\u00e0 Juli\u00e0\u00a0\u0107e predstaviti svoje dvije izlo\u017ebe,\u00a0Vru\u0107e \u017eeljezo\u00a0i\u00a0Zabilje\u0161ke uz Vru\u0107e \u017eeljezo\u00a0\u010dije je polazi\u0161te obiteljski fotografski arhiv koji katalogizira 556 romani\u010dkih crkava, ve\u0107inom s podru\u010dja Katalonije i ju\u017ene Francuske, snimljenih u periodu od 1950-ih do 1990-ih. Naslovi proizlaze iz izreke \u201e\u017eeljezo se kuje dok je vru\u0107e\u201c, \u0161to bi zna\u010dilo da priliku treba iskoristiti kada su uvjeti za [&hellip;]<\/p>\n","protected":false},"author":2,"featured_media":1346,"menu_order":0,"template":"","meta":{"footnotes":""},"categories":[8],"tags":[399,167],"class_list":["post-1344","dogadjanja","type-dogadjanja","status-publish","has-post-thumbnail","hentry","category-galerijanova","tag-adria-julia","tag-dubravka-sekulic"],"acf":[],"yoast_head":"<!-- This site is optimized with the Yoast SEO plugin v19.14 - https:\/\/yoast.com\/wordpress\/plugins\/seo\/ -->\n<title>Adri\u00e0 Juli\u00e0, Vru\u0107e \u017eeljezo<\/title>\n<meta name=\"description\" content=\"Adri\u00e0 Juli\u00e0\u00a0\u0107e predstaviti svoje dvije izlo\u017ebe,\u00a0Vru\u0107e \u017eeljezo\u00a0i\u00a0Zabilje\u0161ke uz Vru\u0107e \u017eeljezo\u00a0\u010dije je polazi\u0161te obiteljski fotografski arhiv koji katalogizira 556 romani\u010dkih crkava, ve\u0107inom s podru\u010dja Katalonije i ju\u017ene Francuske, snimljenih u periodu od 1950-ih do 1990-ih. Naslovi proizlaze iz izreke \u201e\u017eeljezo se kuje dok je vru\u0107e\u201c, \u0161to bi zna\u010dilo da priliku treba iskoristiti kada su uvjeti za&hellip;\" \/>\n<meta name=\"robots\" content=\"index, follow, max-snippet:-1, max-image-preview:large, max-video-preview:-1\" \/>\n<link rel=\"canonical\" href=\"https:\/\/www.whw.hr\/%dogadjanja-slug%\/adria-julia-vruce-zeljezo\/\" \/>\n<meta property=\"og:locale\" content=\"en_US\" \/>\n<meta property=\"og:type\" content=\"article\" \/>\n<meta property=\"og:title\" content=\"Adri\u00e0 Juli\u00e0, Vru\u0107e \u017eeljezo\" \/>\n<meta property=\"og:description\" content=\"Adri\u00e0 Juli\u00e0\u00a0\u0107e predstaviti svoje dvije izlo\u017ebe,\u00a0Vru\u0107e \u017eeljezo\u00a0i\u00a0Zabilje\u0161ke uz Vru\u0107e \u017eeljezo\u00a0\u010dije je polazi\u0161te obiteljski fotografski arhiv koji katalogizira 556 romani\u010dkih crkava, ve\u0107inom s podru\u010dja Katalonije i ju\u017ene Francuske, snimljenih u periodu od 1950-ih do 1990-ih. Naslovi proizlaze iz izreke \u201e\u017eeljezo se kuje dok je vru\u0107e\u201c, \u0161to bi zna\u010dilo da priliku treba iskoristiti kada su uvjeti za&hellip;\" \/>\n<meta property=\"og:url\" content=\"https:\/\/www.whw.hr\/%dogadjanja-slug%\/adria-julia-vruce-zeljezo\/\" \/>\n<meta property=\"og:site_name\" content=\"whw\" \/>\n<meta property=\"article:publisher\" content=\"https:\/\/www.facebook.com\/galerijanova\" \/>\n<meta property=\"article:modified_time\" content=\"2022-09-25T16:10:28+00:00\" \/>\n<meta property=\"og:image\" content=\"https:\/\/www.whw.hr\/wp-content\/uploads\/2022\/09\/adria.jpg\" \/>\n\t<meta property=\"og:image:width\" content=\"943\" \/>\n\t<meta property=\"og:image:height\" content=\"644\" \/>\n\t<meta property=\"og:image:type\" content=\"image\/jpeg\" \/>\n<meta name=\"twitter:card\" content=\"summary_large_image\" \/>\n<meta name=\"twitter:label1\" content=\"Est. reading time\" \/>\n\t<meta name=\"twitter:data1\" content=\"2 minutes\" \/>\n<script type=\"application\/ld+json\" class=\"yoast-schema-graph\">{\"@context\":\"https:\/\/schema.org\",\"@graph\":[{\"@type\":\"WebPage\",\"@id\":\"https:\/\/www.whw.hr\/%dogadjanja-slug%\/adria-julia-vruce-zeljezo\/\",\"url\":\"https:\/\/www.whw.hr\/%dogadjanja-slug%\/adria-julia-vruce-zeljezo\/\",\"name\":\"Adri\u00e0 Juli\u00e0, Vru\u0107e \u017eeljezo &ndash; whw\",\"isPartOf\":{\"@id\":\"https:\/\/www.whw.hr\/#website\"},\"datePublished\":\"2022-09-25T15:47:43+00:00\",\"dateModified\":\"2022-09-25T16:10:28+00:00\",\"description\":\"Adri\u00e0 Juli\u00e0\u00a0\u0107e predstaviti svoje dvije izlo\u017ebe,\u00a0Vru\u0107e \u017eeljezo\u00a0i\u00a0Zabilje\u0161ke uz Vru\u0107e \u017eeljezo\u00a0\u010dije je polazi\u0161te obiteljski fotografski arhiv koji\",\"breadcrumb\":{\"@id\":\"https:\/\/www.whw.hr\/%dogadjanja-slug%\/adria-julia-vruce-zeljezo\/#breadcrumb\"},\"inLanguage\":\"en-US\",\"potentialAction\":[{\"@type\":\"ReadAction\",\"target\":[\"https:\/\/www.whw.hr\/%dogadjanja-slug%\/adria-julia-vruce-zeljezo\/\"]}]},{\"@type\":\"BreadcrumbList\",\"@id\":\"https:\/\/www.whw.hr\/%dogadjanja-slug%\/adria-julia-vruce-zeljezo\/#breadcrumb\",\"itemListElement\":[{\"@type\":\"ListItem\",\"position\":1,\"name\":\"Po\u010detna stranica\",\"item\":\"https:\/\/www.whw.hr\/\"},{\"@type\":\"ListItem\",\"position\":2,\"name\":\"Adri\u00e0 Juli\u00e0, Vru\u0107e \u017eeljezo\"}]},{\"@type\":\"WebSite\",\"@id\":\"https:\/\/www.whw.hr\/#website\",\"url\":\"https:\/\/www.whw.hr\/\",\"name\":\"whw \/ what, how & for whom\",\"description\":\"what, how & for whom\",\"publisher\":{\"@id\":\"https:\/\/www.whw.hr\/#organization\"},\"alternateName\":\"whw\",\"potentialAction\":[{\"@type\":\"SearchAction\",\"target\":{\"@type\":\"EntryPoint\",\"urlTemplate\":\"https:\/\/www.whw.hr\/?s={search_term_string}\"},\"query-input\":\"required name=search_term_string\"}],\"inLanguage\":\"en-US\"},{\"@type\":\"Organization\",\"@id\":\"https:\/\/www.whw.hr\/#organization\",\"name\":\"whw \/ what, how & for whom\",\"alternateName\":\"whw\",\"url\":\"https:\/\/www.whw.hr\/\",\"logo\":{\"@type\":\"ImageObject\",\"inLanguage\":\"en-US\",\"@id\":\"https:\/\/www.whw.hr\/#\/schema\/logo\/image\/\",\"url\":\"https:\/\/www.whw.hr\/wp-content\/uploads\/2022\/12\/jmm-68-1-2.jpg\",\"contentUrl\":\"https:\/\/www.whw.hr\/wp-content\/uploads\/2022\/12\/jmm-68-1-2.jpg\",\"width\":2000,\"height\":1333,\"caption\":\"whw \/ what, how & for whom\"},\"image\":{\"@id\":\"https:\/\/www.whw.hr\/#\/schema\/logo\/image\/\"},\"sameAs\":[\"https:\/\/www.instagram.com\/whw_what.how.for.whom\/\",\"https:\/\/www.youtube.com\/channel\/UCYplGnLkNqPXZSBaJgv4mZw\",\"https:\/\/www.facebook.com\/galerijanova\"]}]}<\/script>\n<!-- \/ Yoast SEO plugin. -->","yoast_head_json":{"title":"Adri\u00e0 Juli\u00e0, Vru\u0107e \u017eeljezo","description":"Adri\u00e0 Juli\u00e0\u00a0\u0107e predstaviti svoje dvije izlo\u017ebe,\u00a0Vru\u0107e \u017eeljezo\u00a0i\u00a0Zabilje\u0161ke uz Vru\u0107e \u017eeljezo\u00a0\u010dije je polazi\u0161te obiteljski fotografski arhiv koji katalogizira 556 romani\u010dkih crkava, ve\u0107inom s podru\u010dja Katalonije i ju\u017ene Francuske, snimljenih u periodu od 1950-ih do 1990-ih. Naslovi proizlaze iz izreke \u201e\u017eeljezo se kuje dok je vru\u0107e\u201c, \u0161to bi zna\u010dilo da priliku treba iskoristiti kada su uvjeti za&hellip;","robots":{"index":"index","follow":"follow","max-snippet":"max-snippet:-1","max-image-preview":"max-image-preview:large","max-video-preview":"max-video-preview:-1"},"canonical":"https:\/\/www.whw.hr\/%dogadjanja-slug%\/adria-julia-vruce-zeljezo\/","og_locale":"en_US","og_type":"article","og_title":"Adri\u00e0 Juli\u00e0, Vru\u0107e \u017eeljezo","og_description":"Adri\u00e0 Juli\u00e0\u00a0\u0107e predstaviti svoje dvije izlo\u017ebe,\u00a0Vru\u0107e \u017eeljezo\u00a0i\u00a0Zabilje\u0161ke uz Vru\u0107e \u017eeljezo\u00a0\u010dije je polazi\u0161te obiteljski fotografski arhiv koji katalogizira 556 romani\u010dkih crkava, ve\u0107inom s podru\u010dja Katalonije i ju\u017ene Francuske, snimljenih u periodu od 1950-ih do 1990-ih. Naslovi proizlaze iz izreke \u201e\u017eeljezo se kuje dok je vru\u0107e\u201c, \u0161to bi zna\u010dilo da priliku treba iskoristiti kada su uvjeti za&hellip;","og_url":"https:\/\/www.whw.hr\/%dogadjanja-slug%\/adria-julia-vruce-zeljezo\/","og_site_name":"whw","article_publisher":"https:\/\/www.facebook.com\/galerijanova","article_modified_time":"2022-09-25T16:10:28+00:00","og_image":[{"width":943,"height":644,"url":"https:\/\/www.whw.hr\/wp-content\/uploads\/2022\/09\/adria.jpg","type":"image\/jpeg"}],"twitter_card":"summary_large_image","twitter_misc":{"Est. reading time":"2 minutes"},"schema":{"@context":"https:\/\/schema.org","@graph":[{"@type":"WebPage","@id":"https:\/\/www.whw.hr\/%dogadjanja-slug%\/adria-julia-vruce-zeljezo\/","url":"https:\/\/www.whw.hr\/%dogadjanja-slug%\/adria-julia-vruce-zeljezo\/","name":"Adri\u00e0 Juli\u00e0, Vru\u0107e \u017eeljezo &ndash; whw","isPartOf":{"@id":"https:\/\/www.whw.hr\/#website"},"datePublished":"2022-09-25T15:47:43+00:00","dateModified":"2022-09-25T16:10:28+00:00","description":"Adri\u00e0 Juli\u00e0\u00a0\u0107e predstaviti svoje dvije izlo\u017ebe,\u00a0Vru\u0107e \u017eeljezo\u00a0i\u00a0Zabilje\u0161ke uz Vru\u0107e \u017eeljezo\u00a0\u010dije je polazi\u0161te obiteljski fotografski arhiv koji","breadcrumb":{"@id":"https:\/\/www.whw.hr\/%dogadjanja-slug%\/adria-julia-vruce-zeljezo\/#breadcrumb"},"inLanguage":"en-US","potentialAction":[{"@type":"ReadAction","target":["https:\/\/www.whw.hr\/%dogadjanja-slug%\/adria-julia-vruce-zeljezo\/"]}]},{"@type":"BreadcrumbList","@id":"https:\/\/www.whw.hr\/%dogadjanja-slug%\/adria-julia-vruce-zeljezo\/#breadcrumb","itemListElement":[{"@type":"ListItem","position":1,"name":"Po\u010detna stranica","item":"https:\/\/www.whw.hr\/"},{"@type":"ListItem","position":2,"name":"Adri\u00e0 Juli\u00e0, Vru\u0107e \u017eeljezo"}]},{"@type":"WebSite","@id":"https:\/\/www.whw.hr\/#website","url":"https:\/\/www.whw.hr\/","name":"whw \/ what, how & for whom","description":"what, how & for whom","publisher":{"@id":"https:\/\/www.whw.hr\/#organization"},"alternateName":"whw","potentialAction":[{"@type":"SearchAction","target":{"@type":"EntryPoint","urlTemplate":"https:\/\/www.whw.hr\/?s={search_term_string}"},"query-input":"required name=search_term_string"}],"inLanguage":"en-US"},{"@type":"Organization","@id":"https:\/\/www.whw.hr\/#organization","name":"whw \/ what, how & for whom","alternateName":"whw","url":"https:\/\/www.whw.hr\/","logo":{"@type":"ImageObject","inLanguage":"en-US","@id":"https:\/\/www.whw.hr\/#\/schema\/logo\/image\/","url":"https:\/\/www.whw.hr\/wp-content\/uploads\/2022\/12\/jmm-68-1-2.jpg","contentUrl":"https:\/\/www.whw.hr\/wp-content\/uploads\/2022\/12\/jmm-68-1-2.jpg","width":2000,"height":1333,"caption":"whw \/ what, how & for whom"},"image":{"@id":"https:\/\/www.whw.hr\/#\/schema\/logo\/image\/"},"sameAs":["https:\/\/www.instagram.com\/whw_what.how.for.whom\/","https:\/\/www.youtube.com\/channel\/UCYplGnLkNqPXZSBaJgv4mZw","https:\/\/www.facebook.com\/galerijanova"]}]}},"_links":{"self":[{"href":"https:\/\/www.whw.hr\/wp-json\/wp\/v2\/dogadjanja\/1344","targetHints":{"allow":["GET"]}}],"collection":[{"href":"https:\/\/www.whw.hr\/wp-json\/wp\/v2\/dogadjanja"}],"about":[{"href":"https:\/\/www.whw.hr\/wp-json\/wp\/v2\/types\/dogadjanja"}],"author":[{"embeddable":true,"href":"https:\/\/www.whw.hr\/wp-json\/wp\/v2\/users\/2"}],"version-history":[{"count":2,"href":"https:\/\/www.whw.hr\/wp-json\/wp\/v2\/dogadjanja\/1344\/revisions"}],"predecessor-version":[{"id":1347,"href":"https:\/\/www.whw.hr\/wp-json\/wp\/v2\/dogadjanja\/1344\/revisions\/1347"}],"wp:featuredmedia":[{"embeddable":true,"href":"https:\/\/www.whw.hr\/wp-json\/wp\/v2\/media\/1346"}],"wp:attachment":[{"href":"https:\/\/www.whw.hr\/wp-json\/wp\/v2\/media?parent=1344"}],"wp:term":[{"taxonomy":"category","embeddable":true,"href":"https:\/\/www.whw.hr\/wp-json\/wp\/v2\/categories?post=1344"},{"taxonomy":"post_tag","embeddable":true,"href":"https:\/\/www.whw.hr\/wp-json\/wp\/v2\/tags?post=1344"}],"curies":[{"name":"wp","href":"https:\/\/api.w.org\/{rel}","templated":true}]}}