{"id":1330,"date":"2022-09-25T16:47:31","date_gmt":"2022-09-25T14:47:31","guid":{"rendered":"http:\/\/www.whw.hr\/hr\/dogadjanja\/\/"},"modified":"2022-09-25T16:47:31","modified_gmt":"2022-09-25T14:47:31","slug":"trajno-boraviste","status":"publish","type":"dogadjanja","link":"https:\/\/www.whw.hr\/%dogadjanja-slug%\/trajno-boraviste\/","title":{"rendered":"Trajno boravi\u0161te"},"content":{"rendered":"<p>Filmski program uz uvod kustosa G<strong>rega de Cuira Jr<\/strong> povodom izlo\u017ebe <strong>\u017delimira \u017dilnika<\/strong>\u00a0<em>Gra\u0111ani iz sjene<\/em>, u suradnji s <em>Human Rights Film Festivalom.<\/em><\/p>\n<p>U nekim bogatijim zemljama dvije od najvrjednijih rije\u010di za one koji imaju najmanje su \u201etrajno\u201c i \u201eboravi\u0161te\u201c. Ukupni zbroj te politi\u010dke kategorizacije ne mora se uvijek odnositi na one \u201edruge\u201c nacionalnosti koji prelaze granice \u2013 legalno ili ilegalno \u2013 u potrazi za manje nesigurnim \u017eivotom. Ona se \u0161irom svijeta odnosi i na one gra\u0111ane koji su ro\u0111eni u zemlji a koji \u017eive u oskudnim uvjetima, koji si mogu priu\u0161titi samo najam krova nad glavom ili si ne mogu priu\u0161titi nikakav krov nad glavom, ili na one koji su silom istjerani sa zemlje ili iz regije i nemaju nikakvo pribje\u017ei\u0161te. Jedan od izvo\u0111a\u010da u suvremenom filmskom remek djelu <strong>\u017delimira \u017dilnika<\/strong>\u00a0<em>Destinacija_Serbistan<\/em>\u00a0(2015) primje\u0107uje da je najva\u017enija stvar koja se \u010dovjeku mo\u017ee oduzeti &#8211; sloboda. Jednako tako, jedina stvar koju \u010dovjek \u017eeli, treba i treba imati u bilo kojoj \u201erazvijenoj\u201c ili \u201enerazvijenoj\u201c zemlji je pravo na dom.<\/p>\n<p>Filmski\/video program\u00a0<em>Trajno boravi\u0161te<\/em>\u00a0promi\u0161lja koncept doma ili boravi\u0161ta, kako u materijalnom tako i u ideolo\u0161kom smislu, s njegovim popratnim dru\u0161tveno-politi\u010dkim posljedicama. Kroz razli\u010dite oblike intervencija, akcija i dokumentacije umjetnici predstavljeni u programu nude implicitne argumente o svetosti i prioritetnosti boravi\u0161ta kao objekta i kao stanja bivanja. Umjetni\u010dko djelo je tako\u0111er dom pa dobrodo\u0161li, i osje\u0107ajte se kao kod ku\u0107e \u2013 i ne zaboravite one mnoge koji ne mogu jer je nemaju.<\/p>\n<p><strong>Greg de Cuir Jr<\/strong> selektor je festivala Alternative Film\/Video u Beogradu. Organizirao je kino projekcije, izlo\u017ebe i simpozije za Nacionalnu umjetni\u010dku galeriju u Washingtonu DC, Institut suvremene umjetnosti u Londonu, Nacionalni muzej afro-ameri\u010dke povijesti i kulture u Washingtonu DC, Muzej moderne umjetnosti u Var\u0161avi, Los Angeles Filmforum, Slovensku Kinoteku u Ljubljani, Filmski seminar Robert Flaherty u New York, Experiments in Cinema u New Mexicu, te za druge institucije. Tekstovi su mu objavljeni u \u010dasopisima Cineaste, Millennium Film Journal, Jump Cut, Art Margins, La Furia Umana, Politika, te drugim publikacijama, autor je monografije Jugoslavenski Crni talas (Filmski Centar Srbije, 2011), a ure\u0111uje i ediciju Eastern European Screen Cultures i \u010dasopis NECSUS (oboje za Amsterdam University Press). De Cuir je doktorirao na Fakultetu dramskih umetnosti Univerziteta umetnosti u Beogradu. \u017divi i radi u Beogradu kao nezavisni kustos, pisac i prevoditelj.<\/p>\n<p>Program podr\u017eavaju:<br \/>\nFoundation for Arts Initiatives<br \/>\nGradski ured za kulturu<br \/>\nHAVC<br \/>\nMinistarstvo kulture Republike Hrvatske<br \/>\nZaklada Kultura Nova<\/p>\n","protected":false},"excerpt":{"rendered":"<p>Filmski program uz uvod kustosa Grega de Cuira Jr povodom izlo\u017ebe \u017delimira \u017dilnika\u00a0Gra\u0111ani iz sjene, u suradnji s Human Rights Film Festivalom. U nekim bogatijim zemljama dvije od najvrjednijih rije\u010di za one koji imaju najmanje su \u201etrajno\u201c i \u201eboravi\u0161te\u201c. Ukupni zbroj te politi\u010dke kategorizacije ne mora se uvijek odnositi na one \u201edruge\u201c nacionalnosti koji prelaze [&hellip;]<\/p>\n","protected":false},"author":2,"featured_media":1331,"menu_order":0,"template":"","meta":{"footnotes":""},"categories":[8],"tags":[359,396,215],"class_list":["post-1330","dogadjanja","type-dogadjanja","status-publish","has-post-thumbnail","hentry","category-galerijanova","tag-gradani-iz-sjene","tag-greg-de-cuir-jr","tag-zelimir-zilnik"],"acf":[],"yoast_head":"<!-- This site is optimized with the Yoast SEO plugin v19.14 - https:\/\/yoast.com\/wordpress\/plugins\/seo\/ -->\n<title>Trajno boravi\u0161te<\/title>\n<meta name=\"description\" content=\"Filmski program uz uvod kustosa Grega de Cuira Jr povodom izlo\u017ebe \u017delimira \u017dilnika\u00a0Gra\u0111ani iz sjene, u suradnji s Human Rights Film Festivalom. U nekim bogatijim zemljama dvije od najvrjednijih rije\u010di za one koji imaju najmanje su \u201etrajno\u201c i \u201eboravi\u0161te\u201c. Ukupni zbroj te politi\u010dke kategorizacije ne mora se uvijek odnositi na one \u201edruge\u201c nacionalnosti koji prelaze&hellip;\" \/>\n<meta name=\"robots\" content=\"index, follow, max-snippet:-1, max-image-preview:large, max-video-preview:-1\" \/>\n<link rel=\"canonical\" href=\"https:\/\/www.whw.hr\/%dogadjanja-slug%\/trajno-boraviste\/\" \/>\n<meta property=\"og:locale\" content=\"en_US\" \/>\n<meta property=\"og:type\" content=\"article\" \/>\n<meta property=\"og:title\" content=\"Trajno boravi\u0161te\" \/>\n<meta property=\"og:description\" content=\"Filmski program uz uvod kustosa Grega de Cuira Jr povodom izlo\u017ebe \u017delimira \u017dilnika\u00a0Gra\u0111ani iz sjene, u suradnji s Human Rights Film Festivalom. U nekim bogatijim zemljama dvije od najvrjednijih rije\u010di za one koji imaju najmanje su \u201etrajno\u201c i \u201eboravi\u0161te\u201c. Ukupni zbroj te politi\u010dke kategorizacije ne mora se uvijek odnositi na one \u201edruge\u201c nacionalnosti koji prelaze&hellip;\" \/>\n<meta property=\"og:url\" content=\"https:\/\/www.whw.hr\/%dogadjanja-slug%\/trajno-boraviste\/\" \/>\n<meta property=\"og:site_name\" content=\"whw\" \/>\n<meta property=\"article:publisher\" content=\"https:\/\/www.facebook.com\/galerijanova\" \/>\n<meta property=\"og:image\" content=\"https:\/\/www.whw.hr\/wp-content\/uploads\/2022\/09\/R-15.jpg\" \/>\n\t<meta property=\"og:image:width\" content=\"800\" \/>\n\t<meta property=\"og:image:height\" content=\"450\" \/>\n\t<meta property=\"og:image:type\" content=\"image\/jpeg\" \/>\n<meta name=\"twitter:card\" content=\"summary_large_image\" \/>\n<meta name=\"twitter:label1\" content=\"Est. reading time\" \/>\n\t<meta name=\"twitter:data1\" content=\"2 minutes\" \/>\n<script type=\"application\/ld+json\" class=\"yoast-schema-graph\">{\"@context\":\"https:\/\/schema.org\",\"@graph\":[{\"@type\":\"WebPage\",\"@id\":\"https:\/\/www.whw.hr\/%dogadjanja-slug%\/trajno-boraviste\/\",\"url\":\"https:\/\/www.whw.hr\/%dogadjanja-slug%\/trajno-boraviste\/\",\"name\":\"Trajno boravi\u0161te &ndash; whw\",\"isPartOf\":{\"@id\":\"https:\/\/www.whw.hr\/#website\"},\"datePublished\":\"2022-09-25T14:47:31+00:00\",\"dateModified\":\"2022-09-25T14:47:31+00:00\",\"description\":\"Filmski program uz uvod kustosa Grega de Cuira Jr povodom izlo\u017ebe \u017delimira \u017dilnika\u00a0Gra\u0111ani iz sjene, u suradnji s Human Rights Film Festivalom. U nekim\",\"breadcrumb\":{\"@id\":\"https:\/\/www.whw.hr\/%dogadjanja-slug%\/trajno-boraviste\/#breadcrumb\"},\"inLanguage\":\"en-US\",\"potentialAction\":[{\"@type\":\"ReadAction\",\"target\":[\"https:\/\/www.whw.hr\/%dogadjanja-slug%\/trajno-boraviste\/\"]}]},{\"@type\":\"BreadcrumbList\",\"@id\":\"https:\/\/www.whw.hr\/%dogadjanja-slug%\/trajno-boraviste\/#breadcrumb\",\"itemListElement\":[{\"@type\":\"ListItem\",\"position\":1,\"name\":\"Po\u010detna stranica\",\"item\":\"https:\/\/www.whw.hr\/\"},{\"@type\":\"ListItem\",\"position\":2,\"name\":\"Trajno boravi\u0161te\"}]},{\"@type\":\"WebSite\",\"@id\":\"https:\/\/www.whw.hr\/#website\",\"url\":\"https:\/\/www.whw.hr\/\",\"name\":\"whw \/ what, how & for whom\",\"description\":\"what, how & for whom\",\"publisher\":{\"@id\":\"https:\/\/www.whw.hr\/#organization\"},\"alternateName\":\"whw\",\"potentialAction\":[{\"@type\":\"SearchAction\",\"target\":{\"@type\":\"EntryPoint\",\"urlTemplate\":\"https:\/\/www.whw.hr\/?s={search_term_string}\"},\"query-input\":\"required name=search_term_string\"}],\"inLanguage\":\"en-US\"},{\"@type\":\"Organization\",\"@id\":\"https:\/\/www.whw.hr\/#organization\",\"name\":\"whw \/ what, how & for whom\",\"alternateName\":\"whw\",\"url\":\"https:\/\/www.whw.hr\/\",\"logo\":{\"@type\":\"ImageObject\",\"inLanguage\":\"en-US\",\"@id\":\"https:\/\/www.whw.hr\/#\/schema\/logo\/image\/\",\"url\":\"https:\/\/www.whw.hr\/wp-content\/uploads\/2022\/12\/jmm-68-1-2.jpg\",\"contentUrl\":\"https:\/\/www.whw.hr\/wp-content\/uploads\/2022\/12\/jmm-68-1-2.jpg\",\"width\":2000,\"height\":1333,\"caption\":\"whw \/ what, how & for whom\"},\"image\":{\"@id\":\"https:\/\/www.whw.hr\/#\/schema\/logo\/image\/\"},\"sameAs\":[\"https:\/\/www.instagram.com\/whw_what.how.for.whom\/\",\"https:\/\/www.youtube.com\/channel\/UCYplGnLkNqPXZSBaJgv4mZw\",\"https:\/\/www.facebook.com\/galerijanova\"]}]}<\/script>\n<!-- \/ Yoast SEO plugin. -->","yoast_head_json":{"title":"Trajno boravi\u0161te","description":"Filmski program uz uvod kustosa Grega de Cuira Jr povodom izlo\u017ebe \u017delimira \u017dilnika\u00a0Gra\u0111ani iz sjene, u suradnji s Human Rights Film Festivalom. U nekim bogatijim zemljama dvije od najvrjednijih rije\u010di za one koji imaju najmanje su \u201etrajno\u201c i \u201eboravi\u0161te\u201c. Ukupni zbroj te politi\u010dke kategorizacije ne mora se uvijek odnositi na one \u201edruge\u201c nacionalnosti koji prelaze&hellip;","robots":{"index":"index","follow":"follow","max-snippet":"max-snippet:-1","max-image-preview":"max-image-preview:large","max-video-preview":"max-video-preview:-1"},"canonical":"https:\/\/www.whw.hr\/%dogadjanja-slug%\/trajno-boraviste\/","og_locale":"en_US","og_type":"article","og_title":"Trajno boravi\u0161te","og_description":"Filmski program uz uvod kustosa Grega de Cuira Jr povodom izlo\u017ebe \u017delimira \u017dilnika\u00a0Gra\u0111ani iz sjene, u suradnji s Human Rights Film Festivalom. U nekim bogatijim zemljama dvije od najvrjednijih rije\u010di za one koji imaju najmanje su \u201etrajno\u201c i \u201eboravi\u0161te\u201c. Ukupni zbroj te politi\u010dke kategorizacije ne mora se uvijek odnositi na one \u201edruge\u201c nacionalnosti koji prelaze&hellip;","og_url":"https:\/\/www.whw.hr\/%dogadjanja-slug%\/trajno-boraviste\/","og_site_name":"whw","article_publisher":"https:\/\/www.facebook.com\/galerijanova","og_image":[{"width":800,"height":450,"url":"https:\/\/www.whw.hr\/wp-content\/uploads\/2022\/09\/R-15.jpg","type":"image\/jpeg"}],"twitter_card":"summary_large_image","twitter_misc":{"Est. reading time":"2 minutes"},"schema":{"@context":"https:\/\/schema.org","@graph":[{"@type":"WebPage","@id":"https:\/\/www.whw.hr\/%dogadjanja-slug%\/trajno-boraviste\/","url":"https:\/\/www.whw.hr\/%dogadjanja-slug%\/trajno-boraviste\/","name":"Trajno boravi\u0161te &ndash; whw","isPartOf":{"@id":"https:\/\/www.whw.hr\/#website"},"datePublished":"2022-09-25T14:47:31+00:00","dateModified":"2022-09-25T14:47:31+00:00","description":"Filmski program uz uvod kustosa Grega de Cuira Jr povodom izlo\u017ebe \u017delimira \u017dilnika\u00a0Gra\u0111ani iz sjene, u suradnji s Human Rights Film Festivalom. U nekim","breadcrumb":{"@id":"https:\/\/www.whw.hr\/%dogadjanja-slug%\/trajno-boraviste\/#breadcrumb"},"inLanguage":"en-US","potentialAction":[{"@type":"ReadAction","target":["https:\/\/www.whw.hr\/%dogadjanja-slug%\/trajno-boraviste\/"]}]},{"@type":"BreadcrumbList","@id":"https:\/\/www.whw.hr\/%dogadjanja-slug%\/trajno-boraviste\/#breadcrumb","itemListElement":[{"@type":"ListItem","position":1,"name":"Po\u010detna stranica","item":"https:\/\/www.whw.hr\/"},{"@type":"ListItem","position":2,"name":"Trajno boravi\u0161te"}]},{"@type":"WebSite","@id":"https:\/\/www.whw.hr\/#website","url":"https:\/\/www.whw.hr\/","name":"whw \/ what, how & for whom","description":"what, how & for whom","publisher":{"@id":"https:\/\/www.whw.hr\/#organization"},"alternateName":"whw","potentialAction":[{"@type":"SearchAction","target":{"@type":"EntryPoint","urlTemplate":"https:\/\/www.whw.hr\/?s={search_term_string}"},"query-input":"required name=search_term_string"}],"inLanguage":"en-US"},{"@type":"Organization","@id":"https:\/\/www.whw.hr\/#organization","name":"whw \/ what, how & for whom","alternateName":"whw","url":"https:\/\/www.whw.hr\/","logo":{"@type":"ImageObject","inLanguage":"en-US","@id":"https:\/\/www.whw.hr\/#\/schema\/logo\/image\/","url":"https:\/\/www.whw.hr\/wp-content\/uploads\/2022\/12\/jmm-68-1-2.jpg","contentUrl":"https:\/\/www.whw.hr\/wp-content\/uploads\/2022\/12\/jmm-68-1-2.jpg","width":2000,"height":1333,"caption":"whw \/ what, how & for whom"},"image":{"@id":"https:\/\/www.whw.hr\/#\/schema\/logo\/image\/"},"sameAs":["https:\/\/www.instagram.com\/whw_what.how.for.whom\/","https:\/\/www.youtube.com\/channel\/UCYplGnLkNqPXZSBaJgv4mZw","https:\/\/www.facebook.com\/galerijanova"]}]}},"_links":{"self":[{"href":"https:\/\/www.whw.hr\/wp-json\/wp\/v2\/dogadjanja\/1330","targetHints":{"allow":["GET"]}}],"collection":[{"href":"https:\/\/www.whw.hr\/wp-json\/wp\/v2\/dogadjanja"}],"about":[{"href":"https:\/\/www.whw.hr\/wp-json\/wp\/v2\/types\/dogadjanja"}],"author":[{"embeddable":true,"href":"https:\/\/www.whw.hr\/wp-json\/wp\/v2\/users\/2"}],"version-history":[{"count":1,"href":"https:\/\/www.whw.hr\/wp-json\/wp\/v2\/dogadjanja\/1330\/revisions"}],"predecessor-version":[{"id":1332,"href":"https:\/\/www.whw.hr\/wp-json\/wp\/v2\/dogadjanja\/1330\/revisions\/1332"}],"wp:featuredmedia":[{"embeddable":true,"href":"https:\/\/www.whw.hr\/wp-json\/wp\/v2\/media\/1331"}],"wp:attachment":[{"href":"https:\/\/www.whw.hr\/wp-json\/wp\/v2\/media?parent=1330"}],"wp:term":[{"taxonomy":"category","embeddable":true,"href":"https:\/\/www.whw.hr\/wp-json\/wp\/v2\/categories?post=1330"},{"taxonomy":"post_tag","embeddable":true,"href":"https:\/\/www.whw.hr\/wp-json\/wp\/v2\/tags?post=1330"}],"curies":[{"name":"wp","href":"https:\/\/api.w.org\/{rel}","templated":true}]}}